{"id":147,"date":"2026-07-19T19:52:01","date_gmt":"2026-07-19T17:52:01","guid":{"rendered":"https:\/\/danube-peace.eu\/?page_id=147"},"modified":"2026-07-23T01:18:19","modified_gmt":"2026-07-22T23:18:19","slug":"events-trainings","status":"publish","type":"page","link":"https:\/\/danube-peace.eu\/hr\/treninzi-za-dogadaje\/","title":{"rendered":"Doga\u0111aji i treninzi"},"content":{"rendered":"<div data-elementor-type=\"wp-page\" data-elementor-id=\"147\" class=\"elementor elementor-147\" data-elementor-settings=\"{&quot;element_pack_global_tooltip_width&quot;:{&quot;unit&quot;:&quot;px&quot;,&quot;size&quot;:&quot;&quot;,&quot;sizes&quot;:[]},&quot;element_pack_global_tooltip_width_tablet&quot;:{&quot;unit&quot;:&quot;px&quot;,&quot;size&quot;:&quot;&quot;,&quot;sizes&quot;:[]},&quot;element_pack_global_tooltip_width_mobile&quot;:{&quot;unit&quot;:&quot;px&quot;,&quot;size&quot;:&quot;&quot;,&quot;sizes&quot;:[]},&quot;element_pack_global_tooltip_padding&quot;:{&quot;unit&quot;:&quot;px&quot;,&quot;top&quot;:&quot;&quot;,&quot;right&quot;:&quot;&quot;,&quot;bottom&quot;:&quot;&quot;,&quot;left&quot;:&quot;&quot;,&quot;isLinked&quot;:true},&quot;element_pack_global_tooltip_padding_tablet&quot;:{&quot;unit&quot;:&quot;px&quot;,&quot;top&quot;:&quot;&quot;,&quot;right&quot;:&quot;&quot;,&quot;bottom&quot;:&quot;&quot;,&quot;left&quot;:&quot;&quot;,&quot;isLinked&quot;:true},&quot;element_pack_global_tooltip_padding_mobile&quot;:{&quot;unit&quot;:&quot;px&quot;,&quot;top&quot;:&quot;&quot;,&quot;right&quot;:&quot;&quot;,&quot;bottom&quot;:&quot;&quot;,&quot;left&quot;:&quot;&quot;,&quot;isLinked&quot;:true},&quot;element_pack_global_tooltip_border_radius&quot;:{&quot;unit&quot;:&quot;px&quot;,&quot;top&quot;:&quot;&quot;,&quot;right&quot;:&quot;&quot;,&quot;bottom&quot;:&quot;&quot;,&quot;left&quot;:&quot;&quot;,&quot;isLinked&quot;:true},&quot;element_pack_global_tooltip_border_radius_tablet&quot;:{&quot;unit&quot;:&quot;px&quot;,&quot;top&quot;:&quot;&quot;,&quot;right&quot;:&quot;&quot;,&quot;bottom&quot;:&quot;&quot;,&quot;left&quot;:&quot;&quot;,&quot;isLinked&quot;:true},&quot;element_pack_global_tooltip_border_radius_mobile&quot;:{&quot;unit&quot;:&quot;px&quot;,&quot;top&quot;:&quot;&quot;,&quot;right&quot;:&quot;&quot;,&quot;bottom&quot;:&quot;&quot;,&quot;left&quot;:&quot;&quot;,&quot;isLinked&quot;:true}}\" data-elementor-post-type=\"page\">\n\t\t\t\t<div class=\"elementor-element elementor-element-2a0a57a0 e-flex e-con-boxed e-con e-parent\" data-id=\"2a0a57a0\" data-element_type=\"container\" data-e-type=\"container\" data-settings=\"{&quot;background_background&quot;:&quot;video&quot;,&quot;background_video_link&quot;:&quot;https:\\\/\\\/danube-peace.eu\\\/wp-content\\\/uploads\\\/2026\\\/07\\\/Danube_River.webm&quot;,&quot;background_play_on_mobile&quot;:&quot;yes&quot;}\">\n\t\t\t\t\t<div class=\"e-con-inner\">\n\t\t<div class=\"elementor-background-video-container\">\n\t\t\t\t\t\t\t<video class=\"elementor-background-video-hosted\" role=\"presentation\" autoplay muted playsinline loop><\/video>\n\t\t\t\t\t<\/div>\t\t\t<\/div>\n\t\t\t\t<\/div>\n\t\t<div class=\"elementor-element elementor-element-99a2396 e-flex e-con-boxed e-con e-parent\" data-id=\"99a2396\" data-element_type=\"container\" data-e-type=\"container\" data-settings=\"{&quot;background_background&quot;:&quot;classic&quot;}\">\n\t\t\t\t\t<div class=\"e-con-inner\">\n\t\t\t\t<div class=\"elementor-element elementor-element-19cd31d8 elementor-widget__width-initial elementor-invisible elementor-widget elementor-widget-heading\" data-id=\"19cd31d8\" data-element_type=\"widget\" data-e-type=\"widget\" data-settings=\"{&quot;_animation&quot;:&quot;slideInUp&quot;}\" data-widget_type=\"heading.default\">\n\t\t\t\t\t<h2 class=\"elementor-heading-title elementor-size-default\">Doga\u0111aji i treninzi<\/h2>\t\t\t\t<\/div>\n\t\t\t\t<div class=\"elementor-element elementor-element-1d53fb91 elementor-widget__width-initial elementor-invisible elementor-widget elementor-widget-text-editor\" data-id=\"1d53fb91\" data-element_type=\"widget\" data-e-type=\"widget\" data-settings=\"{&quot;_animation&quot;:&quot;slideInUp&quot;}\" data-widget_type=\"text-editor.default\">\n\t\t\t\t\t\t\t\t\tPratite obuke, konferencije, premijere videa i druge aktivnosti organizirane u okviru projekta DANUBE PEACE. Istra\u017eite izvje\u0161\u0107a s doga\u0111aja, fotografije, snimke i klju\u010dne zaklju\u010dke s aktivnosti u partnerskim zemljama.\t\t\t\t\t\t\t\t<\/div>\n\t\t\t\t\t<\/div>\n\t\t\t\t<\/div>\n\t\t<div class=\"elementor-element elementor-element-9180a02 e-flex e-con-boxed e-con e-parent\" data-id=\"9180a02\" data-element_type=\"container\" data-e-type=\"container\">\n\t\t\t\t\t<div class=\"e-con-inner\">\n\t\t\t\t<div class=\"elementor-element elementor-element-8a7e0fb elementor-widget elementor-widget-ucaddon_ue_calendar\" data-id=\"8a7e0fb\" data-element_type=\"widget\" data-e-type=\"widget\" data-widget_type=\"ucaddon_ue_calendar.default\">\n\t\t\t\t<div class=\"elementor-widget-container\">\n\t\t\t\t\t\n<!-- start Calendar -->\n<style>\/* widget: Calendar *\/\n\n#uc_ue_calendar_elementor_8a7e0fb{\n  min-height: 1px;\n}\n\n#uc_ue_calendar_elementor_8a7e0fb .fc-scroller-liquid-absolute{\n  inset: unset;\n}\n\n\n#uc_ue_calendar_elementor_8a7e0fb .fc > div:not(.fc-header-toolbar){\n  overflow: hidden;\n}\n\n\/* override default styles *\/\n#uc_ue_calendar_elementor_8a7e0fb .fc-event{\n  cursor: pointer;\n  transition: all .3s ease-out;\n}\n\n#uc_ue_calendar_elementor_8a7e0fb table:not(.fc-col-header){\n  margin-bottom: 0;\n}\n\/* end override default styles *\/\n\n<\/style>\n\n<div id=\"uc_ue_calendar_elementor_8a7e0fb\" class=\"ue-calendar\"   aria-label=\"Widget Kalendara doga\u0111aja\">\n  <div class=\"ue-calendar-fc\"><\/div>\n  <div class=\"uc-items-wrapper\"><div class=\"ue-calendar-item\" \n     data-title=\"Event&#x20;Placeholder&#x20;title\"\n     data-start=\"2026-07-22\"\n     data-end=\"2026-07-22\"\n     data-bg=\"\"\n     data-color=\"\"\n     data-border-color=\"\"\n     data-overlap=\"true\"\n     data-link=\"https:\/\/danube-peace.eu\/hr\/event\/event-placeholder-title-2\/\"\n               >\n<\/div>\n<div class=\"ue-calendar-item\" \n     data-title=\"Event&#x20;placeholder&#x20;title\"\n     data-start=\"2026-07-30\"\n     data-end=\"2026-07-30\"\n     data-bg=\"\"\n     data-color=\"\"\n     data-border-color=\"\"\n     data-overlap=\"true\"\n     data-link=\"https:\/\/danube-peace.eu\/hr\/event\/event-placeholder-title\/\"\n               >\n<\/div>\n<\/div>\n<\/div>\n<!-- end Calendar -->\t\t\t\t<\/div>\n\t\t\t\t<\/div>\n\t\t\t\t\t<\/div>\n\t\t\t\t<\/div>\n\t\t\t\t<\/div>","protected":false},"excerpt":{"rendered":"<p>Pratite obuke, konferencije, premijere videa i druge aktivnosti organizirane u okviru projekta DANUBE PEACE. Istra\u017eite izvje\u0161\u0107a s doga\u0111aja, fotografije, snimke i klju\u010dne zaklju\u010dke s aktivnosti u partnerskim zemljama.<\/p>","protected":false},"author":1,"featured_media":0,"parent":0,"menu_order":0,"comment_status":"closed","ping_status":"closed","template":"elementor_header_footer","meta":{"_acf_changed":false,"footnotes":""},"class_list":["post-147","page","type-page","status-publish","hentry","entry"],"acf":[],"_links":{"self":[{"href":"https:\/\/danube-peace.eu\/hr\/wp-json\/wp\/v2\/pages\/147","targetHints":{"allow":["GET"]}}],"collection":[{"href":"https:\/\/danube-peace.eu\/hr\/wp-json\/wp\/v2\/pages"}],"about":[{"href":"https:\/\/danube-peace.eu\/hr\/wp-json\/wp\/v2\/types\/page"}],"author":[{"embeddable":true,"href":"https:\/\/danube-peace.eu\/hr\/wp-json\/wp\/v2\/users\/1"}],"replies":[{"embeddable":true,"href":"https:\/\/danube-peace.eu\/hr\/wp-json\/wp\/v2\/comments?post=147"}],"version-history":[{"count":26,"href":"https:\/\/danube-peace.eu\/hr\/wp-json\/wp\/v2\/pages\/147\/revisions"}],"predecessor-version":[{"id":521,"href":"https:\/\/danube-peace.eu\/hr\/wp-json\/wp\/v2\/pages\/147\/revisions\/521"}],"wp:attachment":[{"href":"https:\/\/danube-peace.eu\/hr\/wp-json\/wp\/v2\/media?parent=147"}],"curies":[{"name":"wp","href":"https:\/\/api.w.org\/{rel}","templated":true}]}}