{"id":2,"date":"2026-07-18T09:18:57","date_gmt":"2026-07-18T09:18:57","guid":{"rendered":"https:\/\/danube-peace.eu\/?page_id=2"},"modified":"2026-08-31T16:44:13","modified_gmt":"2026-08-31T14:44:13","slug":"home","status":"publish","type":"page","link":"https:\/\/danube-peace.eu\/cz\/","title":{"rendered":"Domov"},"content":{"rendered":"\t\t<div data-elementor-type=\"wp-page\" data-elementor-id=\"2\" class=\"elementor elementor-2\" data-elementor-settings=\"{&quot;element_pack_global_tooltip_width&quot;:{&quot;unit&quot;:&quot;px&quot;,&quot;size&quot;:&quot;&quot;,&quot;sizes&quot;:[]},&quot;element_pack_global_tooltip_width_tablet&quot;:{&quot;unit&quot;:&quot;px&quot;,&quot;size&quot;:&quot;&quot;,&quot;sizes&quot;:[]},&quot;element_pack_global_tooltip_width_mobile&quot;:{&quot;unit&quot;:&quot;px&quot;,&quot;size&quot;:&quot;&quot;,&quot;sizes&quot;:[]},&quot;element_pack_global_tooltip_padding&quot;:{&quot;unit&quot;:&quot;px&quot;,&quot;top&quot;:&quot;&quot;,&quot;right&quot;:&quot;&quot;,&quot;bottom&quot;:&quot;&quot;,&quot;left&quot;:&quot;&quot;,&quot;isLinked&quot;:true},&quot;element_pack_global_tooltip_padding_tablet&quot;:{&quot;unit&quot;:&quot;px&quot;,&quot;top&quot;:&quot;&quot;,&quot;right&quot;:&quot;&quot;,&quot;bottom&quot;:&quot;&quot;,&quot;left&quot;:&quot;&quot;,&quot;isLinked&quot;:true},&quot;element_pack_global_tooltip_padding_mobile&quot;:{&quot;unit&quot;:&quot;px&quot;,&quot;top&quot;:&quot;&quot;,&quot;right&quot;:&quot;&quot;,&quot;bottom&quot;:&quot;&quot;,&quot;left&quot;:&quot;&quot;,&quot;isLinked&quot;:true},&quot;element_pack_global_tooltip_border_radius&quot;:{&quot;unit&quot;:&quot;px&quot;,&quot;top&quot;:&quot;&quot;,&quot;right&quot;:&quot;&quot;,&quot;bottom&quot;:&quot;&quot;,&quot;left&quot;:&quot;&quot;,&quot;isLinked&quot;:true},&quot;element_pack_global_tooltip_border_radius_tablet&quot;:{&quot;unit&quot;:&quot;px&quot;,&quot;top&quot;:&quot;&quot;,&quot;right&quot;:&quot;&quot;,&quot;bottom&quot;:&quot;&quot;,&quot;left&quot;:&quot;&quot;,&quot;isLinked&quot;:true},&quot;element_pack_global_tooltip_border_radius_mobile&quot;:{&quot;unit&quot;:&quot;px&quot;,&quot;top&quot;:&quot;&quot;,&quot;right&quot;:&quot;&quot;,&quot;bottom&quot;:&quot;&quot;,&quot;left&quot;:&quot;&quot;,&quot;isLinked&quot;:true}}\" data-elementor-post-type=\"page\">\n\t\t\t\t<div class=\"elementor-element elementor-element-b41dd1a e-flex e-con-boxed e-con e-parent\" data-id=\"b41dd1a\" data-element_type=\"container\" data-e-type=\"container\" data-settings=\"{&quot;background_background&quot;:&quot;video&quot;,&quot;background_video_link&quot;:&quot;https:\\\/\\\/danube-peace.eu\\\/wp-content\\\/uploads\\\/2026\\\/07\\\/Danube_River.webm&quot;,&quot;background_play_on_mobile&quot;:&quot;yes&quot;}\">\n\t\t\t\t\t<div class=\"e-con-inner\">\n\t\t<div class=\"elementor-background-video-container\">\n\t\t\t\t\t\t\t<video class=\"elementor-background-video-hosted\" role=\"presentation\" autoplay muted playsinline loop><\/video>\n\t\t\t\t\t<\/div>\t\t\t<\/div>\n\t\t\t\t<\/div>\n\t\t<div class=\"elementor-element elementor-element-ee11032 e-flex e-con-boxed e-con e-parent\" data-id=\"ee11032\" data-element_type=\"container\" data-e-type=\"container\" data-settings=\"{&quot;background_background&quot;:&quot;classic&quot;}\">\n\t\t\t\t\t<div class=\"e-con-inner\">\n\t\t\t\t<div class=\"elementor-element elementor-element-332ce82 elementor-widget__width-initial elementor-invisible elementor-widget elementor-widget-heading\" data-id=\"332ce82\" data-element_type=\"widget\" data-e-type=\"widget\" data-settings=\"{&quot;_animation&quot;:&quot;slideInUp&quot;}\" data-widget_type=\"heading.default\">\n\t\t\t\t\t<h2 class=\"elementor-heading-title elementor-size-default\">Connecting people, cultures and generations across the Danube region.<\/h2>\t\t\t\t<\/div>\n\t\t\t\t<div class=\"elementor-element elementor-element-48f012c elementor-widget__width-initial elementor-invisible elementor-widget elementor-widget-text-editor\" data-id=\"48f012c\" data-element_type=\"widget\" data-e-type=\"widget\" data-settings=\"{&quot;_animation&quot;:&quot;slideInUp&quot;}\" data-widget_type=\"text-editor.default\">\n\t\t\t\t\t\t\t\t\t<p>DANUBE PEACE strengthens adult educators, cultural actors and communities through inclusive and intergenerational peace education rooted in the shared heritage of the Danube region and common European values.<\/p>\t\t\t\t\t\t\t\t<\/div>\n\t\t<div class=\"elementor-element elementor-element-20073ea e-con-full e-flex elementor-invisible e-con e-child\" data-id=\"20073ea\" data-element_type=\"container\" data-e-type=\"container\" data-settings=\"{&quot;animation&quot;:&quot;slideInUp&quot;}\">\n\t\t\t\t<div class=\"elementor-element elementor-element-5a934fa elementor-mobile-align-justify elementor-widget-mobile__width-inherit elementor-widget elementor-widget-button\" data-id=\"5a934fa\" data-element_type=\"widget\" data-e-type=\"widget\" data-widget_type=\"button.default\">\n\t\t\t\t\t\t\t\t\t\t<a class=\"elementor-button elementor-button-link elementor-size-sm\" href=\"https:\/\/danube-peace.eu\/about-the-project\/\">\n\t\t\t\t\t\t<span class=\"elementor-button-content-wrapper\">\n\t\t\t\t\t\t\t\t\t<span class=\"elementor-button-text\">About the Project<\/span>\n\t\t\t\t\t<\/span>\n\t\t\t\t\t<\/a>\n\t\t\t\t\t\t\t\t<\/div>\n\t\t\t\t<div class=\"elementor-element elementor-element-5976ecc elementor-mobile-align-justify elementor-widget elementor-widget-button\" data-id=\"5976ecc\" data-element_type=\"widget\" data-e-type=\"widget\" data-widget_type=\"button.default\">\n\t\t\t\t\t\t\t\t\t\t<a class=\"elementor-button elementor-button-link elementor-size-sm\" href=\"https:\/\/danube-peace.eu\/events-trainings\/\">\n\t\t\t\t\t\t<span class=\"elementor-button-content-wrapper\">\n\t\t\t\t\t\t\t\t\t<span class=\"elementor-button-text\">Check out Events<\/span>\n\t\t\t\t\t<\/span>\n\t\t\t\t\t<\/a>\n\t\t\t\t\t\t\t\t<\/div>\n\t\t\t\t<\/div>\n\t\t\t\t\t<\/div>\n\t\t\t\t<\/div>\n\t\t<div class=\"elementor-element elementor-element-31416c0 e-flex e-con-boxed e-con e-parent\" data-id=\"31416c0\" data-element_type=\"container\" data-e-type=\"container\" data-settings=\"{&quot;background_background&quot;:&quot;classic&quot;}\">\n\t\t\t\t\t<div class=\"e-con-inner\">\n\t\t<div class=\"elementor-element elementor-element-628d2b3 e-con-full e-flex e-con e-child\" data-id=\"628d2b3\" data-element_type=\"container\" data-e-type=\"container\" data-settings=\"{&quot;background_background&quot;:&quot;classic&quot;}\">\n\t\t<div class=\"elementor-element elementor-element-ff4027c e-con-full e-flex elementor-invisible e-con e-child\" data-id=\"ff4027c\" data-element_type=\"container\" data-e-type=\"container\" data-settings=\"{&quot;animation&quot;:&quot;slideInLeft&quot;}\">\n\t\t\t\t<div class=\"elementor-element elementor-element-d21e541 elementor-widget__width-initial elementor-widget elementor-widget-heading\" data-id=\"d21e541\" data-element_type=\"widget\" data-e-type=\"widget\" data-widget_type=\"heading.default\">\n\t\t\t\t\t<h2 class=\"elementor-heading-title elementor-size-default\">News &amp; Educational Articles<\/h2>\t\t\t\t<\/div>\n\t\t\t\t<\/div>\n\t\t<div class=\"elementor-element elementor-element-2056991 e-con-full e-flex elementor-invisible e-con e-child\" data-id=\"2056991\" data-element_type=\"container\" data-e-type=\"container\" data-settings=\"{&quot;animation&quot;:&quot;slideInRight&quot;}\">\n\t\t\t\t<div class=\"elementor-element elementor-element-cf11e2b elementor-align-right elementor-mobile-align-justify elementor-widget elementor-widget-button\" data-id=\"cf11e2b\" data-element_type=\"widget\" data-e-type=\"widget\" data-widget_type=\"button.default\">\n\t\t\t\t\t\t\t\t\t\t<a class=\"elementor-button elementor-button-link elementor-size-sm\" href=\"https:\/\/danube-peace.eu\/news-educational-articles\/\">\n\t\t\t\t\t\t<span class=\"elementor-button-content-wrapper\">\n\t\t\t\t\t\t\t\t\t<span class=\"elementor-button-text\">Explore all articles<\/span>\n\t\t\t\t\t<\/span>\n\t\t\t\t\t<\/a>\n\t\t\t\t\t\t\t\t<\/div>\n\t\t\t\t<\/div>\n\t\t\t\t<\/div>\n\t\t<div class=\"elementor-element elementor-element-0b29985 e-con-full e-flex elementor-invisible e-con e-child\" data-id=\"0b29985\" data-element_type=\"container\" data-e-type=\"container\" data-settings=\"{&quot;animation&quot;:&quot;slideInUp&quot;}\">\n\t\t\t\t<div class=\"elementor-element elementor-element-78310c1 elementor-grid-tablet-2 elementor-grid-3 elementor-grid-mobile-1 elementor-widget elementor-widget-loop-grid\" data-id=\"78310c1\" data-element_type=\"widget\" data-e-type=\"widget\" data-settings=\"{&quot;template_id&quot;:&quot;57&quot;,&quot;columns_tablet&quot;:2,&quot;_skin&quot;:&quot;post&quot;,&quot;columns&quot;:&quot;3&quot;,&quot;columns_mobile&quot;:&quot;1&quot;,&quot;edit_handle_selector&quot;:&quot;[data-elementor-type=\\&quot;loop-item\\&quot;]&quot;,&quot;row_gap&quot;:{&quot;unit&quot;:&quot;px&quot;,&quot;size&quot;:&quot;&quot;,&quot;sizes&quot;:[]},&quot;row_gap_tablet&quot;:{&quot;unit&quot;:&quot;px&quot;,&quot;size&quot;:&quot;&quot;,&quot;sizes&quot;:[]},&quot;row_gap_mobile&quot;:{&quot;unit&quot;:&quot;px&quot;,&quot;size&quot;:&quot;&quot;,&quot;sizes&quot;:[]}}\" data-widget_type=\"loop-grid.post\">\n\t\t\t\t<div class=\"elementor-widget-container\">\n\t\t\t\t\t\t\t<div class=\"elementor-loop-container elementor-grid\" role=\"list\">\n\t\t<style id=\"loop-dynamic-57\">.e-loop-item-921 .elementor-element.elementor-element-64f060d:not(.elementor-motion-effects-element-type-background), .e-loop-item-921 .elementor-element.elementor-element-64f060d > .elementor-motion-effects-container > .elementor-motion-effects-layer{background-image:url(\"https:\/\/danube-peace.eu\/wp-content\/uploads\/2026\/08\/Huso-Razic.webp\");}<\/style><style id=\"loop-57\">.elementor-57 .elementor-element.elementor-element-64f060d{--display:flex;--min-height:400px;--flex-direction:column;--container-widget-width:100%;--container-widget-height:initial;--container-widget-flex-grow:0;--container-widget-align-self:initial;--flex-wrap-mobile:wrap;--justify-content:flex-end;--overlay-opacity:0.65;--padding-top:10px;--padding-bottom:30px;--padding-left:20px;--padding-right:20px;}.elementor-57 .elementor-element.elementor-element-64f060d:not(.elementor-motion-effects-element-type-background), .elementor-57 .elementor-element.elementor-element-64f060d > .elementor-motion-effects-container > .elementor-motion-effects-layer{background-position:center center;background-repeat:no-repeat;background-size:cover;}.elementor-57 .elementor-element.elementor-element-64f060d::before, .elementor-57 .elementor-element.elementor-element-64f060d > .elementor-background-video-container::before, .elementor-57 .elementor-element.elementor-element-64f060d > .e-con-inner > .elementor-background-video-container::before, .elementor-57 .elementor-element.elementor-element-64f060d > .elementor-background-slideshow::before, .elementor-57 .elementor-element.elementor-element-64f060d > .e-con-inner > .elementor-background-slideshow::before, .elementor-57 .elementor-element.elementor-element-64f060d > .elementor-motion-effects-container > .elementor-motion-effects-layer::before{--background-overlay:'';background-color:var( --e-global-color-primary );}.elementor-57 .elementor-element.elementor-element-64f060d:hover::before, .elementor-57 .elementor-element.elementor-element-64f060d:hover > .elementor-background-video-container::before, .elementor-57 .elementor-element.elementor-element-64f060d:hover > .e-con-inner > .elementor-background-video-container::before, .elementor-57 .elementor-element.elementor-element-64f060d > .elementor-background-slideshow:hover::before, .elementor-57 .elementor-element.elementor-element-64f060d > .e-con-inner > .elementor-background-slideshow:hover::before{--background-overlay:'';background-color:var( --e-global-color-primary );}.elementor-57 .elementor-element.elementor-element-64f060d:hover{--overlay-opacity:0.31;}.elementor-57 .elementor-element.elementor-element-64f060d, .elementor-57 .elementor-element.elementor-element-64f060d::before{--overlay-transition:0.8s;}.elementor-widget-theme-post-title .elementor-heading-title{font-family:var( --e-global-typography-primary-font-family ), Sans-serif;font-weight:var( --e-global-typography-primary-font-weight );color:var( --e-global-color-primary );}.elementor-57 .elementor-element.elementor-element-f34ece9 .elementor-heading-title{font-family:\"Lato\", Sans-serif;font-size:26px;font-weight:600;color:var( --e-global-color-252453f );}.elementor-57 .elementor-element.elementor-element-f34ece9{margin:0% 0% calc(var(--kit-widget-spacing, 0px) + -3%) 0%;}.elementor-widget-post-info .elementor-icon-list-item:not(:last-child):after{border-color:var( --e-global-color-text );}.elementor-widget-post-info .elementor-icon-list-icon i{color:var( --e-global-color-primary );}.elementor-widget-post-info .elementor-icon-list-icon svg{fill:var( --e-global-color-primary );}.elementor-widget-post-info .elementor-icon-list-text, .elementor-widget-post-info .elementor-icon-list-text a{color:var( --e-global-color-secondary );}.elementor-widget-post-info .elementor-icon-list-item{font-family:var( --e-global-typography-text-font-family ), Sans-serif;font-weight:var( --e-global-typography-text-font-weight );}.elementor-57 .elementor-element.elementor-element-db608e8 .elementor-icon-list-icon i{color:var( --e-global-color-252453f );font-size:14px;}.elementor-57 .elementor-element.elementor-element-db608e8 .elementor-icon-list-icon svg{fill:var( --e-global-color-252453f );--e-icon-list-icon-size:14px;}.elementor-57 .elementor-element.elementor-element-db608e8 .elementor-icon-list-icon{width:14px;}.elementor-57 .elementor-element.elementor-element-db608e8 .elementor-icon-list-text, .elementor-57 .elementor-element.elementor-element-db608e8 .elementor-icon-list-text a{color:var( --e-global-color-252453f );}.elementor-57 .elementor-element.elementor-element-db608e8 .elementor-icon-list-item{font-family:\"Montserrat\", Sans-serif;font-weight:300;}@media(max-width:1080px){.elementor-57 .elementor-element.elementor-element-64f060d{--padding-top:25px;--padding-bottom:25px;--padding-left:25px;--padding-right:25px;}}@media(max-width:767px){.elementor-57 .elementor-element.elementor-element-64f060d{--padding-top:20px;--padding-bottom:20px;--padding-left:20px;--padding-right:20px;}}\/* Start custom CSS for container, class: .elementor-element-64f060d *\/#postloop:hover {\n    cursor: pointer;\n}\/* End custom CSS *\/<\/style>\t\t<div data-elementor-type=\"loop-item\" data-elementor-id=\"57\" class=\"elementor elementor-57 e-loop-item e-loop-item-921 post-921 post type-post status-publish format-standard has-post-thumbnail hentry category-educational-articles entry\" data-elementor-post-type=\"elementor_library\" data-custom-edit-handle=\"1\">\n\t\t\t<a class=\"elementor-element elementor-element-64f060d e-flex e-con-boxed e-con e-parent\" data-id=\"64f060d\" data-element_type=\"container\" data-e-type=\"container\" id=\"postloop\" data-settings=\"{&quot;background_background&quot;:&quot;classic&quot;}\" href=\"https:\/\/danube-peace.eu\/cz\/mirova-vychova-v-praxi-rozhovor-s-husem-razicem-ze-stolace-bosna-a-hercegovina\/\">\n\t\t\t\t\t<div class=\"e-con-inner\">\n\t\t\t\t<div class=\"elementor-element elementor-element-f34ece9 elementor-widget elementor-widget-theme-post-title elementor-page-title elementor-widget-heading\" data-id=\"f34ece9\" data-element_type=\"widget\" data-e-type=\"widget\" data-widget_type=\"theme-post-title.default\">\n\t\t\t\t\t<h1 class=\"elementor-heading-title elementor-size-default\">Peace education in practice: a conversation with Huso Razi\u0107 from Stolac, Bosnia and Herzegovina<\/h1>\t\t\t\t<\/div>\n\t\t\t\t<div class=\"elementor-element elementor-element-db608e8 elementor-widget elementor-widget-post-info\" data-id=\"db608e8\" data-element_type=\"widget\" data-e-type=\"widget\" data-widget_type=\"post-info.default\">\n\t\t\t\t\t\t\t<ul class=\"elementor-inline-items elementor-icon-list-items elementor-post-info\">\n\t\t\t\t\t\t\t\t<li class=\"elementor-icon-list-item elementor-repeater-item-33142d9 elementor-inline-item\" itemprop=\"datePublished\">\n\t\t\t\t\t\t\t\t\t\t<span class=\"elementor-icon-list-icon\">\n\t\t\t\t\t\t\t\t<svg xmlns=\"http:\/\/www.w3.org\/2000\/svg\" id=\"Layer_1\" data-name=\"Layer 1\" viewBox=\"0 0 24 24\" width=\"512\" height=\"512\"><path d=\"M17.5,11.039c-3.584,0-6.5,2.916-6.5,6.5,0,3.563,2.916,6.461,6.5,6.461s6.5-2.916,6.5-6.5c0-3.563-2.916-6.461-6.5-6.461Zm0,11.961c-3.032,0-5.5-2.45-5.5-5.461,0-3.033,2.468-5.5,5.5-5.5s5.5,2.45,5.5,5.461c0,3.033-2.468,5.5-5.5,5.5Zm1.354-4.854c.195,.195,.195,.512,0,.707-.098,.098-.226,.146-.354,.146s-.256-.049-.354-.146l-1-1c-.094-.094-.146-.221-.146-.354v-2c0-.276,.224-.5,.5-.5s.5,.224,.5,.5v1.793l.854,.854Zm.646-16.146h-1.5V.5c0-.276-.224-.5-.5-.5s-.5,.224-.5,.5v1.5H7V.5c0-.276-.224-.5-.5-.5s-.5,.224-.5,.5v1.5h-1.5C2.019,2,0,4.019,0,6.5v13c0,2.481,2.019,4.5,4.5,4.5h6c.276,0,.5-.224,.5-.5s-.224-.5-.5-.5H4.5c-1.93,0-3.5-1.57-3.5-3.5V9H23v1.5c0,.276,.224,.5,.5,.5s.5-.224,.5-.5V6.5c0-2.481-2.019-4.5-4.5-4.5ZM1,8v-1.5c0-1.93,1.57-3.5,3.5-3.5h15c1.93,0,3.5,1.57,3.5,3.5v1.5H1Z\"><\/path><\/svg>\t\t\t\t\t\t\t<\/span>\n\t\t\t\t\t\t\t\t\t<span class=\"elementor-icon-list-text elementor-post-info__item elementor-post-info__item--type-date\">\n\t\t\t\t\t\t\t\t\t\t<time>31.08.2026<\/time>\t\t\t\t\t<\/span>\n\t\t\t\t\t\t\t\t<\/li>\n\t\t\t\t<\/ul>\n\t\t\t\t\t\t<\/div>\n\t\t\t\t\t<\/div>\n\t\t\t\t<\/a>\n\t\t\t\t<\/div>\n\t\t<style id=\"loop-dynamic-57\">.e-loop-item-902 .elementor-element.elementor-element-64f060d:not(.elementor-motion-effects-element-type-background), .e-loop-item-902 .elementor-element.elementor-element-64f060d > .elementor-motion-effects-container > .elementor-motion-effects-layer{background-image:url(\"https:\/\/danube-peace.eu\/wp-content\/uploads\/2026\/07\/Brusinka-meeting-1.webp\");}<\/style>\t\t<div data-elementor-type=\"loop-item\" data-elementor-id=\"57\" class=\"elementor elementor-57 e-loop-item e-loop-item-902 post-902 post type-post status-publish format-standard has-post-thumbnail hentry category-news entry\" data-elementor-post-type=\"elementor_library\" data-custom-edit-handle=\"1\">\n\t\t\t<a class=\"elementor-element elementor-element-64f060d e-flex e-con-boxed e-con e-parent\" data-id=\"64f060d\" data-element_type=\"container\" data-e-type=\"container\" id=\"postloop\" data-settings=\"{&quot;background_background&quot;:&quot;classic&quot;}\" href=\"https:\/\/danube-peace.eu\/cz\/setkani-partneru-wp4-v-brne-urcuje-smer-pro-kurikulum-miru-v-podunaji\/\">\n\t\t\t\t\t<div class=\"e-con-inner\">\n\t\t\t\t<div class=\"elementor-element elementor-element-f34ece9 elementor-widget elementor-widget-theme-post-title elementor-page-title elementor-widget-heading\" data-id=\"f34ece9\" data-element_type=\"widget\" data-e-type=\"widget\" data-widget_type=\"theme-post-title.default\">\n\t\t\t\t\t<h1 class=\"elementor-heading-title elementor-size-default\">WP4 Partner Meeting in Brno Sets the Course for the DANUBE PEACE Curriculum<\/h1>\t\t\t\t<\/div>\n\t\t\t\t<div class=\"elementor-element elementor-element-db608e8 elementor-widget elementor-widget-post-info\" data-id=\"db608e8\" data-element_type=\"widget\" data-e-type=\"widget\" data-widget_type=\"post-info.default\">\n\t\t\t\t\t\t\t<ul class=\"elementor-inline-items elementor-icon-list-items elementor-post-info\">\n\t\t\t\t\t\t\t\t<li class=\"elementor-icon-list-item elementor-repeater-item-33142d9 elementor-inline-item\" itemprop=\"datePublished\">\n\t\t\t\t\t\t\t\t\t\t<span class=\"elementor-icon-list-icon\">\n\t\t\t\t\t\t\t\t<svg xmlns=\"http:\/\/www.w3.org\/2000\/svg\" id=\"Layer_1\" data-name=\"Layer 1\" viewBox=\"0 0 24 24\" width=\"512\" height=\"512\"><path d=\"M17.5,11.039c-3.584,0-6.5,2.916-6.5,6.5,0,3.563,2.916,6.461,6.5,6.461s6.5-2.916,6.5-6.5c0-3.563-2.916-6.461-6.5-6.461Zm0,11.961c-3.032,0-5.5-2.45-5.5-5.461,0-3.033,2.468-5.5,5.5-5.5s5.5,2.45,5.5,5.461c0,3.033-2.468,5.5-5.5,5.5Zm1.354-4.854c.195,.195,.195,.512,0,.707-.098,.098-.226,.146-.354,.146s-.256-.049-.354-.146l-1-1c-.094-.094-.146-.221-.146-.354v-2c0-.276,.224-.5,.5-.5s.5,.224,.5,.5v1.793l.854,.854Zm.646-16.146h-1.5V.5c0-.276-.224-.5-.5-.5s-.5,.224-.5,.5v1.5H7V.5c0-.276-.224-.5-.5-.5s-.5,.224-.5,.5v1.5h-1.5C2.019,2,0,4.019,0,6.5v13c0,2.481,2.019,4.5,4.5,4.5h6c.276,0,.5-.224,.5-.5s-.224-.5-.5-.5H4.5c-1.93,0-3.5-1.57-3.5-3.5V9H23v1.5c0,.276,.224,.5,.5,.5s.5-.224,.5-.5V6.5c0-2.481-2.019-4.5-4.5-4.5ZM1,8v-1.5c0-1.93,1.57-3.5,3.5-3.5h15c1.93,0,3.5,1.57,3.5,3.5v1.5H1Z\"><\/path><\/svg>\t\t\t\t\t\t\t<\/span>\n\t\t\t\t\t\t\t\t\t<span class=\"elementor-icon-list-text elementor-post-info__item elementor-post-info__item--type-date\">\n\t\t\t\t\t\t\t\t\t\t<time>24.07.2026<\/time>\t\t\t\t\t<\/span>\n\t\t\t\t\t\t\t\t<\/li>\n\t\t\t\t<\/ul>\n\t\t\t\t\t\t<\/div>\n\t\t\t\t\t<\/div>\n\t\t\t\t<\/a>\n\t\t\t\t<\/div>\n\t\t<style id=\"loop-dynamic-57\">.e-loop-item-378 .elementor-element.elementor-element-64f060d:not(.elementor-motion-effects-element-type-background), .e-loop-item-378 .elementor-element.elementor-element-64f060d > .elementor-motion-effects-container > .elementor-motion-effects-layer{background-image:url(\"https:\/\/danube-peace.eu\/wp-content\/uploads\/2026\/07\/From-research-to-action-DANUBE-PEACE-moves-forward-.webp\");}<\/style>\t\t<div data-elementor-type=\"loop-item\" data-elementor-id=\"57\" class=\"elementor elementor-57 e-loop-item e-loop-item-378 post-378 post type-post status-publish format-standard has-post-thumbnail hentry category-educational-articles category-news entry\" data-elementor-post-type=\"elementor_library\" data-custom-edit-handle=\"1\">\n\t\t\t<a class=\"elementor-element elementor-element-64f060d e-flex e-con-boxed e-con e-parent\" data-id=\"64f060d\" data-element_type=\"container\" data-e-type=\"container\" id=\"postloop\" data-settings=\"{&quot;background_background&quot;:&quot;classic&quot;}\" href=\"https:\/\/danube-peace.eu\/cz\/od-vyzkumu-k-akci-mir-na-dunaji-se-posouva-vpred\/\">\n\t\t\t\t\t<div class=\"e-con-inner\">\n\t\t\t\t<div class=\"elementor-element elementor-element-f34ece9 elementor-widget elementor-widget-theme-post-title elementor-page-title elementor-widget-heading\" data-id=\"f34ece9\" data-element_type=\"widget\" data-e-type=\"widget\" data-widget_type=\"theme-post-title.default\">\n\t\t\t\t\t<h1 class=\"elementor-heading-title elementor-size-default\">From research to action: DANUBE PEACE moves forward<\/h1>\t\t\t\t<\/div>\n\t\t\t\t<div class=\"elementor-element elementor-element-db608e8 elementor-widget elementor-widget-post-info\" data-id=\"db608e8\" data-element_type=\"widget\" data-e-type=\"widget\" data-widget_type=\"post-info.default\">\n\t\t\t\t\t\t\t<ul class=\"elementor-inline-items elementor-icon-list-items elementor-post-info\">\n\t\t\t\t\t\t\t\t<li class=\"elementor-icon-list-item elementor-repeater-item-33142d9 elementor-inline-item\" itemprop=\"datePublished\">\n\t\t\t\t\t\t\t\t\t\t<span class=\"elementor-icon-list-icon\">\n\t\t\t\t\t\t\t\t<svg xmlns=\"http:\/\/www.w3.org\/2000\/svg\" id=\"Layer_1\" data-name=\"Layer 1\" viewBox=\"0 0 24 24\" width=\"512\" height=\"512\"><path d=\"M17.5,11.039c-3.584,0-6.5,2.916-6.5,6.5,0,3.563,2.916,6.461,6.5,6.461s6.5-2.916,6.5-6.5c0-3.563-2.916-6.461-6.5-6.461Zm0,11.961c-3.032,0-5.5-2.45-5.5-5.461,0-3.033,2.468-5.5,5.5-5.5s5.5,2.45,5.5,5.461c0,3.033-2.468,5.5-5.5,5.5Zm1.354-4.854c.195,.195,.195,.512,0,.707-.098,.098-.226,.146-.354,.146s-.256-.049-.354-.146l-1-1c-.094-.094-.146-.221-.146-.354v-2c0-.276,.224-.5,.5-.5s.5,.224,.5,.5v1.793l.854,.854Zm.646-16.146h-1.5V.5c0-.276-.224-.5-.5-.5s-.5,.224-.5,.5v1.5H7V.5c0-.276-.224-.5-.5-.5s-.5,.224-.5,.5v1.5h-1.5C2.019,2,0,4.019,0,6.5v13c0,2.481,2.019,4.5,4.5,4.5h6c.276,0,.5-.224,.5-.5s-.224-.5-.5-.5H4.5c-1.93,0-3.5-1.57-3.5-3.5V9H23v1.5c0,.276,.224,.5,.5,.5s.5-.224,.5-.5V6.5c0-2.481-2.019-4.5-4.5-4.5ZM1,8v-1.5c0-1.93,1.57-3.5,3.5-3.5h15c1.93,0,3.5,1.57,3.5,3.5v1.5H1Z\"><\/path><\/svg>\t\t\t\t\t\t\t<\/span>\n\t\t\t\t\t\t\t\t\t<span class=\"elementor-icon-list-text elementor-post-info__item elementor-post-info__item--type-date\">\n\t\t\t\t\t\t\t\t\t\t<time>14.05.2026<\/time>\t\t\t\t\t<\/span>\n\t\t\t\t\t\t\t\t<\/li>\n\t\t\t\t<\/ul>\n\t\t\t\t\t\t<\/div>\n\t\t\t\t\t<\/div>\n\t\t\t\t<\/a>\n\t\t\t\t<\/div>\n\t\t\t\t<\/div>\n\t\t\n\t\t\t\t\t\t<\/div>\n\t\t\t\t<\/div>\n\t\t\t\t<\/div>\n\t\t\t\t\t<\/div>\n\t\t\t\t<\/div>\n\t\t<div class=\"elementor-element elementor-element-8879638 e-con-full e-flex elementor-invisible e-con e-parent\" data-id=\"8879638\" data-element_type=\"container\" data-e-type=\"container\" data-settings=\"{&quot;animation&quot;:&quot;slideInUp&quot;}\">\n\t\t\t\t<div class=\"elementor-element elementor-element-a2917ae elementor-widget elementor-widget-global elementor-global-319 elementor-widget-ucaddon_ue_google_maps\" data-id=\"a2917ae\" data-element_type=\"widget\" data-e-type=\"widget\" data-widget_type=\"ucaddon_ue_google_maps.default\">\n\t\t\t\t<div class=\"elementor-widget-container\">\n\t\t\t\t\t\n<!-- start Unlimited Google Maps -->\n\t\t<link id='font-awesome-css' href='https:\/\/danube-peace.eu\/wp-content\/plugins\/unlimited-elements-for-elementor-premium\/assets_libraries\/font-awesome6\/fontawesome-all.min.css' type='text\/css' rel='stylesheet' >\n\t\t<link id='font-awesome-4-shim-css' href='https:\/\/danube-peace.eu\/wp-content\/plugins\/unlimited-elements-for-elementor-premium\/assets_libraries\/font-awesome6\/fontawesome-v4-shims.min.css' type='text\/css' rel='stylesheet' >\n\n<style>\/* widget: Unlimited Google Maps *\/\n\n#uc_ue_google_maps_elementor_a2917ae .ue-google-map__wrapper .gm-svpc>div>img {\n  max-width: unset;\n}\n\n#uc_ue_google_maps_elementor_a2917ae .ue-google-map_navigator-toggle{\n  display:none;\n}\n\n#uc_ue_google_maps_elementor_a2917ae .ue-google-map_navigator-toggle-icon{\n  align-items: center;\n  justify-content: center;\n}\n\n.ue-google-map .gm-style img{\n  border-radius: 0;\n}\n\n#uc_ue_google_maps_elementor_a2917ae .ue-google-map_navigator-toggle .ue-google-map_navigator-toggle-icon--open{\n  display: flex;\n}\n\n#uc_ue_google_maps_elementor_a2917ae .ue-google-map_navigator-toggle .ue-google-map_navigator-toggle-icon--close{\n  display: none;\n}\n\n#uc_ue_google_maps_elementor_a2917ae .ue-google-map_navigator-toggle.uc_active .ue-google-map_navigator-toggle-icon--close{\n  display: flex;\n}\n\n#uc_ue_google_maps_elementor_a2917ae .ue-google-map_navigator-toggle.uc_active .ue-google-map_navigator-toggle-icon--open{\n  display: none;\n}\n\n#uc_ue_google_maps_elementor_a2917ae {\n  display: flex;\n  flex-direction: column;\n  position: relative;\n  height: 100%;\n}\n\n#uc_ue_google_maps_elementor_a2917ae .ue-google-map__info-window{\n  display: flex;\n  flex-direction: column;\n}\n\n\n#uc_ue_google_maps_elementor_a2917ae .ue-google-map_container {\n  display: flex;\n  flex-wrap: wrap;  \n}\n\n#uc_ue_google_maps_elementor_a2917ae .ue-google-map_places-wrapper {\n  max-height: 100%;\n  overflow: hidden;\n  display:flex;\n  flex-direction:column;\n}\n\n#uc_ue_google_maps_elementor_a2917ae .ue-google-map_search-wrapper {\n\twidth: 100%;\n    position: relative;  \n}\n\n#uc_ue_google_maps_elementor_a2917ae .ue-google-map_search-input-wrapper {\n\tposition: relative;\n}\n\n#uc_ue_google_maps_elementor_a2917ae .ue-google-map_search-icon {\n\tposition: absolute;\n    top: 50%;\n    right: 10px;\n    transform: translateY(-50%);\n    cursor: pointer;\n}\n\n#uc_ue_google_maps_elementor_a2917ae .uc-map-error-message {\n   position:absolute;\n   top:-27px;\n   left:0px;\n   direction:ltr;\n   color:red;\n   font-size:16px;\n}\n  \n#uc_ue_google_maps_elementor_a2917ae .uc-google-map__overlays {\n\tflex-grow: 1;\n    display:flex;\n  \theight: 100%;\n    position:relative;\t\n}\n\n#uc_ue_google_maps_elementor_a2917ae .ue-google-map__wrapper {\n\tflex-grow: 1;\n    width: auto;\n  \theight: auto;\n    position:relative;\n}\n\n#uc_ue_google_maps_elementor_a2917ae .ue-google-map_places-list {  \n  display: flex;\n  flex-direction: column;\n  justify-content: flex-start;\n  overflow: auto;\n  max-height: 100%;\n}\n\n#uc_ue_google_maps_elementor_a2917ae .ue-google-map_places-item{\n  display:flex;\n  position:relative;\n  align-items:center;\n  overflow:hidden;\n  cursor:pointer;\n  flex-grow:0;\n  flex-shrink:0;\n}\n\n#uc_ue_google_maps_elementor_a2917ae .ue-maps-navigator-item-image{\n  flex-grow:0;\n  flex-shrink:0;\n}\n\n#uc_ue_google_maps_elementor_a2917ae .ue-maps-navigator-item-image-spacing{\n  flex-grow:0;\n  flex-shrink:0;\n}\n\n#uc_ue_google_maps_elementor_a2917ae .ue-maps-navigator-item-spacing{\n  flex-grow:0;\n  flex-shrink:0;\n}\n\n#uc_ue_google_maps_elementor_a2917ae .ue-maps-navigator-item-spacing:last-child{\n  display:none;\n}\n\n.ue-maps-navigator-item-title{\n  font-size:21px;\n}\n\n.ue-maps-navigator-item-sub-title{\n  font-size:12px;\n}\n\n\n#uc_ue_google_maps_elementor_a2917ae .ue-maps-navigator-item-image img{\n  display:block;\n}\n\n#uc_ue_google_maps_elementor_a2917ae .ue-maps-navigator-item-background-image{\n  position:absolute;\n  top:0;\n  bottom:0;\n  left:0;\n  right:0;\n  width:100%;\n  height:100%;\n}\n\n#uc_ue_google_maps_elementor_a2917ae .ue-maps-navigator-item-background-overlay{\n  position:absolute;\n  top:0;\n  bottom:0;\n  left:0;\n  right:0;\n  width:100%;\n  height:100%;  \n}\n\n#uc_ue_google_maps_elementor_a2917ae .ue-maps-navigator-item-content{\n  position:relative;\n  flex-grow:1;\n}\n\n#uc_ue_google_maps_elementor_a2917ae .ue-google-map__info-window-img img{\n width:100%; \n}\n\n.ue-google-map_places-hidden-placeholders {\n\tdisplay: none;\n}\n\n\n\n.ue-google-map__info-window-title{\n  font-size:21px;\n}\n\n\n@media screen and (max-width: 768px) {  \n  #uc_ue_google_maps_elementor_a2917ae .ue-google-map_container  {\n    flex-direction:column;\n  }\n  \n  #uc_ue_google_maps_elementor_a2917ae .ue-google-map_places-wrapper  {\n    display:none;\n    position:absolute;\n          top: 0;\n        width:100%;\n    height: calc(100% - 44px);\n    left:0px;\n    right:0px;\n    z-index:1;\n  }\n  \n  #uc_ue_google_maps_elementor_a2917ae .ue-google-map_places-wrapper.uc_active {\n  \tdisplay: flex;\n  }\n  \n  #uc_ue_google_maps_elementor_a2917ae .ue-google-map_navigator-toggle    {\n      display:flex;\n      justify-content: center;\n      align-items: center;\t\n      z-index: 1000;\n      position:absolute;\n              bottom:0;\n            \n      width:100%;      \n    }   \n  \n    }\n\n#uc_ue_google_maps_elementor_a2917ae .ue-google-map__error-overlay{\n  display: none;\n  align-items: center;\n  justify-content: center;\n  width: 100%;\n  height: 100%;\n  position: absolute;\n  inset: 0;\n  z-index: 4;\n}\n\n#uc_ue_google_maps_elementor_a2917ae .ue-google-map__error-overlay:before{\n  \tcontent: ' ';\n    position: absolute;\n    width: 100%;\n    height: 100%;\n    background-image: linear-gradient(90deg, #6f00d8 0%, #1c6aff 100%);\n    z-index: 1;\n    opacity: 0.7;\n}\n\n#uc_ue_google_maps_elementor_a2917ae .ue-google-map__error-overlay-content{\n\twidth: 70%;\n  \theight: 70%;\n  \tbackground: #ffffff;\n  color: #000000;\n  padding: 1.2em;\n  z-index: 2;\n  position: relative;\n}\n\n#uc_ue_google_maps_elementor_a2917ae .ue-google-map__error-overlay-title,\n#uc_ue_google_maps_elementor_a2917ae .ue-google-map__error-overlay-geocoded-value,\n#uc_ue_google_maps_elementor_a2917ae .ue-google-map__error-overlay-status,\n#uc_ue_google_maps_elementor_a2917ae .ue-google-map__error-overlay-close-btn:hover{\n\tcolor: #ff0000;\n}\n\n#uc_ue_google_maps_elementor_a2917ae .ue-google-map__error-overlay-close-btn{\n    font-size: 2em;\n    position: absolute;\n    top: 0;\n    right: 5%;\n  \tcursor: pointer;\n}\n\n#uc_ue_google_maps_elementor_a2917ae span.ue-google-map__info-icon{\n  line-height:1em;\n}\n\n#uc_ue_google_maps_elementor_a2917ae span.ue-google-map__info-icon svg{\n  height:1em;\n  width:1em;\n}\n\n#uc_ue_google_maps_elementor_a2917ae .ue-google-map_reset-btn{\n  border:none;\n  position:absolute;\n  bottom:35px;\n  left:10px;\n  z-index:1;\n  display:flex;\n  align-items:center;\n  justify-content:center;\n  line-height:1em;\n  box-shadow: rgb(0 0 0 \/ 30%) 0px 1px 4px -1px; \n}\n\n.ue-google-map_reset-btn svg{\n  height:1em;\n  width:1em;\n}\n\n\n#uc_ue_google_maps_elementor_a2917ae .ue-google-map_category{\n  display:flex;\n  flex-direction: column;\n}\n\n#uc_ue_google_maps_elementor_a2917ae .ue-google-map_category-content{\n\tdisplay: flex;\n}\n\n#uc_ue_google_maps_elementor_a2917ae .ue-google-map_category-title{\n\tdisplay: flex;\n    gap: 0.5em;\n    width: 100%;\n}\n\n#uc_ue_google_maps_elementor_a2917ae .ue-google-map_category-checkbox{\n  flex-grow:0;\n  flex-shrink:0;\n  display:flex;\n  align-items:center;\n}\n\n#uc_ue_google_maps_elementor_a2917ae .ue-google-map_category-name{\n  flex-grow:1;\n  cursor: pointer;\n}\n\n#uc_ue_google_maps_elementor_a2917ae .ue-google-map_category-toggle{\n  flex-grow:0;\n  flex-shrink:0;\n  cursor: pointer;\n}\n\n#uc_ue_google_maps_elementor_a2917ae .ue-google-map_category-checkbox-spacing{\n  width:10px;\n  flex-grow:0;\n  flex-shrink:0;\n}\n\n#uc_ue_google_maps_elementor_a2917ae .ue-google-map_navigator-toggle{\n  cursor:pointer;\n  text-align:center;\n}\n\n#uc_ue_google_maps_elementor_a2917ae .ue-google-map_category-toggle{\n  position: relative;\n  width: 15%;\n}\n\n#uc_ue_google_maps_elementor_a2917ae .ue-google-map_category-toggle .ue-google-map_category-toggle-icon{\n  position: absolute;\n  top: 50%;\n  left: 50%;\n  transform: translate(-50%, -50%);\n  transition: opacity 0.4s ease-out;\n}\n\n#uc_ue_google_maps_elementor_a2917ae .ue-google-map_category-title .ue-google-map_category-toggle-close {\n  opacity: 0;\n}\n\n#uc_ue_google_maps_elementor_a2917ae .ue-google-map_category-content.ue_active .ue-google-map_category-toggle-close{\n  opacity: 1;\n}\n\n#uc_ue_google_maps_elementor_a2917ae .ue-google-map_category-title .ue-google-map_category-toggle-open {\n\topacity: 1;\n}\n\n#uc_ue_google_maps_elementor_a2917ae .ue-google-map_category-content.ue_active .ue-google-map_category-toggle-open{\n  opacity: 0;\n}\n#uc_ue_google_maps_elementor_a2917ae .ue-google-map_category-items{\n  overflow: hidden;\n  transition: max-height 0.6s ease-in-out;\n}\n\n  #uc_ue_google_maps_elementor_a2917ae .ue_shimmer {\n      animation: ue_shimmer 2.2s linear infinite forwards;\n      background: #ddd;\n      background-image: linear-gradient(to right, #F6F6F6 8%, #F0F0F0 18%, #F6F6F6 33%);\n      background-size: 200% 100%;\n  }\n\n@keyframes ue_shimmer {\n    0% {\n        background-position: 200% 0;\n    }\n    100% {\n        background-position: -200% 0;\n    }\n}\n\n#uc_ue_google_maps_elementor_a2917ae .ue-google-map__loader {\n\tposition: absolute;\n  \tinset: 0;\n    width: 100%;\n    height: 100%;\n  \tz-index: 3;\n  \ttransform-origin: 100% 0%;\n      \ttransition: transform 0.6s ease-out;\n  \t}\n\n#uc_ue_google_maps_elementor_a2917ae .uc-checkbox{\n\tposition: absolute; \n    overflow: hidden; \n    clip: rect(0 0 0 0); \n    height:1px; \n    width:1px;\n    margin:-1px; \n    padding:0;\n    border:0;\n}\n\n#uc_ue_google_maps_elementor_a2917ae .uc-checkbox + label{\n\tdisplay:block;\n    border-radius:2px;\n\tpadding:1px;\n\twidth:17px;\n\theight:17px;\n    background:#ffffff;\n    cursor:pointer;\n}\n\n#uc_ue_google_maps_elementor_a2917ae .uc-checkbox + label svg{\n\tdisplay:none;\n}\n\n#uc_ue_google_maps_elementor_a2917ae .uc-checkbox:checked + label svg{\n\tdisplay:block;\n}\n\n#uc_ue_google_maps_elementor_a2917ae .ue-map-dir-btn,\n#uc_ue_google_maps_elementor_a2917ae .ue-map-learn-btn{\n  display:block;\n}\n\n#uc_ue_google_maps_elementor_a2917ae .ue-google-map-setting-item{\n  position: absolute;\n}\n\n\/* ue-google-map_places-wrapper element is hidden to allow filters *\/\n\n\/* removes 2px blue border from the map *\/\n#uc_ue_google_maps_elementor_a2917ae iframe + div{\n\tborder: none !important;\n}\n\n\/* custom nav icons color *\/\n\n\n\/* end custom nav icons color *\/\n\n\/* override default map styles *\/\n#uc_ue_google_maps_elementor_a2917ae .gm-style-iw{\n  padding-inline-start: 18px;\n}\n\n\/* =========================================================\n   CUSTOM: Place Content inside the navigation panel\n   ========================================================= *\/\n#uc_ue_google_maps_elementor_a2917ae.ue-google-map--show-place-content .ue-google-map_places-item{\n  align-items: flex-start;\n  height: auto !important;\n  min-height: 0;\n  overflow: visible;\n}\n\n#uc_ue_google_maps_elementor_a2917ae.ue-google-map--show-place-content .ue-maps-navigator-item-content{\n  width: 100%;\n  min-width: 0;\n}\n\n#uc_ue_google_maps_elementor_a2917ae.ue-google-map--show-place-content .ue-google-map_place-content{\n  display: block;\n  width: 100%;\n  margin-top: 10px;\n  font-size: 13px;\n  line-height: 1.4;\n  font-weight: 400;\n  color: inherit;\n  opacity: 0.92;\n  overflow-wrap: anywhere;\n  word-break: normal;\n}\n\n#uc_ue_google_maps_elementor_a2917ae.ue-google-map--show-place-content .ue-google-map_place-content > :first-child{\n  margin-top: 0;\n}\n\n#uc_ue_google_maps_elementor_a2917ae.ue-google-map--show-place-content .ue-google-map_place-content > :last-child{\n  margin-bottom: 0;\n}\n\n#uc_ue_google_maps_elementor_a2917ae.ue-google-map--show-place-content .ue-google-map_place-content p{\n  margin: 0 0 8px;\n}\n\n#uc_ue_google_maps_elementor_a2917ae.ue-google-map--show-place-content .ue-google-map_place-content p:last-child{\n  margin-bottom: 0;\n}\n\n#uc_ue_google_maps_elementor_a2917ae.ue-google-map--show-place-content .ue-google-map_place-content a{\n  color: inherit;\n  text-decoration: underline;\n}\n\n<\/style>\n\n\n\n\n      <script>\n       if(typeof g_arrInitCallbacks == \"undefined\") \n      \t var g_arrInitCallbacks = [];\n       \n       if(typeof g_isGoogleMapInited == \"undefined\")\n       \t var g_isGoogleMapInited = false;\n\t\t\n       function ucInitMaps(){\n         \n           g_isGoogleMapInited = true;\n           if(!g_arrInitCallbacks || g_arrInitCallbacks.length == 0)\n             return(false);\n\n           for(index in g_arrInitCallbacks)\n             g_arrInitCallbacks[index]();\n      }\n        \n      if(typeof UCaddGoogleMapsScript == \"undefined\")\n        function UCaddGoogleMapsScript(){\n          \n          const script1 = document.createElement('script');\n          script1.src = \"https:\/\/maps.googleapis.com\/maps\/api\/js?key=AIzaSyDPIIXXXy5oqeefKCxrMAhfBvhlshwc-kc&loading=async&callback=ucInitMaps&libraries=&v=weekly\";\n          script1.async = true;\n          document.body.appendChild(script1);      \n        }\n              \n        if(g_isGoogleMapInited !== true)\n        \tUCaddGoogleMapsScript();\n      \n<\/script>\n\n  \n\n\n\n\n  <div id=\"uc_ue_google_maps_elementor_a2917ae\" class=\"ue-google-map ue-google-map--show-place-content  \" >\n    <div class=\"ue-google-map__loader ue_shimmer\"><\/div>\n        <div class=\"ue-google-map_container\">\n         \n      \n      <div class=\"uc-google-map__overlays\">\n        \n                \n        <div aria-label=\"Map\" aria-role=\"application\" aria-roledescription=\"map\" class=\"ue-google-map__wrapper\">\n        <\/div>\n      <\/div>\n      \n              <div class=\"ue-google-map_places-wrapper\" >\n        \n        <div tabindex=\"0\" class=\"ue-google-map_places-list uc-items-wrapper\">\n          \n\n\n\t\n\t<div aria-label=\"JSNS: One World in Schools (Jeden sv\u011bt na \u0161kol\u00e1ch)\" aria-role=\"button\" aria-roledescription=\"JSNS: One World in Schools (Jeden sv\u011bt na \u0161kol\u00e1ch) Map Item\" tabindex=\"0\" class=\"ue-google-map_places-item ue-google-map_navigator-item\" data-item-type=\"place\" data-category-index =  \"0\"  data-item_index=\"1\">\n       \n          <div class=\"ue-google-map-setting-item\" data-settings='{\n   \"icon_type\": \"default\",\n   \"marker_custom_icon\": \"\",\n   \"ue_svg_marker\": \"Markers\/stylishBlue.svg\",   \n   \"marker_list_icon\": \"marker\",\n   \"icon_letter\": \"A\",  \n   \"title\": &quot;JSNS&#x3A;&#x20;One&#x20;World&#x20;in&#x20;Schools&#x20;&#x28;Jeden&#x20;sv&#x5C;u011bt&#x20;na&#x20;&#x5C;u0161kol&#x5C;u00e1ch&#x29;&quot;,  \n   \"item_type\": \"place\",         \n   \"coordinates_type\": \"enter\",               \n   \"marker_latitude\": \"49.8203\",\n   \"marker_longitude\": \"15.4784\",\n   \"zoom_level\": \"13px\",\n   \"item_index\":  1                                                         \n  }'><\/div>\n\n      \n\t\t\t\n\n        \t\n\n        <div class=\"ue-maps-navigator-item-content\">\n            <div class=\"ue-maps-navigator-item-title ue-maps-navigator-item-label\">JSNS: One World in Schools (Jeden sv\u011bt na \u0161kol\u00e1ch)<\/div>\t\n            <div class=\"ue-maps-navigator-item-sub-title\">Czech Republic<\/div>\n        <\/div>\n\n    <\/div>\n\n    <div class=\"ue-maps-navigator-item-spacing\"><\/div>\n\n          \n\n\n\n\n\n\t\n\t<div aria-label=\"Demagog.cz: Media Literacy and Fact-Checking Initiative\" aria-role=\"button\" aria-roledescription=\"Demagog.cz: Media Literacy and Fact-Checking Initiative Map Item\" tabindex=\"0\" class=\"ue-google-map_places-item ue-google-map_navigator-item\" data-item-type=\"place\" data-category-index =  \"0\"  data-item_index=\"2\">\n       \n          <div class=\"ue-google-map-setting-item\" data-settings='{\n   \"icon_type\": \"default\",\n   \"marker_custom_icon\": \"\",\n   \"ue_svg_marker\": \"Markers\/stylishBlue.svg\",   \n   \"marker_list_icon\": \"marker\",\n   \"icon_letter\": \"A\",  \n   \"title\": &quot;Demagog.cz&#x3A;&#x20;Media&#x20;Literacy&#x20;and&#x20;Fact-Checking&#x20;Initiative&quot;,  \n   \"item_type\": \"place\",         \n   \"coordinates_type\": \"enter\",               \n   \"marker_latitude\": \"49.8203\",\n   \"marker_longitude\": \"15.4784\",\n   \"zoom_level\": \"13px\",\n   \"item_index\":  2                                                         \n  }'><\/div>\n\n      \n\t\t\t\n\n        \t\n\n        <div class=\"ue-maps-navigator-item-content\">\n            <div class=\"ue-maps-navigator-item-title ue-maps-navigator-item-label\">Demagog.cz: Media Literacy and Fact-Checking Initiative<\/div>\t\n            <div class=\"ue-maps-navigator-item-sub-title\">Czech Republic<\/div>\n        <\/div>\n\n    <\/div>\n\n    <div class=\"ue-maps-navigator-item-spacing\"><\/div>\n\n          \n\n\n\n\n\n\t\n\t<div aria-label=\"Multicultural Center Brusinka\" aria-role=\"button\" aria-roledescription=\"Multicultural Center Brusinka Map Item\" tabindex=\"0\" class=\"ue-google-map_places-item ue-google-map_navigator-item\" data-item-type=\"place\" data-category-index =  \"0\"  data-item_index=\"3\">\n       \n          <div class=\"ue-google-map-setting-item\" data-settings='{\n   \"icon_type\": \"default\",\n   \"marker_custom_icon\": \"\",\n   \"ue_svg_marker\": \"Markers\/stylishBlue.svg\",   \n   \"marker_list_icon\": \"marker\",\n   \"icon_letter\": \"A\",  \n   \"title\": &quot;Multicultural&#x20;Center&#x20;Brusinka&quot;,  \n   \"item_type\": \"place\",         \n   \"coordinates_type\": \"enter\",               \n   \"marker_latitude\": \"49.204147319310465\",\n   \"marker_longitude\": \"16.59467891077885\",\n   \"zoom_level\": \"13px\",\n   \"item_index\":  3                                                         \n  }'><\/div>\n\n      \n\t\t\t\n\n        \t\n\n        <div class=\"ue-maps-navigator-item-content\">\n            <div class=\"ue-maps-navigator-item-title ue-maps-navigator-item-label\">Multicultural Center Brusinka<\/div>\t\n            <div class=\"ue-maps-navigator-item-sub-title\">Brno, Czech Republic<\/div>\n        <\/div>\n\n    <\/div>\n\n    <div class=\"ue-maps-navigator-item-spacing\"><\/div>\n\n          \n\n\n\n\n\n\t\n\t<div aria-label=\"Scenarios of Future Migration and Integration Development in Brno (SocioFactor)\" aria-role=\"button\" aria-roledescription=\"Scenarios of Future Migration and Integration Development in Brno (SocioFactor) Map Item\" tabindex=\"0\" class=\"ue-google-map_places-item ue-google-map_navigator-item\" data-item-type=\"place\" data-category-index =  \"0\"  data-item_index=\"4\">\n       \n          <div class=\"ue-google-map-setting-item\" data-settings='{\n   \"icon_type\": \"default\",\n   \"marker_custom_icon\": \"\",\n   \"ue_svg_marker\": \"Markers\/stylishBlue.svg\",   \n   \"marker_list_icon\": \"marker\",\n   \"icon_letter\": \"A\",  \n   \"title\": &quot;Scenarios&#x20;of&#x20;Future&#x20;Migration&#x20;and&#x20;Integration&#x20;Development&#x20;in&#x20;Brno&#x20;&#x28;SocioFactor&#x29;&quot;,  \n   \"item_type\": \"place\",         \n   \"coordinates_type\": \"enter\",               \n   \"marker_latitude\": \"49.19573729214975\",\n   \"marker_longitude\": \"16.61243918008799\",\n   \"zoom_level\": \"13px\",\n   \"item_index\":  4                                                         \n  }'><\/div>\n\n      \n\t\t\t\n\n        \t\n\n        <div class=\"ue-maps-navigator-item-content\">\n            <div class=\"ue-maps-navigator-item-title ue-maps-navigator-item-label\">Scenarios of Future Migration and Integration Development in Brno (SocioFactor)<\/div>\t\n            <div class=\"ue-maps-navigator-item-sub-title\">Brno, Czech Republic<\/div>\n        <\/div>\n\n    <\/div>\n\n    <div class=\"ue-maps-navigator-item-spacing\"><\/div>\n\n          \n\n\n\n\n\n\t\n\t<div aria-label=\"World Bridge Initiatives\" aria-role=\"button\" aria-roledescription=\"World Bridge Initiatives Map Item\" tabindex=\"0\" class=\"ue-google-map_places-item ue-google-map_navigator-item\" data-item-type=\"place\" data-category-index =  \"0\"  data-item_index=\"5\">\n       \n          <div class=\"ue-google-map-setting-item\" data-settings='{\n   \"icon_type\": \"default\",\n   \"marker_custom_icon\": \"\",\n   \"ue_svg_marker\": \"Markers\/stylishBlue.svg\",   \n   \"marker_list_icon\": \"marker\",\n   \"icon_letter\": \"A\",  \n   \"title\": &quot;World&#x20;Bridge&#x20;Initiatives&quot;,  \n   \"item_type\": \"place\",         \n   \"coordinates_type\": \"enter\",               \n   \"marker_latitude\": \"49.1987350308178\",\n   \"marker_longitude\": \"16.605405454960085\",\n   \"zoom_level\": \"13px\",\n   \"item_index\":  5                                                         \n  }'><\/div>\n\n      \n\t\t\t\n\n        \t\n\n        <div class=\"ue-maps-navigator-item-content\">\n            <div class=\"ue-maps-navigator-item-title ue-maps-navigator-item-label\">World Bridge Initiatives<\/div>\t\n            <div class=\"ue-maps-navigator-item-sub-title\">Brno, Czech Republic<\/div>\n        <\/div>\n\n    <\/div>\n\n    <div class=\"ue-maps-navigator-item-spacing\"><\/div>\n\n          \n\n\n\n\n\n\t\n\t<div aria-label=\"I Resolve Conflicts and Build Peace Around Me. Basic Peer Mediation Skills\" aria-role=\"button\" aria-roledescription=\"I Resolve Conflicts and Build Peace Around Me. Basic Peer Mediation Skills Map Item\" tabindex=\"0\" class=\"ue-google-map_places-item ue-google-map_navigator-item\" data-item-type=\"place\" data-category-index =  \"0\"  data-item_index=\"6\">\n       \n          <div class=\"ue-google-map-setting-item\" data-settings='{\n   \"icon_type\": \"default\",\n   \"marker_custom_icon\": \"\",\n   \"ue_svg_marker\": \"Markers\/stylishBlue.svg\",   \n   \"marker_list_icon\": \"marker\",\n   \"icon_letter\": \"A\",  \n   \"title\": &quot;I&#x20;Resolve&#x20;Conflicts&#x20;and&#x20;Build&#x20;Peace&#x20;Around&#x20;Me.&#x20;Basic&#x20;Peer&#x20;Mediation&#x20;Skills&quot;,  \n   \"item_type\": \"place\",         \n   \"coordinates_type\": \"enter\",               \n   \"marker_latitude\": \"50.45567263824766\",\n   \"marker_longitude\": \"30.51891477146999\",\n   \"zoom_level\": \"13px\",\n   \"item_index\":  6                                                         \n  }'><\/div>\n\n      \n\t\t\t\n\n        \t\n\n        <div class=\"ue-maps-navigator-item-content\">\n            <div class=\"ue-maps-navigator-item-title ue-maps-navigator-item-label\">I Resolve Conflicts and Build Peace Around Me. Basic Peer Mediation Skills<\/div>\t\n            <div class=\"ue-maps-navigator-item-sub-title\">Kyiv, Ukraine<\/div>\n        <\/div>\n\n    <\/div>\n\n    <div class=\"ue-maps-navigator-item-spacing\"><\/div>\n\n          \n\n\n\n\n\n\t\n\t<div aria-label=\"\"Let's Learn to Create Peace\" (\u0412\u0447\u0438\u043c\u043e\u0441\u044f \u0442\u0432\u043e\u0440\u0438\u0442\u0438 \u043c\u0438\u0440): Methodological Handbook\" aria-role=\"button\" aria-roledescription=\"\"Let's Learn to Create Peace\" (\u0412\u0447\u0438\u043c\u043e\u0441\u044f \u0442\u0432\u043e\u0440\u0438\u0442\u0438 \u043c\u0438\u0440): Methodological Handbook Map Item\" tabindex=\"0\" class=\"ue-google-map_places-item ue-google-map_navigator-item\" data-item-type=\"place\" data-category-index =  \"0\"  data-item_index=\"7\">\n       \n          <div class=\"ue-google-map-setting-item\" data-settings='{\n   \"icon_type\": \"default\",\n   \"marker_custom_icon\": \"\",\n   \"ue_svg_marker\": \"Markers\/stylishBlue.svg\",   \n   \"marker_list_icon\": \"marker\",\n   \"icon_letter\": \"A\",  \n   \"title\": &quot;&#x5C;&quot;Let&#x27;s&#x20;Learn&#x20;to&#x20;Create&#x20;Peace&#x5C;&quot;&#x20;&#x28;&#x5C;u0412&#x5C;u0447&#x5C;u0438&#x5C;u043c&#x5C;u043e&#x5C;u0441&#x5C;u044f&#x20;&#x5C;u0442&#x5C;u0432&#x5C;u043e&#x5C;u0440&#x5C;u0438&#x5C;u0442&#x5C;u0438&#x20;&#x5C;u043c&#x5C;u0438&#x5C;u0440&#x29;&#x3A;&#x20;Methodological&#x20;Handbook&quot;,  \n   \"item_type\": \"place\",         \n   \"coordinates_type\": \"enter\",               \n   \"marker_latitude\": \"50.423913820665824\",\n   \"marker_longitude\": \"30.491641899210848\",\n   \"zoom_level\": \"13px\",\n   \"item_index\":  7                                                         \n  }'><\/div>\n\n      \n\t\t\t\n\n        \t\n\n        <div class=\"ue-maps-navigator-item-content\">\n            <div class=\"ue-maps-navigator-item-title ue-maps-navigator-item-label\">\"Let's Learn to Create Peace\" (\u0412\u0447\u0438\u043c\u043e\u0441\u044f \u0442\u0432\u043e\u0440\u0438\u0442\u0438 \u043c\u0438\u0440): Methodological Handbook<\/div>\t\n            <div class=\"ue-maps-navigator-item-sub-title\">Kyiv, Ukraine<\/div>\n        <\/div>\n\n    <\/div>\n\n    <div class=\"ue-maps-navigator-item-spacing\"><\/div>\n\n          \n\n\n\n\n\n\t\n\t<div aria-label=\"Association of the Ukrainian Peacebuilding School\" aria-role=\"button\" aria-roledescription=\"Association of the Ukrainian Peacebuilding School Map Item\" tabindex=\"0\" class=\"ue-google-map_places-item ue-google-map_navigator-item\" data-item-type=\"place\" data-category-index =  \"0\"  data-item_index=\"8\">\n       \n          <div class=\"ue-google-map-setting-item\" data-settings='{\n   \"icon_type\": \"default\",\n   \"marker_custom_icon\": \"\",\n   \"ue_svg_marker\": \"Markers\/stylishBlue.svg\",   \n   \"marker_list_icon\": \"marker\",\n   \"icon_letter\": \"A\",  \n   \"title\": &quot;Association&#x20;of&#x20;the&#x20;Ukrainian&#x20;Peacebuilding&#x20;School&quot;,  \n   \"item_type\": \"place\",         \n   \"coordinates_type\": \"enter\",               \n   \"marker_latitude\": \"46.645536215681915\",\n   \"marker_longitude\": \"32.63352784463055\",\n   \"zoom_level\": \"13px\",\n   \"item_index\":  8                                                         \n  }'><\/div>\n\n      \n\t\t\t\n\n        \t\n\n        <div class=\"ue-maps-navigator-item-content\">\n            <div class=\"ue-maps-navigator-item-title ue-maps-navigator-item-label\">Association of the Ukrainian Peacebuilding School<\/div>\t\n            <div class=\"ue-maps-navigator-item-sub-title\">Ukraine<\/div>\n        <\/div>\n\n    <\/div>\n\n    <div class=\"ue-maps-navigator-item-spacing\"><\/div>\n\n          \n\n\n\n\n\n\t\n\t<div aria-label=\"Donaub\u00fcro Ulm\/Neu-Ulm (Danube Office)\" aria-role=\"button\" aria-roledescription=\"Donaub\u00fcro Ulm\/Neu-Ulm (Danube Office) Map Item\" tabindex=\"0\" class=\"ue-google-map_places-item ue-google-map_navigator-item\" data-item-type=\"place\" data-category-index =  \"0\"  data-item_index=\"9\">\n       \n          <div class=\"ue-google-map-setting-item\" data-settings='{\n   \"icon_type\": \"default\",\n   \"marker_custom_icon\": \"\",\n   \"ue_svg_marker\": \"Markers\/stylishBlue.svg\",   \n   \"marker_list_icon\": \"marker\",\n   \"icon_letter\": \"A\",  \n   \"title\": &quot;Donaub&#x5C;u00fcro&#x20;Ulm&#x5C;&#x2F;Neu-Ulm&#x20;&#x28;Danube&#x20;Office&#x29;&quot;,  \n   \"item_type\": \"place\",         \n   \"coordinates_type\": \"enter\",               \n   \"marker_latitude\": \"48.39743\",\n   \"marker_longitude\": \"9.99231\",\n   \"zoom_level\": \"13px\",\n   \"item_index\":  9                                                         \n  }'><\/div>\n\n      \n\t\t\t\n\n        \t\n\n        <div class=\"ue-maps-navigator-item-content\">\n            <div class=\"ue-maps-navigator-item-title ue-maps-navigator-item-label\">Donaub\u00fcro Ulm\/Neu-Ulm (Danube Office)<\/div>\t\n            <div class=\"ue-maps-navigator-item-sub-title\">Ulm, Germany<\/div>\n        <\/div>\n\n    <\/div>\n\n    <div class=\"ue-maps-navigator-item-spacing\"><\/div>\n\n          \n\n\n\n\n\n\t\n\t<div aria-label=\"Donaufest (Ulm\/Neu-Ulm)\" aria-role=\"button\" aria-roledescription=\"Donaufest (Ulm\/Neu-Ulm) Map Item\" tabindex=\"0\" class=\"ue-google-map_places-item ue-google-map_navigator-item\" data-item-type=\"place\" data-category-index =  \"0\"  data-item_index=\"10\">\n       \n          <div class=\"ue-google-map-setting-item\" data-settings='{\n   \"icon_type\": \"default\",\n   \"marker_custom_icon\": \"\",\n   \"ue_svg_marker\": \"Markers\/stylishBlue.svg\",   \n   \"marker_list_icon\": \"marker\",\n   \"icon_letter\": \"A\",  \n   \"title\": &quot;Donaufest&#x20;&#x28;Ulm&#x5C;&#x2F;Neu-Ulm&#x29;&quot;,  \n   \"item_type\": \"place\",         \n   \"coordinates_type\": \"enter\",               \n   \"marker_latitude\": \"48.39743\",\n   \"marker_longitude\": \"9.99231\",\n   \"zoom_level\": \"13px\",\n   \"item_index\":  10                                                         \n  }'><\/div>\n\n      \n\t\t\t\n\n        \t\n\n        <div class=\"ue-maps-navigator-item-content\">\n            <div class=\"ue-maps-navigator-item-title ue-maps-navigator-item-label\">Donaufest (Ulm\/Neu-Ulm)<\/div>\t\n            <div class=\"ue-maps-navigator-item-sub-title\">Ulm, Germany<\/div>\n        <\/div>\n\n    <\/div>\n\n    <div class=\"ue-maps-navigator-item-spacing\"><\/div>\n\n          \n\n\n\n\n\n\t\n\t<div aria-label=\"Mehrgenerationenhaus Eichbergtreff\" aria-role=\"button\" aria-roledescription=\"Mehrgenerationenhaus Eichbergtreff Map Item\" tabindex=\"0\" class=\"ue-google-map_places-item ue-google-map_navigator-item\" data-item-type=\"place\" data-category-index =  \"0\"  data-item_index=\"11\">\n       \n          <div class=\"ue-google-map-setting-item\" data-settings='{\n   \"icon_type\": \"default\",\n   \"marker_custom_icon\": \"\",\n   \"ue_svg_marker\": \"Markers\/stylishBlue.svg\",   \n   \"marker_list_icon\": \"marker\",\n   \"icon_letter\": \"A\",  \n   \"title\": &quot;Mehrgenerationenhaus&#x20;Eichbergtreff&quot;,  \n   \"item_type\": \"place\",         \n   \"coordinates_type\": \"enter\",               \n   \"marker_latitude\": \"48.43105\",\n   \"marker_longitude\": \"10.03178\",\n   \"zoom_level\": \"13px\",\n   \"item_index\":  11                                                         \n  }'><\/div>\n\n      \n\t\t\t\n\n        \t\n\n        <div class=\"ue-maps-navigator-item-content\">\n            <div class=\"ue-maps-navigator-item-title ue-maps-navigator-item-label\">Mehrgenerationenhaus Eichbergtreff<\/div>\t\n            <div class=\"ue-maps-navigator-item-sub-title\">Ulm, Germany<\/div>\n        <\/div>\n\n    <\/div>\n\n    <div class=\"ue-maps-navigator-item-spacing\"><\/div>\n\n          \n\n\n\n\n\n\t\n\t<div aria-label=\"Ulm Adult Education Centre (vh ulm \/ Ulmer Volkshochschule)\" aria-role=\"button\" aria-roledescription=\"Ulm Adult Education Centre (vh ulm \/ Ulmer Volkshochschule) Map Item\" tabindex=\"0\" class=\"ue-google-map_places-item ue-google-map_navigator-item\" data-item-type=\"place\" data-category-index =  \"0\"  data-item_index=\"12\">\n       \n          <div class=\"ue-google-map-setting-item\" data-settings='{\n   \"icon_type\": \"default\",\n   \"marker_custom_icon\": \"\",\n   \"ue_svg_marker\": \"Markers\/stylishBlue.svg\",   \n   \"marker_list_icon\": \"marker\",\n   \"icon_letter\": \"A\",  \n   \"title\": &quot;Ulm&#x20;Adult&#x20;Education&#x20;Centre&#x20;&#x28;vh&#x20;ulm&#x20;&#x5C;&#x2F;&#x20;Ulmer&#x20;Volkshochschule&#x29;&quot;,  \n   \"item_type\": \"place\",         \n   \"coordinates_type\": \"enter\",               \n   \"marker_latitude\": \"48.39967\",\n   \"marker_longitude\": \"9.99390\",\n   \"zoom_level\": \"13px\",\n   \"item_index\":  12                                                         \n  }'><\/div>\n\n      \n\t\t\t\n\n        \t\n\n        <div class=\"ue-maps-navigator-item-content\">\n            <div class=\"ue-maps-navigator-item-title ue-maps-navigator-item-label\">Ulm Adult Education Centre (vh ulm \/ Ulmer Volkshochschule)<\/div>\t\n            <div class=\"ue-maps-navigator-item-sub-title\">Ulm, Germany<\/div>\n        <\/div>\n\n    <\/div>\n\n    <div class=\"ue-maps-navigator-item-spacing\"><\/div>\n\n          \n\n\n\n\n\n\t\n\t<div aria-label=\"Baarverein \u2013 Verein f\u00fcr Geschichte und Naturgeschichte der Baar\" aria-role=\"button\" aria-roledescription=\"Baarverein \u2013 Verein f\u00fcr Geschichte und Naturgeschichte der Baar Map Item\" tabindex=\"0\" class=\"ue-google-map_places-item ue-google-map_navigator-item\" data-item-type=\"place\" data-category-index =  \"0\"  data-item_index=\"13\">\n       \n          <div class=\"ue-google-map-setting-item\" data-settings='{\n   \"icon_type\": \"default\",\n   \"marker_custom_icon\": \"\",\n   \"ue_svg_marker\": \"Markers\/stylishBlue.svg\",   \n   \"marker_list_icon\": \"marker\",\n   \"icon_letter\": \"A\",  \n   \"title\": &quot;Baarverein&#x20;&#x5C;u2013&#x20;Verein&#x20;f&#x5C;u00fcr&#x20;Geschichte&#x20;und&#x20;Naturgeschichte&#x20;der&#x20;Baar&quot;,  \n   \"item_type\": \"place\",         \n   \"coordinates_type\": \"enter\",               \n   \"marker_latitude\": \"47.95269\",\n   \"marker_longitude\": \"8.49672\",\n   \"zoom_level\": \"13px\",\n   \"item_index\":  13                                                         \n  }'><\/div>\n\n      \n\t\t\t\n\n        \t\n\n        <div class=\"ue-maps-navigator-item-content\">\n            <div class=\"ue-maps-navigator-item-title ue-maps-navigator-item-label\">Baarverein \u2013 Verein f\u00fcr Geschichte und Naturgeschichte der Baar<\/div>\t\n            <div class=\"ue-maps-navigator-item-sub-title\">Donaueschingen, Germany<\/div>\n        <\/div>\n\n    <\/div>\n\n    <div class=\"ue-maps-navigator-item-spacing\"><\/div>\n\n          \n\n\n\n\n\n\t\n\t<div aria-label=\"Schwarzwaldverein Donaueschingen e.V.\" aria-role=\"button\" aria-roledescription=\"Schwarzwaldverein Donaueschingen e.V. Map Item\" tabindex=\"0\" class=\"ue-google-map_places-item ue-google-map_navigator-item\" data-item-type=\"place\" data-category-index =  \"0\"  data-item_index=\"14\">\n       \n          <div class=\"ue-google-map-setting-item\" data-settings='{\n   \"icon_type\": \"default\",\n   \"marker_custom_icon\": \"\",\n   \"ue_svg_marker\": \"Markers\/stylishBlue.svg\",   \n   \"marker_list_icon\": \"marker\",\n   \"icon_letter\": \"A\",  \n   \"title\": &quot;Schwarzwaldverein&#x20;Donaueschingen&#x20;e.V.&quot;,  \n   \"item_type\": \"place\",         \n   \"coordinates_type\": \"enter\",               \n   \"marker_latitude\": \"47.95447\",\n   \"marker_longitude\": \"8.50047\",\n   \"zoom_level\": \"13px\",\n   \"item_index\":  14                                                         \n  }'><\/div>\n\n      \n\t\t\t\n\n        \t\n\n        <div class=\"ue-maps-navigator-item-content\">\n            <div class=\"ue-maps-navigator-item-title ue-maps-navigator-item-label\">Schwarzwaldverein Donaueschingen e.V.<\/div>\t\n            <div class=\"ue-maps-navigator-item-sub-title\">Donaueschingen, Germany<\/div>\n        <\/div>\n\n    <\/div>\n\n    <div class=\"ue-maps-navigator-item-spacing\"><\/div>\n\n          \n\n\n\n\n\n\t\n\t<div aria-label=\"Gesellschaft der Musikfreunde in Donaueschingen\" aria-role=\"button\" aria-roledescription=\"Gesellschaft der Musikfreunde in Donaueschingen Map Item\" tabindex=\"0\" class=\"ue-google-map_places-item ue-google-map_navigator-item\" data-item-type=\"place\" data-category-index =  \"0\"  data-item_index=\"15\">\n       \n          <div class=\"ue-google-map-setting-item\" data-settings='{\n   \"icon_type\": \"default\",\n   \"marker_custom_icon\": \"\",\n   \"ue_svg_marker\": \"Markers\/stylishBlue.svg\",   \n   \"marker_list_icon\": \"marker\",\n   \"icon_letter\": \"A\",  \n   \"title\": &quot;Gesellschaft&#x20;der&#x20;Musikfreunde&#x20;in&#x20;Donaueschingen&quot;,  \n   \"item_type\": \"place\",         \n   \"coordinates_type\": \"enter\",               \n   \"marker_latitude\": \"47.95474\",\n   \"marker_longitude\": \"8.49693\",\n   \"zoom_level\": \"13px\",\n   \"item_index\":  15                                                         \n  }'><\/div>\n\n      \n\t\t\t\n\n        \t\n\n        <div class=\"ue-maps-navigator-item-content\">\n            <div class=\"ue-maps-navigator-item-title ue-maps-navigator-item-label\">Gesellschaft der Musikfreunde in Donaueschingen<\/div>\t\n            <div class=\"ue-maps-navigator-item-sub-title\">Donaueschingen, Germany<\/div>\n        <\/div>\n\n    <\/div>\n\n    <div class=\"ue-maps-navigator-item-spacing\"><\/div>\n\n          \n\n\n\n\n\n\t\n\t<div aria-label=\"Donaueschinger Musiktage (Donaueschingen Music Festival)\" aria-role=\"button\" aria-roledescription=\"Donaueschinger Musiktage (Donaueschingen Music Festival) Map Item\" tabindex=\"0\" class=\"ue-google-map_places-item ue-google-map_navigator-item\" data-item-type=\"place\" data-category-index =  \"0\"  data-item_index=\"16\">\n       \n          <div class=\"ue-google-map-setting-item\" data-settings='{\n   \"icon_type\": \"default\",\n   \"marker_custom_icon\": \"\",\n   \"ue_svg_marker\": \"Markers\/stylishBlue.svg\",   \n   \"marker_list_icon\": \"marker\",\n   \"icon_letter\": \"A\",  \n   \"title\": &quot;Donaueschinger&#x20;Musiktage&#x20;&#x28;Donaueschingen&#x20;Music&#x20;Festival&#x29;&quot;,  \n   \"item_type\": \"place\",         \n   \"coordinates_type\": \"enter\",               \n   \"marker_latitude\": \"47.95258\",\n   \"marker_longitude\": \"8.49855\",\n   \"zoom_level\": \"13px\",\n   \"item_index\":  16                                                         \n  }'><\/div>\n\n      \n\t\t\t\n\n        \t\n\n        <div class=\"ue-maps-navigator-item-content\">\n            <div class=\"ue-maps-navigator-item-title ue-maps-navigator-item-label\">Donaueschinger Musiktage (Donaueschingen Music Festival)<\/div>\t\n            <div class=\"ue-maps-navigator-item-sub-title\">Donaueschingen, Germany<\/div>\n        <\/div>\n\n    <\/div>\n\n    <div class=\"ue-maps-navigator-item-spacing\"><\/div>\n\n          \n\n\n\n\n\n\t\n\t<div aria-label=\"Museum Art.Plus\" aria-role=\"button\" aria-roledescription=\"Museum Art.Plus Map Item\" tabindex=\"0\" class=\"ue-google-map_places-item ue-google-map_navigator-item\" data-item-type=\"place\" data-category-index =  \"0\"  data-item_index=\"17\">\n       \n          <div class=\"ue-google-map-setting-item\" data-settings='{\n   \"icon_type\": \"default\",\n   \"marker_custom_icon\": \"\",\n   \"ue_svg_marker\": \"Markers\/stylishBlue.svg\",   \n   \"marker_list_icon\": \"marker\",\n   \"icon_letter\": \"A\",  \n   \"title\": &quot;Museum&#x20;Art.Plus&quot;,  \n   \"item_type\": \"place\",         \n   \"coordinates_type\": \"enter\",               \n   \"marker_latitude\": \"47.95054\",\n   \"marker_longitude\": \"8.50197\",\n   \"zoom_level\": \"13px\",\n   \"item_index\":  17                                                         \n  }'><\/div>\n\n      \n\t\t\t\n\n        \t\n\n        <div class=\"ue-maps-navigator-item-content\">\n            <div class=\"ue-maps-navigator-item-title ue-maps-navigator-item-label\">Museum Art.Plus<\/div>\t\n            <div class=\"ue-maps-navigator-item-sub-title\">Donaueschingen, Germany<\/div>\n        <\/div>\n\n    <\/div>\n\n    <div class=\"ue-maps-navigator-item-spacing\"><\/div>\n\n          \n\n\n\n\n\n\t\n\t<div aria-label=\"CINE Polska Film Festival Freiburg\" aria-role=\"button\" aria-roledescription=\"CINE Polska Film Festival Freiburg Map Item\" tabindex=\"0\" class=\"ue-google-map_places-item ue-google-map_navigator-item\" data-item-type=\"place\" data-category-index =  \"0\"  data-item_index=\"18\">\n       \n          <div class=\"ue-google-map-setting-item\" data-settings='{\n   \"icon_type\": \"default\",\n   \"marker_custom_icon\": \"\",\n   \"ue_svg_marker\": \"Markers\/stylishBlue.svg\",   \n   \"marker_list_icon\": \"marker\",\n   \"icon_letter\": \"A\",  \n   \"title\": &quot;CINE&#x20;Polska&#x20;Film&#x20;Festival&#x20;Freiburg&quot;,  \n   \"item_type\": \"place\",         \n   \"coordinates_type\": \"enter\",               \n   \"marker_latitude\": \"47.98936\",\n   \"marker_longitude\": \"7.86198\",\n   \"zoom_level\": \"13px\",\n   \"item_index\":  18                                                         \n  }'><\/div>\n\n      \n\t\t\t\n\n        \t\n\n        <div class=\"ue-maps-navigator-item-content\">\n            <div class=\"ue-maps-navigator-item-title ue-maps-navigator-item-label\">CINE Polska Film Festival Freiburg<\/div>\t\n            <div class=\"ue-maps-navigator-item-sub-title\">Freiburg im Breisgau, Germany<\/div>\n        <\/div>\n\n    <\/div>\n\n    <div class=\"ue-maps-navigator-item-spacing\"><\/div>\n\n          \n\n\n\n\n\n\t\n\t<div aria-label=\"Grafeneck Memorial Site (Gedenkst\u00e4tte Grafeneck)\" aria-role=\"button\" aria-roledescription=\"Grafeneck Memorial Site (Gedenkst\u00e4tte Grafeneck) Map Item\" tabindex=\"0\" class=\"ue-google-map_places-item ue-google-map_navigator-item\" data-item-type=\"place\" data-category-index =  \"0\"  data-item_index=\"19\">\n       \n          <div class=\"ue-google-map-setting-item\" data-settings='{\n   \"icon_type\": \"default\",\n   \"marker_custom_icon\": \"\",\n   \"ue_svg_marker\": \"Markers\/stylishBlue.svg\",   \n   \"marker_list_icon\": \"marker\",\n   \"icon_letter\": \"A\",  \n   \"title\": &quot;Grafeneck&#x20;Memorial&#x20;Site&#x20;&#x28;Gedenkst&#x5C;u00e4tte&#x20;Grafeneck&#x29;&quot;,  \n   \"item_type\": \"place\",         \n   \"coordinates_type\": \"enter\",               \n   \"marker_latitude\": \"48.36983\",\n   \"marker_longitude\": \"9.51679\",\n   \"zoom_level\": \"13px\",\n   \"item_index\":  19                                                         \n  }'><\/div>\n\n      \n\t\t\t\n\n        \t\n\n        <div class=\"ue-maps-navigator-item-content\">\n            <div class=\"ue-maps-navigator-item-title ue-maps-navigator-item-label\">Grafeneck Memorial Site (Gedenkst\u00e4tte Grafeneck)<\/div>\t\n            <div class=\"ue-maps-navigator-item-sub-title\">Gomadingen, Baden-W\u00fcrttemberg, Germany<\/div>\n        <\/div>\n\n    <\/div>\n\n    <div class=\"ue-maps-navigator-item-spacing\"><\/div>\n\n          \n\n\n\n\n\n\t\n\t<div aria-label=\"Foundation for Polish-German Cooperation (FWPN)\" aria-role=\"button\" aria-roledescription=\"Foundation for Polish-German Cooperation (FWPN) Map Item\" tabindex=\"0\" class=\"ue-google-map_places-item ue-google-map_navigator-item\" data-item-type=\"place\" data-category-index =  \"0\"  data-item_index=\"20\">\n       \n          <div class=\"ue-google-map-setting-item\" data-settings='{\n   \"icon_type\": \"default\",\n   \"marker_custom_icon\": \"\",\n   \"ue_svg_marker\": \"Markers\/stylishBlue.svg\",   \n   \"marker_list_icon\": \"marker\",\n   \"icon_letter\": \"A\",  \n   \"title\": &quot;Foundation&#x20;for&#x20;Polish-German&#x20;Cooperation&#x20;&#x28;FWPN&#x29;&quot;,  \n   \"item_type\": \"place\",         \n   \"coordinates_type\": \"enter\",               \n   \"marker_latitude\": \"52.51631\",\n   \"marker_longitude\": \"13.37974\",\n   \"zoom_level\": \"13px\",\n   \"item_index\":  20                                                         \n  }'><\/div>\n\n      \n\t\t\t\n\n        \t\n\n        <div class=\"ue-maps-navigator-item-content\">\n            <div class=\"ue-maps-navigator-item-title ue-maps-navigator-item-label\">Foundation for Polish-German Cooperation (FWPN)<\/div>\t\n            <div class=\"ue-maps-navigator-item-sub-title\">Berlin, Germany<\/div>\n        <\/div>\n\n    <\/div>\n\n    <div class=\"ue-maps-navigator-item-spacing\"><\/div>\n\n          \n\n\n\n\n\n\t\n\t<div aria-label=\"War Childhood Museum\" aria-role=\"button\" aria-roledescription=\"War Childhood Museum Map Item\" tabindex=\"0\" class=\"ue-google-map_places-item ue-google-map_navigator-item\" data-item-type=\"place\" data-category-index =  \"0\"  data-item_index=\"21\">\n       \n          <div class=\"ue-google-map-setting-item\" data-settings='{\n   \"icon_type\": \"default\",\n   \"marker_custom_icon\": \"\",\n   \"ue_svg_marker\": \"Markers\/stylishBlue.svg\",   \n   \"marker_list_icon\": \"marker\",\n   \"icon_letter\": \"A\",  \n   \"title\": &quot;War&#x20;Childhood&#x20;Museum&quot;,  \n   \"item_type\": \"place\",         \n   \"coordinates_type\": \"enter\",               \n   \"marker_latitude\": \"43.86074\",\n   \"marker_longitude\": \"18.42889\",\n   \"zoom_level\": \"13px\",\n   \"item_index\":  21                                                         \n  }'><\/div>\n\n      \n\t\t\t\n\n        \t\n\n        <div class=\"ue-maps-navigator-item-content\">\n            <div class=\"ue-maps-navigator-item-title ue-maps-navigator-item-label\">War Childhood Museum<\/div>\t\n            <div class=\"ue-maps-navigator-item-sub-title\">Sarajevo, Bosnia and Herzegovina<\/div>\n        <\/div>\n\n    <\/div>\n\n    <div class=\"ue-maps-navigator-item-spacing\"><\/div>\n\n          \n\n\n\n\n\n\t\n\t<div aria-label=\"PRONI Center for Youth Development\" aria-role=\"button\" aria-roledescription=\"PRONI Center for Youth Development Map Item\" tabindex=\"0\" class=\"ue-google-map_places-item ue-google-map_navigator-item\" data-item-type=\"place\" data-category-index =  \"0\"  data-item_index=\"22\">\n       \n          <div class=\"ue-google-map-setting-item\" data-settings='{\n   \"icon_type\": \"default\",\n   \"marker_custom_icon\": \"\",\n   \"ue_svg_marker\": \"Markers\/stylishBlue.svg\",   \n   \"marker_list_icon\": \"marker\",\n   \"icon_letter\": \"A\",  \n   \"title\": &quot;PRONI&#x20;Center&#x20;for&#x20;Youth&#x20;Development&quot;,  \n   \"item_type\": \"place\",         \n   \"coordinates_type\": \"enter\",               \n   \"marker_latitude\": \"44.86981\",\n   \"marker_longitude\": \"18.80838\",\n   \"zoom_level\": \"13px\",\n   \"item_index\":  22                                                         \n  }'><\/div>\n\n      \n\t\t\t\n\n        \t\n\n        <div class=\"ue-maps-navigator-item-content\">\n            <div class=\"ue-maps-navigator-item-title ue-maps-navigator-item-label\">PRONI Center for Youth Development<\/div>\t\n            <div class=\"ue-maps-navigator-item-sub-title\">Br\u010dko, Bosnia and Herzegovina<\/div>\n        <\/div>\n\n    <\/div>\n\n    <div class=\"ue-maps-navigator-item-spacing\"><\/div>\n\n          \n\n\n\n\n\n\t\n\t<div aria-label=\"Catholic Relief Services (CRS)\" aria-role=\"button\" aria-roledescription=\"Catholic Relief Services (CRS) Map Item\" tabindex=\"0\" class=\"ue-google-map_places-item ue-google-map_navigator-item\" data-item-type=\"place\" data-category-index =  \"0\"  data-item_index=\"23\">\n       \n          <div class=\"ue-google-map-setting-item\" data-settings='{\n   \"icon_type\": \"default\",\n   \"marker_custom_icon\": \"\",\n   \"ue_svg_marker\": \"Markers\/stylishBlue.svg\",   \n   \"marker_list_icon\": \"marker\",\n   \"icon_letter\": \"A\",  \n   \"title\": &quot;Catholic&#x20;Relief&#x20;Services&#x20;&#x28;CRS&#x29;&quot;,  \n   \"item_type\": \"place\",         \n   \"coordinates_type\": \"enter\",               \n   \"marker_latitude\": \"43.85682\",\n   \"marker_longitude\": \"18.39668\",\n   \"zoom_level\": \"13px\",\n   \"item_index\":  23                                                         \n  }'><\/div>\n\n      \n\t\t\t\n\n        \t\n\n        <div class=\"ue-maps-navigator-item-content\">\n            <div class=\"ue-maps-navigator-item-title ue-maps-navigator-item-label\">Catholic Relief Services (CRS)<\/div>\t\n            <div class=\"ue-maps-navigator-item-sub-title\">Sarajevo, Bosnia and Herzegovina<\/div>\n        <\/div>\n\n    <\/div>\n\n    <div class=\"ue-maps-navigator-item-spacing\"><\/div>\n\n          \n\n\n\n\n\n\t\n\t<div aria-label=\"UNFPA Abridged Youth Peer Peacebuilding Manual\" aria-role=\"button\" aria-roledescription=\"UNFPA Abridged Youth Peer Peacebuilding Manual Map Item\" tabindex=\"0\" class=\"ue-google-map_places-item ue-google-map_navigator-item\" data-item-type=\"place\" data-category-index =  \"0\"  data-item_index=\"24\">\n       \n          <div class=\"ue-google-map-setting-item\" data-settings='{\n   \"icon_type\": \"default\",\n   \"marker_custom_icon\": \"\",\n   \"ue_svg_marker\": \"Markers\/stylishBlue.svg\",   \n   \"marker_list_icon\": \"marker\",\n   \"icon_letter\": \"A\",  \n   \"title\": &quot;UNFPA&#x20;Abridged&#x20;Youth&#x20;Peer&#x20;Peacebuilding&#x20;Manual&quot;,  \n   \"item_type\": \"place\",         \n   \"coordinates_type\": \"enter\",               \n   \"marker_latitude\": \"43.85763\",\n   \"marker_longitude\": \"18.41374\",\n   \"zoom_level\": \"13px\",\n   \"item_index\":  24                                                         \n  }'><\/div>\n\n      \n\t\t\t\n\n        \t\n\n        <div class=\"ue-maps-navigator-item-content\">\n            <div class=\"ue-maps-navigator-item-title ue-maps-navigator-item-label\">UNFPA Abridged Youth Peer Peacebuilding Manual<\/div>\t\n            <div class=\"ue-maps-navigator-item-sub-title\">Sarajevo, UNFPA Bosnia and Herzegovina<\/div>\n        <\/div>\n\n    <\/div>\n\n    <div class=\"ue-maps-navigator-item-spacing\"><\/div>\n\n          \n\n\n\n\n\n\t\n\t<div aria-label=\"Centre for Peace Studies (CMS)\" aria-role=\"button\" aria-roledescription=\"Centre for Peace Studies (CMS) Map Item\" tabindex=\"0\" class=\"ue-google-map_places-item ue-google-map_navigator-item\" data-item-type=\"place\" data-category-index =  \"0\"  data-item_index=\"25\">\n       \n          <div class=\"ue-google-map-setting-item\" data-settings='{\n   \"icon_type\": \"default\",\n   \"marker_custom_icon\": \"\",\n   \"ue_svg_marker\": \"Markers\/stylishBlue.svg\",   \n   \"marker_list_icon\": \"marker\",\n   \"icon_letter\": \"A\",  \n   \"title\": &quot;Centre&#x20;for&#x20;Peace&#x20;Studies&#x20;&#x28;CMS&#x29;&quot;,  \n   \"item_type\": \"place\",         \n   \"coordinates_type\": \"enter\",               \n   \"marker_latitude\": \"45.80189\",\n   \"marker_longitude\": \"15.94564\",\n   \"zoom_level\": \"13px\",\n   \"item_index\":  25                                                         \n  }'><\/div>\n\n      \n\t\t\t\n\n        \t\n\n        <div class=\"ue-maps-navigator-item-content\">\n            <div class=\"ue-maps-navigator-item-title ue-maps-navigator-item-label\">Centre for Peace Studies (CMS)<\/div>\t\n            <div class=\"ue-maps-navigator-item-sub-title\">Zagreb, Croatia<\/div>\n        <\/div>\n\n    <\/div>\n\n    <div class=\"ue-maps-navigator-item-spacing\"><\/div>\n\n          \n\n\n\n\n\n\t\n\t<div aria-label=\"Jesuit Refugee Service Croatia (JRS Croatia)\" aria-role=\"button\" aria-roledescription=\"Jesuit Refugee Service Croatia (JRS Croatia) Map Item\" tabindex=\"0\" class=\"ue-google-map_places-item ue-google-map_navigator-item\" data-item-type=\"place\" data-category-index =  \"0\"  data-item_index=\"26\">\n       \n          <div class=\"ue-google-map-setting-item\" data-settings='{\n   \"icon_type\": \"default\",\n   \"marker_custom_icon\": \"\",\n   \"ue_svg_marker\": \"Markers\/stylishBlue.svg\",   \n   \"marker_list_icon\": \"marker\",\n   \"icon_letter\": \"A\",  \n   \"title\": &quot;Jesuit&#x20;Refugee&#x20;Service&#x20;Croatia&#x20;&#x28;JRS&#x20;Croatia&#x29;&quot;,  \n   \"item_type\": \"place\",         \n   \"coordinates_type\": \"enter\",               \n   \"marker_latitude\": \"45.81155\",\n   \"marker_longitude\": \"15.98273\",\n   \"zoom_level\": \"13px\",\n   \"item_index\":  26                                                         \n  }'><\/div>\n\n      \n\t\t\t\n\n        \t\n\n        <div class=\"ue-maps-navigator-item-content\">\n            <div class=\"ue-maps-navigator-item-title ue-maps-navigator-item-label\">Jesuit Refugee Service Croatia (JRS Croatia)<\/div>\t\n            <div class=\"ue-maps-navigator-item-sub-title\">Zagreb, Croatia<\/div>\n        <\/div>\n\n    <\/div>\n\n    <div class=\"ue-maps-navigator-item-spacing\"><\/div>\n\n          \n\n\n\n\n\n\t\n\t<div aria-label=\"Ukrainian Community in the Republic of Croatia\" aria-role=\"button\" aria-roledescription=\"Ukrainian Community in the Republic of Croatia Map Item\" tabindex=\"0\" class=\"ue-google-map_places-item ue-google-map_navigator-item\" data-item-type=\"place\" data-category-index =  \"0\"  data-item_index=\"27\">\n       \n          <div class=\"ue-google-map-setting-item\" data-settings='{\n   \"icon_type\": \"default\",\n   \"marker_custom_icon\": \"\",\n   \"ue_svg_marker\": \"Markers\/stylishBlue.svg\",   \n   \"marker_list_icon\": \"marker\",\n   \"icon_letter\": \"A\",  \n   \"title\": &quot;Ukrainian&#x20;Community&#x20;in&#x20;the&#x20;Republic&#x20;of&#x20;Croatia&quot;,  \n   \"item_type\": \"place\",         \n   \"coordinates_type\": \"enter\",               \n   \"marker_latitude\": \"45.80737\",\n   \"marker_longitude\": \"15.97967\",\n   \"zoom_level\": \"13px\",\n   \"item_index\":  27                                                         \n  }'><\/div>\n\n      \n\t\t\t\n\n        \t\n\n        <div class=\"ue-maps-navigator-item-content\">\n            <div class=\"ue-maps-navigator-item-title ue-maps-navigator-item-label\">Ukrainian Community in the Republic of Croatia<\/div>\t\n            <div class=\"ue-maps-navigator-item-sub-title\">Zagreb, Croatia<\/div>\n        <\/div>\n\n    <\/div>\n\n    <div class=\"ue-maps-navigator-item-spacing\"><\/div>\n\n          \n\n\n\n\n\n\t\n\t<div aria-label=\"Youth Peace Group Danube (YPGD)\" aria-role=\"button\" aria-roledescription=\"Youth Peace Group Danube (YPGD) Map Item\" tabindex=\"0\" class=\"ue-google-map_places-item ue-google-map_navigator-item\" data-item-type=\"place\" data-category-index =  \"0\"  data-item_index=\"28\">\n       \n          <div class=\"ue-google-map-setting-item\" data-settings='{\n   \"icon_type\": \"default\",\n   \"marker_custom_icon\": \"\",\n   \"ue_svg_marker\": \"Markers\/stylishBlue.svg\",   \n   \"marker_list_icon\": \"marker\",\n   \"icon_letter\": \"A\",  \n   \"title\": &quot;Youth&#x20;Peace&#x20;Group&#x20;Danube&#x20;&#x28;YPGD&#x29;&quot;,  \n   \"item_type\": \"place\",         \n   \"coordinates_type\": \"enter\",               \n   \"marker_latitude\": \"45.35079\",\n   \"marker_longitude\": \"19.00177\",\n   \"zoom_level\": \"13px\",\n   \"item_index\":  28                                                         \n  }'><\/div>\n\n      \n\t\t\t\n\n        \t\n\n        <div class=\"ue-maps-navigator-item-content\">\n            <div class=\"ue-maps-navigator-item-title ue-maps-navigator-item-label\">Youth Peace Group Danube (YPGD)<\/div>\t\n            <div class=\"ue-maps-navigator-item-sub-title\">Vukovar, Croatia<\/div>\n        <\/div>\n\n    <\/div>\n\n    <div class=\"ue-maps-navigator-item-spacing\"><\/div>\n\n          \n\n\n\n        <\/div>\n      <\/div>\n            \n      \n              <div class=\"ue-google-map_navigator-toggle\" data-open-text=\"View Opportunities\" data-close-text=\"Go back to the Map\" data-pos=\"bot\">\n                    <span class=\"ue-google-map_navigator-toggle-text\">View Opportunities<\/span>\n        <\/div>\n              \n      \n    <\/div>\n    <div class=\"ue-google-map_places-hidden-placeholders uc-items-wrapper2\">\n         <div class=\"ue-google-map__info-window\">\n        \n        <div class=\"ue-google-map__info-window-title\">JSNS: One World in Schools (Jeden sv\u011bt na \u0161kol\u00e1ch)<\/div>\n        \n    <div class=\"ue-google-map__info-window-content\">\n      \n         \n            <div class=\"ue-google-map__info-wrapper\"> \n            <span class=\"ue-google-map__info-icon\"><i class='fas fa-map-marker-alt'><\/i><\/span>   \n            <span class=\"ue-google-map__info\">Czech Republic<\/span> \n            <\/div>  \n        \t\n      \n                      \n       \n            <div class=\"ue-google-map__info-wrapper\"> \n              <span class=\"ue-google-map__info-icon\"><i class='fas fa-globe'><\/i><\/span>   \n              <span class=\"ue-google-map__info\" ><a href=\"https:\/\/www.jsns.cz\"  target='_blank'>www.jsns.cz<\/a><\/span> \n            <\/div>  \n              \n              \t\n\n      \n       \n            <div class=\"ue-google-map__info-window-description\"><p class=\"PDq2pG_selectionAnchorContainer\" data-start=\"26\" data-end=\"367\">One World in Schools is a nationwide educational programme in the Czech Republic promoting human rights, media literacy and global awareness through documentary films, lesson plans and teacher training. It encourages critical thinking, respectful dialogue and understanding of diversity and democratic values among students and young people.<\/p><p data-start=\"369\" data-end=\"678\">The programme is delivered both online and offline and targets students, teachers, educators and youth. It contributes to <strong data-start=\"491\" data-end=\"510\">peace education<\/strong>, <strong data-start=\"512\" data-end=\"533\">cultural dialogue<\/strong> and <strong data-start=\"538\" data-end=\"562\">community resilience<\/strong> by strengthening empathy, democratic awareness and media literacy, helping prevent polarisation and misinformation.<\/p><\/div>\n        \t\n     \n                  \n           \t<div class=\"ue-map-learn-btn\">\n                      <a class=\"uc_more_btn\" href=\"https:\/\/www.jsns.cz\"  target='_blank'>Read More<\/a>\n              \t<\/div>\n            \n    <\/div>\n<\/div>\n<div class=\"ue-google-map__info-window\">\n        \n        <div class=\"ue-google-map__info-window-title\">Demagog.cz: Media Literacy and Fact-Checking Initiative<\/div>\n        \n    <div class=\"ue-google-map__info-window-content\">\n      \n         \n            <div class=\"ue-google-map__info-wrapper\"> \n            <span class=\"ue-google-map__info-icon\"><i class='fas fa-map-marker-alt'><\/i><\/span>   \n            <span class=\"ue-google-map__info\">Czech Republic<\/span> \n            <\/div>  \n        \t\n      \n                      \n       \n            <div class=\"ue-google-map__info-wrapper\"> \n              <span class=\"ue-google-map__info-icon\"><i class='fas fa-globe'><\/i><\/span>   \n              <span class=\"ue-google-map__info\" ><a href=\"https:\/\/demagog.cz\"  target='_blank'>demagog.cz<\/a><\/span> \n            <\/div>  \n              \n              \t\n\n      \n       \n            <div class=\"ue-google-map__info-window-description\"><p class=\"PDq2pG_selectionAnchorContainer\" data-start=\"16\" data-end=\"304\">Demagog.cz is an online educational and analytical platform that fact-checks statements by public figures and promotes evidence-based communication. Through educational materials and media literacy workshops, it helps users recognise misinformation and better understand public discourse.<\/p><p data-start=\"306\" data-end=\"572\">The platform targets students, educators and the general public. It contributes to <strong data-start=\"389\" data-end=\"408\">peace education<\/strong>, <strong data-start=\"410\" data-end=\"434\">community resilience<\/strong> and <strong data-start=\"439\" data-end=\"460\">cultural dialogue<\/strong> by strengthening critical thinking, reducing polarisation and supporting informed, trust-based public dialogue.<\/p><\/div>\n        \t\n     \n                  \n           \t<div class=\"ue-map-learn-btn\">\n                      <a class=\"uc_more_btn\" href=\"https:\/\/demagog.cz\"  target='_blank'>Read More<\/a>\n              \t<\/div>\n            \n    <\/div>\n<\/div>\n<div class=\"ue-google-map__info-window\">\n        \n        <div class=\"ue-google-map__info-window-title\">Multicultural Center Brusinka<\/div>\n        \n    <div class=\"ue-google-map__info-window-content\">\n      \n         \n            <div class=\"ue-google-map__info-wrapper\"> \n            <span class=\"ue-google-map__info-icon\"><i class='fas fa-map-marker-alt'><\/i><\/span>   \n            <span class=\"ue-google-map__info\">Brno, Czech Republic<\/span> \n            <\/div>  \n        \t\n      \n                      \n       \n            <div class=\"ue-google-map__info-wrapper\"> \n              <span class=\"ue-google-map__info-icon\"><i class='fas fa-globe'><\/i><\/span>   \n              <span class=\"ue-google-map__info\" ><a href=\"https:\/\/www.brusinkabrno.cz\"  target='_blank'>www.brusinkabrno.cz<\/a><\/span> \n            <\/div>  \n              \n              \t\n\n      \n       \n            <div class=\"ue-google-map__info-window-description\"><p class=\"PDq2pG_selectionAnchorContainer\" data-start=\"35\" data-end=\"390\">Multicultural Center Brusinka is a community-based organisation in Brno that provides educational, cultural and integration activities for migrants, refugees, children, families and local communities. Its programmes include language courses, creative workshops, community dialogues and intercultural events that promote inclusion and mutual understanding.<\/p><p data-start=\"392\" data-end=\"712\">The centre serves migrants, refugees, children, families, international communities and local residents. It contributes to <strong data-start=\"515\" data-end=\"536\">cultural dialogue<\/strong>, <strong data-start=\"538\" data-end=\"574\">integration of displaced persons<\/strong>, <strong data-start=\"576\" data-end=\"600\">community resilience<\/strong> and <strong data-start=\"605\" data-end=\"638\">intergenerational cooperation<\/strong> by creating safe spaces for dialogue, education and community engagement.<\/p><\/div>\n        \t\n     \n                  \n           \t<div class=\"ue-map-learn-btn\">\n                      <a class=\"uc_more_btn\" href=\"https:\/\/www.brusinkabrno.cz\"  target='_blank'>Read More<\/a>\n              \t<\/div>\n            \n    <\/div>\n<\/div>\n<div class=\"ue-google-map__info-window\">\n        \n        <div class=\"ue-google-map__info-window-title\">Scenarios of Future Migration and Integration Development in Brno (SocioFactor)<\/div>\n        \n    <div class=\"ue-google-map__info-window-content\">\n      \n         \n            <div class=\"ue-google-map__info-wrapper\"> \n            <span class=\"ue-google-map__info-icon\"><i class='fas fa-map-marker-alt'><\/i><\/span>   \n            <span class=\"ue-google-map__info\">Brno, Czech Republic<\/span> \n            <\/div>  \n        \t\n      \n                      \n       \n            <div class=\"ue-google-map__info-wrapper\"> \n              <span class=\"ue-google-map__info-icon\"><i class='fas fa-globe'><\/i><\/span>   \n              <span class=\"ue-google-map__info\" ><a href=\"https:\/\/www.sociofactor.eu\"  target='_blank'>www.sociofactor.eu<\/a><\/span> \n            <\/div>  \n              \n              \t\n\n      \n       \n            <div class=\"ue-google-map__info-window-description\"><p class=\"PDq2pG_selectionAnchorContainer\" data-start=\"85\" data-end=\"384\">This research resource presents a participatory scenario-building process on the future of migration and integration in Brno. It brings together public authorities, NGOs and experts to analyse challenges and develop long-term, inclusive strategies through structured dialogue and strategic planning.<\/p><p data-start=\"386\" data-end=\"685\">The resource targets policymakers, NGOs, educators and community actors. It contributes to <strong data-start=\"477\" data-end=\"501\">community resilience<\/strong>, <strong data-start=\"503\" data-end=\"539\">integration of displaced persons<\/strong>, <strong data-start=\"541\" data-end=\"562\">cultural dialogue<\/strong> and <strong data-start=\"567\" data-end=\"590\">conflict prevention<\/strong> by addressing the root causes of social tensions and promoting inclusive governance and trust.<\/p><\/div>\n        \t\n     \n                  \n           \t<div class=\"ue-map-learn-btn\">\n                      <a class=\"uc_more_btn\" href=\"https:\/\/www.sociofactor.eu\"  target='_blank'>Read More<\/a>\n              \t<\/div>\n            \n    <\/div>\n<\/div>\n<div class=\"ue-google-map__info-window\">\n        \n        <div class=\"ue-google-map__info-window-title\">World Bridge Initiatives<\/div>\n        \n    <div class=\"ue-google-map__info-window-content\">\n      \n         \n            <div class=\"ue-google-map__info-wrapper\"> \n            <span class=\"ue-google-map__info-icon\"><i class='fas fa-map-marker-alt'><\/i><\/span>   \n            <span class=\"ue-google-map__info\">Brno, Czech Republic<\/span> \n            <\/div>  \n        \t\n      \n                      \n       \n            <div class=\"ue-google-map__info-wrapper\"> \n              <span class=\"ue-google-map__info-icon\"><i class='fas fa-globe'><\/i><\/span>   \n              <span class=\"ue-google-map__info\" ><a href=\"https:\/\/worldbridgeinitiatives.org\/\"  target='_blank'>worldbridgeinitiatives.org\/<\/a><\/span> \n            <\/div>  \n              \n              \t\n\n      \n       \n            <div class=\"ue-google-map__info-window-description\"><p class=\"PDq2pG_selectionAnchorContainer\" data-start=\"30\" data-end=\"338\">World Bridge Initiatives is a student-led international organisation that connects communities through storytelling, education and cultural events. Its activities include discussions, film screenings and fundraising events that promote empathy, intercultural understanding and awareness of global challenges.<\/p><p data-start=\"340\" data-end=\"628\">The initiative targets students, young people, international communities and activists. It contributes to <strong data-start=\"446\" data-end=\"467\">cultural dialogue<\/strong>, <strong data-start=\"469\" data-end=\"493\">community engagement<\/strong>, <strong data-start=\"495\" data-end=\"514\">peace education<\/strong> and <strong data-start=\"519\" data-end=\"552\">intergenerational cooperation<\/strong> by fostering grassroots peacebuilding, solidarity and active participation.<\/p><\/div>\n        \t\n     \n                  \n           \t<div class=\"ue-map-learn-btn\">\n                      <a class=\"uc_more_btn\" href=\"https:\/\/worldbridgeinitiatives.org\/\"  target='_blank'>Read More<\/a>\n              \t<\/div>\n            \n    <\/div>\n<\/div>\n<div class=\"ue-google-map__info-window\">\n        \n        <div class=\"ue-google-map__info-window-title\">I Resolve Conflicts and Build Peace Around Me. Basic Peer Mediation Skills<\/div>\n        \n    <div class=\"ue-google-map__info-window-content\">\n      \n         \n            <div class=\"ue-google-map__info-wrapper\"> \n            <span class=\"ue-google-map__info-icon\"><i class='fas fa-map-marker-alt'><\/i><\/span>   \n            <span class=\"ue-google-map__info\">Kyiv, Ukraine<\/span> \n            <\/div>  \n        \t\n      \n                      \n       \n            <div class=\"ue-google-map__info-wrapper\"> \n              <span class=\"ue-google-map__info-icon\"><i class='fas fa-globe'><\/i><\/span>   \n              <span class=\"ue-google-map__info\" ><a href=\"https:\/\/la-strada.org.ua\/\"  target='_blank'>la-strada.org.ua\/<\/a><\/span> \n            <\/div>  \n              \n              \t\n\n      \n       \n            <div class=\"ue-google-map__info-window-description\"><p class=\"PDq2pG_selectionAnchorContainer\" data-start=\"82\" data-end=\"410\">This online educational resource is a practical training manual on peer mediation and restorative practices in schools. It provides structured training sessions, exercises and guidance that help young people develop conflict resolution, communication, negotiation and non-violent dialogue skills through a peer-to-peer approach.<\/p><p data-start=\"412\" data-end=\"783\">The resource targets students aged 11\u201318, peer mediators, teachers, school psychologists, social workers, youth workers and NGO practitioners. It contributes to <strong data-start=\"573\" data-end=\"592\">peace education<\/strong>, <strong data-start=\"594\" data-end=\"618\">community resilience<\/strong>, <strong data-start=\"620\" data-end=\"641\">cultural dialogue<\/strong> and <strong data-start=\"646\" data-end=\"682\">integration of displaced persons<\/strong> by promoting mediation, empathy and inclusive participation to strengthen trust and social cohesion.<\/p><\/div>\n        \t\n     \n                  \n           \t<div class=\"ue-map-learn-btn\">\n                      <a class=\"uc_more_btn\" href=\"https:\/\/la-strada.org.ua\/\"  target='_blank'>Read More<\/a>\n              \t<\/div>\n            \n    <\/div>\n<\/div>\n<div class=\"ue-google-map__info-window\">\n        \n        <div class=\"ue-google-map__info-window-title\">\"Let's Learn to Create Peace\" (\u0412\u0447\u0438\u043c\u043e\u0441\u044f \u0442\u0432\u043e\u0440\u0438\u0442\u0438 \u043c\u0438\u0440): Methodological Handbook<\/div>\n        \n    <div class=\"ue-google-map__info-window-content\">\n      \n         \n            <div class=\"ue-google-map__info-wrapper\"> \n            <span class=\"ue-google-map__info-icon\"><i class='fas fa-map-marker-alt'><\/i><\/span>   \n            <span class=\"ue-google-map__info\">Kyiv, Ukraine<\/span> \n            <\/div>  \n        \t\n      \n                      \n       \n            <div class=\"ue-google-map__info-wrapper\"> \n              <span class=\"ue-google-map__info-icon\"><i class='fas fa-globe'><\/i><\/span>   \n              <span class=\"ue-google-map__info\" ><a href=\"https:\/\/gender-ua.org\/library\"  target='_blank'>gender-ua.org\/library<\/a><\/span> \n            <\/div>  \n              \n              \t\n\n      \n       \n            <div class=\"ue-google-map__info-window-description\"><p class=\"PDq2pG_selectionAnchorContainer\" data-start=\"82\" data-end=\"459\">This online methodological handbook provides practical peace education resources, including interactive training sessions, exercises, forum theatre activities and social action scenarios. Developed within the <em data-start=\"291\" data-end=\"349\">War and Peace: Children's Participation in Peacebuilding<\/em> project, it helps educators teach conflict resolution, tolerance, human rights and non-violent communication.<\/p><p data-start=\"461\" data-end=\"910\">The handbook targets students, educators, youth workers, psychologists, social workers, volunteers and children affected by conflict and displacement. It contributes to <strong data-start=\"630\" data-end=\"649\">peace education<\/strong>, <strong data-start=\"651\" data-end=\"675\">community resilience<\/strong>, <strong data-start=\"677\" data-end=\"713\">integration of displaced persons<\/strong>, <strong data-start=\"715\" data-end=\"736\">cultural dialogue<\/strong>, <strong data-start=\"738\" data-end=\"771\">intergenerational cooperation<\/strong> and <strong data-start=\"776\" data-end=\"797\">historical memory<\/strong> by equipping facilitators with practical tools for building resilience, dialogue and active youth participation.<\/p><\/div>\n        \t\n     \n                  \n           \t<div class=\"ue-map-learn-btn\">\n                      <a class=\"uc_more_btn\" href=\"https:\/\/gender-ua.org\/library\"  target='_blank'>Read More<\/a>\n              \t<\/div>\n            \n    <\/div>\n<\/div>\n<div class=\"ue-google-map__info-window\">\n        \n        <div class=\"ue-google-map__info-window-title\">Association of the Ukrainian Peacebuilding School<\/div>\n        \n    <div class=\"ue-google-map__info-window-content\">\n      \n         \n            <div class=\"ue-google-map__info-wrapper\"> \n            <span class=\"ue-google-map__info-icon\"><i class='fas fa-map-marker-alt'><\/i><\/span>   \n            <span class=\"ue-google-map__info\">Ukraine<\/span> \n            <\/div>  \n        \t\n      \n                      \n       \n            <div class=\"ue-google-map__info-wrapper\"> \n              <span class=\"ue-google-map__info-icon\"><i class='fas fa-globe'><\/i><\/span>   \n              <span class=\"ue-google-map__info\" ><a href=\"https:\/\/www.peacebuilding.org.ua\/\"  target='_blank'>www.peacebuilding.org.ua\/<\/a><\/span> \n            <\/div>  \n              \n              \t\n\n      \n       \n            <div class=\"ue-google-map__info-window-description\"><p class=\"PDq2pG_selectionAnchorContainer\" data-start=\"55\" data-end=\"459\">The Association of the Ukrainian Peacebuilding School is a civil society network that promotes peacebuilding, conflict transformation and community dialogue through training, advocacy and knowledge exchange. Active across multiple regions of Ukraine, it strengthens local leadership and communities' capacity to address social tensions through non-violent communication and participatory decision-making.<\/p><p data-start=\"461\" data-end=\"855\">The network targets community leaders, educators, youth workers, local authorities, civil society organisations and conflict-affected or displaced populations. It contributes to <strong data-start=\"639\" data-end=\"658\">peace education<\/strong>, <strong data-start=\"660\" data-end=\"684\">community resilience<\/strong>, <strong data-start=\"686\" data-end=\"707\">cultural dialogue<\/strong>, <strong data-start=\"709\" data-end=\"745\">integration of displaced persons<\/strong> and <strong data-start=\"750\" data-end=\"783\">intergenerational cooperation<\/strong> by fostering mediation, trust and cooperation within local communities.<\/p><\/div>\n        \t\n     \n                  \n           \t<div class=\"ue-map-learn-btn\">\n                      <a class=\"uc_more_btn\" href=\"https:\/\/www.peacebuilding.org.ua\/\"  target='_blank'>Read More<\/a>\n              \t<\/div>\n            \n    <\/div>\n<\/div>\n<div class=\"ue-google-map__info-window\">\n        \n        <div class=\"ue-google-map__info-window-title\">Donaub\u00fcro Ulm\/Neu-Ulm (Danube Office)<\/div>\n        \n    <div class=\"ue-google-map__info-window-content\">\n      \n         \n            <div class=\"ue-google-map__info-wrapper\"> \n            <span class=\"ue-google-map__info-icon\"><i class='fas fa-map-marker-alt'><\/i><\/span>   \n            <span class=\"ue-google-map__info\">Ulm, Germany<\/span> \n            <\/div>  \n        \t\n      \n                      \n       \n            <div class=\"ue-google-map__info-wrapper\"> \n              <span class=\"ue-google-map__info-icon\"><i class='fas fa-globe'><\/i><\/span>   \n              <span class=\"ue-google-map__info\" ><a href=\"https:\/\/donaubuero.de\/\"  target='_blank'>donaubuero.de\/<\/a><\/span> \n            <\/div>  \n              \n              \t\n\n      \n       \n            <div class=\"ue-google-map__info-window-description\"><p class=\"PDq2pG_selectionAnchorContainer\" data-start=\"419\" data-end=\"704\">The Donaub\u00fcro Ulm\/Neu-Ulm is a regional cooperation hub that connects cultural institutions, educators and civil society organisations across the Danube Region. It supports cross-border projects, intercultural dialogue and regional cooperation through networking and joint initiatives.<\/p><p data-start=\"706\" data-end=\"955\">The organisation targets cultural actors, educators, local institutions and civil society organisations. It contributes to <strong data-start=\"829\" data-end=\"850\">cultural dialogue<\/strong> and <strong data-start=\"855\" data-end=\"879\">community resilience<\/strong> by strengthening partnerships and social cohesion across the Danube Region.<\/p><\/div>\n        \t\n     \n                  \n           \t<div class=\"ue-map-learn-btn\">\n                      <a class=\"uc_more_btn\" href=\"https:\/\/donaubuero.de\/\"  target='_blank'>Read More<\/a>\n              \t<\/div>\n            \n    <\/div>\n<\/div>\n<div class=\"ue-google-map__info-window\">\n        \n        <div class=\"ue-google-map__info-window-title\">Donaufest (Ulm\/Neu-Ulm)<\/div>\n        \n    <div class=\"ue-google-map__info-window-content\">\n      \n         \n            <div class=\"ue-google-map__info-wrapper\"> \n            <span class=\"ue-google-map__info-icon\"><i class='fas fa-map-marker-alt'><\/i><\/span>   \n            <span class=\"ue-google-map__info\">Ulm, Germany<\/span> \n            <\/div>  \n        \t\n      \n                      \n       \n            <div class=\"ue-google-map__info-wrapper\"> \n              <span class=\"ue-google-map__info-icon\"><i class='fas fa-globe'><\/i><\/span>   \n              <span class=\"ue-google-map__info\" ><a href=\"https:\/\/donaufest.de\/\"  target='_blank'>donaufest.de\/<\/a><\/span> \n            <\/div>  \n              \n              \t\n\n      \n       \n            <div class=\"ue-google-map__info-window-description\"><p class=\"PDq2pG_selectionAnchorContainer\" data-start=\"1142\" data-end=\"1389\">Donaufest is an international cultural festival that brings together communities from across the Danube Region through performances, exhibitions and public events. It promotes intercultural dialogue, shared experiences and community participation.<\/p><p data-start=\"1391\" data-end=\"1629\">The festival targets local communities, migrants, displaced persons, families and cultural actors. It contributes to <strong data-start=\"1508\" data-end=\"1529\">cultural dialogue<\/strong> and <strong data-start=\"1534\" data-end=\"1558\">community resilience<\/strong> by encouraging mutual understanding and strengthening social cohesion.<\/p><p data-start=\"1631\" data-end=\"1811\">\u00a0<\/p><\/div>\n        \t\n     \n                  \n           \t<div class=\"ue-map-learn-btn\">\n                      <a class=\"uc_more_btn\" href=\"https:\/\/donaufest.de\/\"  target='_blank'>Read More<\/a>\n              \t<\/div>\n            \n    <\/div>\n<\/div>\n<div class=\"ue-google-map__info-window\">\n        \n        <div class=\"ue-google-map__info-window-title\">Mehrgenerationenhaus Eichbergtreff<\/div>\n        \n    <div class=\"ue-google-map__info-window-content\">\n      \n         \n            <div class=\"ue-google-map__info-wrapper\"> \n            <span class=\"ue-google-map__info-icon\"><i class='fas fa-map-marker-alt'><\/i><\/span>   \n            <span class=\"ue-google-map__info\">Ulm, Germany<\/span> \n            <\/div>  \n        \t\n      \n                      \n       \n            <div class=\"ue-google-map__info-wrapper\"> \n              <span class=\"ue-google-map__info-icon\"><i class='fas fa-globe'><\/i><\/span>   \n              <span class=\"ue-google-map__info\" ><a href=\"https:\/\/www.mehrgenerationenhaeuser.de\/\"  target='_blank'>www.mehrgenerationenhaeuser.de\/<\/a><\/span> \n            <\/div>  \n              \n              \t\n\n      \n       \n            <div class=\"ue-google-map__info-window-description\"><p class=\"PDq2pG_selectionAnchorContainer\" data-start=\"1865\" data-end=\"2127\">Mehrgenerationenhaus Eichbergtreff is an intergenerational community centre that offers educational activities, counselling and opportunities for community participation. It supports social inclusion by bringing together people of different ages and backgrounds.<\/p><p data-start=\"2129\" data-end=\"2387\">The centre targets families, young people, older adults and people in need of support. It contributes to <strong data-start=\"2234\" data-end=\"2267\">intergenerational cooperation<\/strong>, <strong data-start=\"2269\" data-end=\"2293\">community resilience<\/strong> and <strong data-start=\"2298\" data-end=\"2334\">integration of displaced persons<\/strong> by strengthening local networks and social cohesion.<\/p><\/div>\n        \t\n     \n                  \n           \t<div class=\"ue-map-learn-btn\">\n                      <a class=\"uc_more_btn\" href=\"https:\/\/www.mehrgenerationenhaeuser.de\/\"  target='_blank'>Read More<\/a>\n              \t<\/div>\n            \n    <\/div>\n<\/div>\n<div class=\"ue-google-map__info-window\">\n        \n        <div class=\"ue-google-map__info-window-title\">Ulm Adult Education Centre (vh ulm \/ Ulmer Volkshochschule)<\/div>\n        \n    <div class=\"ue-google-map__info-window-content\">\n      \n         \n            <div class=\"ue-google-map__info-wrapper\"> \n            <span class=\"ue-google-map__info-icon\"><i class='fas fa-map-marker-alt'><\/i><\/span>   \n            <span class=\"ue-google-map__info\">Ulm, Germany<\/span> \n            <\/div>  \n        \t\n      \n                      \n       \n            <div class=\"ue-google-map__info-wrapper\"> \n              <span class=\"ue-google-map__info-icon\"><i class='fas fa-globe'><\/i><\/span>   \n              <span class=\"ue-google-map__info\" ><a href=\"https:\/\/www.vh-ulm.de\/\"  target='_blank'>www.vh-ulm.de\/<\/a><\/span> \n            <\/div>  \n              \n              \t\n\n      \n       \n            <div class=\"ue-google-map__info-window-description\"><p class=\"PDq2pG_selectionAnchorContainer\" data-start=\"2628\" data-end=\"2896\">Ulm Adult Education Centre is one of the city's main adult learning institutions, offering language, integration and civic education programmes. It provides accessible lifelong learning opportunities that encourage social participation and intercultural understanding.<\/p><p data-start=\"2898\" data-end=\"3125\">The institution targets adults, migrants, displaced persons and educators. It contributes to <strong data-start=\"2991\" data-end=\"3027\">integration of displaced persons<\/strong>, <strong data-start=\"3029\" data-end=\"3048\">peace education<\/strong> and <strong data-start=\"3053\" data-end=\"3077\">community resilience<\/strong> through inclusive education and civic learning.<\/p><\/div>\n        \t\n     \n                  \n           \t<div class=\"ue-map-learn-btn\">\n                      <a class=\"uc_more_btn\" href=\"https:\/\/www.vh-ulm.de\/\"  target='_blank'>Read More<\/a>\n              \t<\/div>\n            \n    <\/div>\n<\/div>\n<div class=\"ue-google-map__info-window\">\n        \n        <div class=\"ue-google-map__info-window-title\">Baarverein \u2013 Verein f\u00fcr Geschichte und Naturgeschichte der Baar<\/div>\n        \n    <div class=\"ue-google-map__info-window-content\">\n      \n         \n            <div class=\"ue-google-map__info-wrapper\"> \n            <span class=\"ue-google-map__info-icon\"><i class='fas fa-map-marker-alt'><\/i><\/span>   \n            <span class=\"ue-google-map__info\">Donaueschingen, Germany<\/span> \n            <\/div>  \n        \t\n      \n                      \n       \n            <div class=\"ue-google-map__info-wrapper\"> \n              <span class=\"ue-google-map__info-icon\"><i class='fas fa-globe'><\/i><\/span>   \n              <span class=\"ue-google-map__info\" ><a href=\"https:\/\/www.baarverein.de\/\"  target='_blank'>www.baarverein.de\/<\/a><\/span> \n            <\/div>  \n              \n              \t\n\n      \n       \n            <div class=\"ue-google-map__info-window-description\"><p class=\"PDq2pG_selectionAnchorContainer\" data-start=\"3314\" data-end=\"3560\">Baarverein is a regional cultural and historical association promoting the heritage, history and natural environment of the Baar region. Through lectures, publications and educational events, it strengthens cultural identity and public awareness.<\/p><p data-start=\"3562\" data-end=\"3816\">The association targets educators, adult learners and local communities. It contributes to <strong data-start=\"3653\" data-end=\"3664\">culture<\/strong>, <strong data-start=\"3666\" data-end=\"3675\">peace<\/strong>, <strong data-start=\"3677\" data-end=\"3696\">social cohesion<\/strong>, <strong data-start=\"3698\" data-end=\"3728\">intergenerational learning<\/strong> and <strong data-start=\"3733\" data-end=\"3754\">cultural heritage<\/strong> by encouraging dialogue and appreciation of regional history.<\/p><\/div>\n        \t\n     \n                  \n           \t<div class=\"ue-map-learn-btn\">\n                      <a class=\"uc_more_btn\" href=\"https:\/\/www.baarverein.de\/\"  target='_blank'>Read More<\/a>\n              \t<\/div>\n            \n    <\/div>\n<\/div>\n<div class=\"ue-google-map__info-window\">\n        \n        <div class=\"ue-google-map__info-window-title\">Schwarzwaldverein Donaueschingen e.V.<\/div>\n        \n    <div class=\"ue-google-map__info-window-content\">\n      \n         \n            <div class=\"ue-google-map__info-wrapper\"> \n            <span class=\"ue-google-map__info-icon\"><i class='fas fa-map-marker-alt'><\/i><\/span>   \n            <span class=\"ue-google-map__info\">Donaueschingen, Germany<\/span> \n            <\/div>  \n        \t\n      \n                      \n       \n            <div class=\"ue-google-map__info-wrapper\"> \n              <span class=\"ue-google-map__info-icon\"><i class='fas fa-globe'><\/i><\/span>   \n              <span class=\"ue-google-map__info\" ><a href=\"https:\/\/schwarzwaldverein-donaueschingen.de\/\"  target='_blank'>schwarzwaldverein-donaueschingen.de\/<\/a><\/span> \n            <\/div>  \n              \n              \t\n\n      \n       \n            <div class=\"ue-google-map__info-window-description\"><p class=\"PDq2pG_selectionAnchorContainer\" data-start=\"3994\" data-end=\"4227\">Schwarzwaldverein Donaueschingen promotes community engagement through nature, regional culture and educational activities. Its guided walks, cultural events and volunteer initiatives strengthen local identity and social connections.<\/p><p data-start=\"4229\" data-end=\"4470\">The association targets local communities, families, civic groups and adult learners. It contributes to <strong data-start=\"4333\" data-end=\"4344\">culture<\/strong>, <strong data-start=\"4346\" data-end=\"4370\">community resilience<\/strong>, <strong data-start=\"4372\" data-end=\"4391\">social cohesion<\/strong> and <strong data-start=\"4396\" data-end=\"4426\">intergenerational exchange<\/strong> by fostering participation and cooperation.<\/p><\/div>\n        \t\n     \n                  \n           \t<div class=\"ue-map-learn-btn\">\n                      <a class=\"uc_more_btn\" href=\"https:\/\/schwarzwaldverein-donaueschingen.de\/\"  target='_blank'>Read More<\/a>\n              \t<\/div>\n            \n    <\/div>\n<\/div>\n<div class=\"ue-google-map__info-window\">\n        \n        <div class=\"ue-google-map__info-window-title\">Gesellschaft der Musikfreunde in Donaueschingen<\/div>\n        \n    <div class=\"ue-google-map__info-window-content\">\n      \n         \n            <div class=\"ue-google-map__info-wrapper\"> \n            <span class=\"ue-google-map__info-icon\"><i class='fas fa-map-marker-alt'><\/i><\/span>   \n            <span class=\"ue-google-map__info\">Donaueschingen, Germany<\/span> \n            <\/div>  \n        \t\n      \n                      \n       \n            <div class=\"ue-google-map__info-wrapper\"> \n              <span class=\"ue-google-map__info-icon\"><i class='fas fa-globe'><\/i><\/span>   \n              <span class=\"ue-google-map__info\" ><a href=\"https:\/\/www.musikfreunde-donaueschingen.de\/\"  target='_blank'>www.musikfreunde-donaueschingen.de\/<\/a><\/span> \n            <\/div>  \n              \n              \t\n\n      \n       \n            <div class=\"ue-google-map__info-window-description\"><p class=\"PDq2pG_selectionAnchorContainer\" data-start=\"263\" data-end=\"537\">The Gesellschaft der Musikfreunde is a historic cultural association that promotes music, artistic exchange and cultural dialogue. Closely linked to the internationally renowned Donaueschinger Musiktage, it supports contemporary music and international cultural cooperation.<\/p><p data-start=\"539\" data-end=\"757\">The association targets cultural audiences, artists, students and international visitors. It contributes to <strong data-start=\"647\" data-end=\"658\">culture<\/strong>, <strong data-start=\"660\" data-end=\"669\">peace<\/strong> and <strong data-start=\"674\" data-end=\"700\">intercultural dialogue<\/strong> by fostering artistic exchange and mutual understanding.<\/p><\/div>\n        \t\n     \n                  \n           \t<div class=\"ue-map-learn-btn\">\n                      <a class=\"uc_more_btn\" href=\"https:\/\/www.musikfreunde-donaueschingen.de\/\"  target='_blank'>Read More<\/a>\n              \t<\/div>\n            \n    <\/div>\n<\/div>\n<div class=\"ue-google-map__info-window\">\n        \n        <div class=\"ue-google-map__info-window-title\">Donaueschinger Musiktage (Donaueschingen Music Festival)<\/div>\n        \n    <div class=\"ue-google-map__info-window-content\">\n      \n         \n            <div class=\"ue-google-map__info-wrapper\"> \n            <span class=\"ue-google-map__info-icon\"><i class='fas fa-map-marker-alt'><\/i><\/span>   \n            <span class=\"ue-google-map__info\">Donaueschingen, Germany<\/span> \n            <\/div>  \n        \t\n      \n                      \n       \n            <div class=\"ue-google-map__info-wrapper\"> \n              <span class=\"ue-google-map__info-icon\"><i class='fas fa-globe'><\/i><\/span>   \n              <span class=\"ue-google-map__info\" ><a href=\"https:\/\/www.donaueschinger-musiktage.de\/\"  target='_blank'>www.donaueschinger-musiktage.de\/<\/a><\/span> \n            <\/div>  \n              \n              \t\n\n      \n       \n            <div class=\"ue-google-map__info-window-description\"><p class=\"PDq2pG_selectionAnchorContainer\" data-start=\"1025\" data-end=\"1322\">Donaueschinger Musiktage is one of the world's oldest contemporary music festivals, bringing together international artists, audiences and educators through concerts, workshops and participatory cultural programmes. It promotes artistic innovation, intercultural dialogue and community engagement.<\/p><p data-start=\"1324\" data-end=\"1589\">The festival targets cultural audiences, students, educators, youth and international artists. It contributes to <strong data-start=\"1437\" data-end=\"1448\">culture<\/strong>, <strong data-start=\"1450\" data-end=\"1469\">social cohesion<\/strong>, <strong data-start=\"1471\" data-end=\"1497\">intercultural dialogue<\/strong> and <strong data-start=\"1502\" data-end=\"1526\">community engagement<\/strong> by creating opportunities for international cultural exchange.<\/p><\/div>\n        \t\n     \n                  \n           \t<div class=\"ue-map-learn-btn\">\n                      <a class=\"uc_more_btn\" href=\"https:\/\/www.donaueschinger-musiktage.de\/\"  target='_blank'>Read More<\/a>\n              \t<\/div>\n            \n    <\/div>\n<\/div>\n<div class=\"ue-google-map__info-window\">\n        \n        <div class=\"ue-google-map__info-window-title\">Museum Art.Plus<\/div>\n        \n    <div class=\"ue-google-map__info-window-content\">\n      \n         \n            <div class=\"ue-google-map__info-wrapper\"> \n            <span class=\"ue-google-map__info-icon\"><i class='fas fa-map-marker-alt'><\/i><\/span>   \n            <span class=\"ue-google-map__info\">Donaueschingen, Germany<\/span> \n            <\/div>  \n        \t\n      \n                      \n       \n            <div class=\"ue-google-map__info-wrapper\"> \n              <span class=\"ue-google-map__info-icon\"><i class='fas fa-globe'><\/i><\/span>   \n              <span class=\"ue-google-map__info\" ><a href=\"https:\/\/www.museum-art-plus.com\/\"  target='_blank'>www.museum-art-plus.com\/<\/a><\/span> \n            <\/div>  \n              \n              \t\n\n      \n       \n            <div class=\"ue-google-map__info-window-description\"><p class=\"PDq2pG_selectionAnchorContainer\" data-start=\"1811\" data-end=\"2057\">Museum Art.Plus is a contemporary art museum that presents international exhibitions alongside workshops, guided tours and public cultural events. It provides a platform for artistic expression, intercultural exchange and community participation.<\/p><p data-start=\"2059\" data-end=\"2321\">The museum targets educators, students, cultural audiences and local communities. It contributes to <strong data-start=\"2159\" data-end=\"2170\">culture<\/strong>, <strong data-start=\"2172\" data-end=\"2191\">social cohesion<\/strong>, <strong data-start=\"2193\" data-end=\"2219\">intercultural dialogue<\/strong>, <strong data-start=\"2221\" data-end=\"2245\">community engagement<\/strong> and <strong data-start=\"2250\" data-end=\"2283\">intergenerational interaction<\/strong> through inclusive public programming.<\/p><p class=\"\" data-start=\"2323\" data-end=\"2486\">\u00a0<\/p><\/div>\n        \t\n     \n                  \n           \t<div class=\"ue-map-learn-btn\">\n                      <a class=\"uc_more_btn\" href=\"https:\/\/www.museum-art-plus.com\/\"  target='_blank'>Read More<\/a>\n              \t<\/div>\n            \n    <\/div>\n<\/div>\n<div class=\"ue-google-map__info-window\">\n        \n        <div class=\"ue-google-map__info-window-title\">CINE Polska Film Festival Freiburg<\/div>\n        \n    <div class=\"ue-google-map__info-window-content\">\n      \n         \n            <div class=\"ue-google-map__info-wrapper\"> \n            <span class=\"ue-google-map__info-icon\"><i class='fas fa-map-marker-alt'><\/i><\/span>   \n            <span class=\"ue-google-map__info\">Freiburg im Breisgau, Germany<\/span> \n            <\/div>  \n        \t\n      \n                      \n       \n            <div class=\"ue-google-map__info-wrapper\"> \n              <span class=\"ue-google-map__info-icon\"><i class='fas fa-globe'><\/i><\/span>   \n              <span class=\"ue-google-map__info\" ><a href=\"https:\/\/www.koki-freiburg.de\/cinepolska-2026\"  target='_blank'>www.koki-freiburg.de\/cinepolska-2026<\/a><\/span> \n            <\/div>  \n              \n              \t\n\n      \n       \n            <div class=\"ue-google-map__info-window-description\"><p class=\"PDq2pG_selectionAnchorContainer\" data-start=\"2541\" data-end=\"2784\">CINE Polska is a cultural film festival showcasing contemporary Polish cinema while promoting dialogue between Polish and German audiences. Through film screenings and discussions, it encourages reflection on history, identity and coexistence.<\/p><p data-start=\"2786\" data-end=\"3063\">The festival targets the general public, students, educators, migrants and cultural professionals. It contributes to <strong data-start=\"2903\" data-end=\"2914\">culture<\/strong>, <strong data-start=\"2916\" data-end=\"2931\">integration<\/strong>, <strong data-start=\"2933\" data-end=\"2942\">peace<\/strong>, <strong data-start=\"2944\" data-end=\"2963\">social cohesion<\/strong> and <strong data-start=\"2968\" data-end=\"2998\">intergenerational dialogue<\/strong> by using storytelling to strengthen intercultural understanding.<\/p><\/div>\n        \t\n     \n                  \n           \t<div class=\"ue-map-learn-btn\">\n                      <a class=\"uc_more_btn\" href=\"https:\/\/www.koki-freiburg.de\/cinepolska-2026\"  target='_blank'>Read More<\/a>\n              \t<\/div>\n            \n    <\/div>\n<\/div>\n<div class=\"ue-google-map__info-window\">\n        \n        <div class=\"ue-google-map__info-window-title\">Grafeneck Memorial Site (Gedenkst\u00e4tte Grafeneck)<\/div>\n        \n    <div class=\"ue-google-map__info-window-content\">\n      \n         \n            <div class=\"ue-google-map__info-wrapper\"> \n            <span class=\"ue-google-map__info-icon\"><i class='fas fa-map-marker-alt'><\/i><\/span>   \n            <span class=\"ue-google-map__info\">Gomadingen, Baden-W\u00fcrttemberg, Germany<\/span> \n            <\/div>  \n        \t\n      \n                      \n       \n            <div class=\"ue-google-map__info-wrapper\"> \n              <span class=\"ue-google-map__info-icon\"><i class='fas fa-globe'><\/i><\/span>   \n              <span class=\"ue-google-map__info\" ><a href=\"https:\/\/gedenkstaette-grafeneck.de\/\"  target='_blank'>gedenkstaette-grafeneck.de\/<\/a><\/span> \n            <\/div>  \n              \n              \t\n\n      \n       \n            <div class=\"ue-google-map__info-window-description\"><p class=\"PDq2pG_selectionAnchorContainer\" data-start=\"3278\" data-end=\"3530\">Grafeneck Memorial Site is a remembrance and educational centre dedicated to the victims of Nazi crimes. Through exhibitions, guided visits and educational programmes, it connects historical memory with democratic values, inclusion and peace education.<\/p><p data-start=\"3532\" data-end=\"3812\">The memorial targets students, educators, civil society organisations and local communities. It contributes to <strong data-start=\"3643\" data-end=\"3652\">peace<\/strong>, <strong data-start=\"3654\" data-end=\"3679\">democratic resilience<\/strong>, <strong data-start=\"3681\" data-end=\"3701\">social inclusion<\/strong>, <strong data-start=\"3703\" data-end=\"3714\">culture<\/strong> and <strong data-start=\"3719\" data-end=\"3749\">intergenerational dialogue<\/strong> by encouraging historical reflection and civic responsibility.<\/p><\/div>\n        \t\n     \n                  \n           \t<div class=\"ue-map-learn-btn\">\n                      <a class=\"uc_more_btn\" href=\"https:\/\/gedenkstaette-grafeneck.de\/\"  target='_blank'>Read More<\/a>\n              \t<\/div>\n            \n    <\/div>\n<\/div>\n<div class=\"ue-google-map__info-window\">\n        \n        <div class=\"ue-google-map__info-window-title\">Foundation for Polish-German Cooperation (FWPN)<\/div>\n        \n    <div class=\"ue-google-map__info-window-content\">\n      \n         \n            <div class=\"ue-google-map__info-wrapper\"> \n            <span class=\"ue-google-map__info-icon\"><i class='fas fa-map-marker-alt'><\/i><\/span>   \n            <span class=\"ue-google-map__info\">Berlin, Germany<\/span> \n            <\/div>  \n        \t\n      \n                      \n       \n            <div class=\"ue-google-map__info-wrapper\"> \n              <span class=\"ue-google-map__info-icon\"><i class='fas fa-globe'><\/i><\/span>   \n              <span class=\"ue-google-map__info\" ><a href=\"https:\/\/fwpn.org.pl\/\"  target='_blank'>fwpn.org.pl\/<\/a><\/span> \n            <\/div>  \n              \n              \t\n\n      \n       \n            <div class=\"ue-google-map__info-window-description\"><p class=\"PDq2pG_selectionAnchorContainer\" data-start=\"4025\" data-end=\"4312\">The Foundation for Polish-German Cooperation supports educational, cultural and civic initiatives that promote dialogue, reconciliation and cross-border cooperation between Poland and Germany. It funds projects addressing democratic values, historical responsibility and social cohesion.<\/p><p data-start=\"4314\" data-end=\"4551\">The foundation targets NGOs, cultural institutions, policymakers and adult learners. It contributes to <strong data-start=\"4417\" data-end=\"4426\">peace<\/strong>, <strong data-start=\"4428\" data-end=\"4454\">intercultural dialogue<\/strong> and <strong data-start=\"4459\" data-end=\"4488\">post-conflict cooperation<\/strong> by supporting long-term educational and cultural partnerships.<\/p><\/div>\n        \t\n     \n                  \n           \t<div class=\"ue-map-learn-btn\">\n                      <a class=\"uc_more_btn\" href=\"https:\/\/fwpn.org.pl\/\"  target='_blank'>Read More<\/a>\n              \t<\/div>\n            \n    <\/div>\n<\/div>\n<div class=\"ue-google-map__info-window\">\n        \n        <div class=\"ue-google-map__info-window-title\">War Childhood Museum<\/div>\n        \n    <div class=\"ue-google-map__info-window-content\">\n      \n         \n            <div class=\"ue-google-map__info-wrapper\"> \n            <span class=\"ue-google-map__info-icon\"><i class='fas fa-map-marker-alt'><\/i><\/span>   \n            <span class=\"ue-google-map__info\">Sarajevo, Bosnia and Herzegovina<\/span> \n            <\/div>  \n        \t\n      \n                      \n       \n            <div class=\"ue-google-map__info-wrapper\"> \n              <span class=\"ue-google-map__info-icon\"><i class='fas fa-globe'><\/i><\/span>   \n              <span class=\"ue-google-map__info\" ><a href=\"https:\/\/warchildhood.org\/\"  target='_blank'>warchildhood.org\/<\/a><\/span> \n            <\/div>  \n              \n              \t\n\n      \n       \n            <div class=\"ue-google-map__info-window-description\"><p class=\"PDq2pG_selectionAnchorContainer\" data-start=\"202\" data-end=\"512\">The War Childhood Museum is an internationally recognised institution that documents personal experiences of childhood during war through exhibitions, educational programmes and workshops. Using storytelling and guided reflection, it promotes empathy, historical awareness and peacebuilding across generations.<\/p><p data-start=\"514\" data-end=\"815\">The museum targets students, educators, adult learners, cultural actors and civil society organisations. It contributes to <strong data-start=\"637\" data-end=\"656\">peace education<\/strong>, <strong data-start=\"658\" data-end=\"679\">cultural dialogue<\/strong>, <strong data-start=\"681\" data-end=\"705\">community resilience<\/strong> and <strong data-start=\"710\" data-end=\"731\">historical memory<\/strong> by encouraging dialogue, empathy and critical reflection on the impact of conflict.<\/p><\/div>\n        \t\n     \n                  \n           \t<div class=\"ue-map-learn-btn\">\n                      <a class=\"uc_more_btn\" href=\"https:\/\/warchildhood.org\/\"  target='_blank'>Read More<\/a>\n              \t<\/div>\n            \n    <\/div>\n<\/div>\n<div class=\"ue-google-map__info-window\">\n        \n        <div class=\"ue-google-map__info-window-title\">PRONI Center for Youth Development<\/div>\n        \n    <div class=\"ue-google-map__info-window-content\">\n      \n         \n            <div class=\"ue-google-map__info-wrapper\"> \n            <span class=\"ue-google-map__info-icon\"><i class='fas fa-map-marker-alt'><\/i><\/span>   \n            <span class=\"ue-google-map__info\">Br\u010dko, Bosnia and Herzegovina<\/span> \n            <\/div>  \n        \t\n      \n                      \n       \n            <div class=\"ue-google-map__info-wrapper\"> \n              <span class=\"ue-google-map__info-icon\"><i class='fas fa-globe'><\/i><\/span>   \n              <span class=\"ue-google-map__info\" ><a href=\"https:\/\/proni.ba\/\"  target='_blank'>proni.ba\/<\/a><\/span> \n            <\/div>  \n              \n              \t\n\n      \n       \n            <div class=\"ue-google-map__info-window-description\"><p class=\"PDq2pG_selectionAnchorContainer\" data-start=\"999\" data-end=\"1316\">PRONI Center for Youth Development is a civil society organisation promoting peacebuilding, volunteerism and community development through educational programmes, training and non-formal learning. Its activities strengthen active citizenship, intercultural dialogue and social inclusion across Bosnia and Herzegovina.<\/p><p data-start=\"1318\" data-end=\"1590\">The organisation targets young people, educators, volunteers, adult learners and community members. It contributes to <strong data-start=\"1436\" data-end=\"1455\">peace education<\/strong>, <strong data-start=\"1457\" data-end=\"1481\">community resilience<\/strong>, <strong data-start=\"1483\" data-end=\"1504\">cultural dialogue<\/strong> and <strong data-start=\"1509\" data-end=\"1531\">active citizenship<\/strong> by fostering civic participation and community engagement.<\/p><\/div>\n        \t\n     \n                  \n           \t<div class=\"ue-map-learn-btn\">\n                      <a class=\"uc_more_btn\" href=\"https:\/\/proni.ba\/\"  target='_blank'>Read More<\/a>\n              \t<\/div>\n            \n    <\/div>\n<\/div>\n<div class=\"ue-google-map__info-window\">\n        \n        <div class=\"ue-google-map__info-window-title\">Catholic Relief Services (CRS)<\/div>\n        \n    <div class=\"ue-google-map__info-window-content\">\n      \n         \n            <div class=\"ue-google-map__info-wrapper\"> \n            <span class=\"ue-google-map__info-icon\"><i class='fas fa-map-marker-alt'><\/i><\/span>   \n            <span class=\"ue-google-map__info\">Sarajevo, Bosnia and Herzegovina<\/span> \n            <\/div>  \n        \t\n      \n                      \n       \n            <div class=\"ue-google-map__info-wrapper\"> \n              <span class=\"ue-google-map__info-icon\"><i class='fas fa-globe'><\/i><\/span>   \n              <span class=\"ue-google-map__info\" ><a href=\"https:\/\/www.crs.org\/\"  target='_blank'>www.crs.org\/<\/a><\/span> \n            <\/div>  \n              \n              \t\n\n      \n       \n            <div class=\"ue-google-map__info-window-description\"><p class=\"PDq2pG_selectionAnchorContainer\" data-start=\"1768\" data-end=\"2059\">Catholic Relief Services (CRS) has implemented long-term programmes in Bosnia and Herzegovina focused on peacebuilding, social cohesion, education and community resilience. Working with local partners, it supports dialogue, cooperation and inclusive development in post-conflict communities.<\/p><p data-start=\"2061\" data-end=\"2375\">The organisation targets educators, adult learners, community leaders, civil society organisations and vulnerable groups. It contributes to <strong data-start=\"2201\" data-end=\"2220\">peace education<\/strong>, <strong data-start=\"2222\" data-end=\"2246\">community resilience<\/strong>, <strong data-start=\"2248\" data-end=\"2269\">cultural dialogue<\/strong> and <strong data-start=\"2274\" data-end=\"2309\">integration and social cohesion<\/strong> by strengthening trust and cooperation among diverse communities.<\/p><\/div>\n        \t\n     \n                  \n           \t<div class=\"ue-map-learn-btn\">\n                      <a class=\"uc_more_btn\" href=\"https:\/\/www.crs.org\/\"  target='_blank'>Read More<\/a>\n              \t<\/div>\n            \n    <\/div>\n<\/div>\n<div class=\"ue-google-map__info-window\">\n        \n        <div class=\"ue-google-map__info-window-title\">UNFPA Abridged Youth Peer Peacebuilding Manual<\/div>\n        \n    <div class=\"ue-google-map__info-window-content\">\n      \n         \n            <div class=\"ue-google-map__info-wrapper\"> \n            <span class=\"ue-google-map__info-icon\"><i class='fas fa-map-marker-alt'><\/i><\/span>   \n            <span class=\"ue-google-map__info\">Sarajevo, UNFPA Bosnia and Herzegovina<\/span> \n            <\/div>  \n        \t\n      \n                      \n       \n            <div class=\"ue-google-map__info-wrapper\"> \n              <span class=\"ue-google-map__info-icon\"><i class='fas fa-globe'><\/i><\/span>   \n              <span class=\"ue-google-map__info\" ><a href=\"https:\/\/ba.unfpa.org\/en\/publications\/abridged-youth-peer-peacebuilding-manual\"  target='_blank'>ba.unfpa.org\/en\/publications\/abridged-youth-peer-peacebuilding-manual<\/a><\/span> \n            <\/div>  \n              \n              \t\n\n      \n       \n            <div class=\"ue-google-map__info-window-description\"><p class=\"PDq2pG_selectionAnchorContainer\" data-start=\"2566\" data-end=\"2897\">The UNFPA Abridged Youth Peer Peacebuilding Manual is an online educational handbook that provides practical peer-learning activities, facilitation guidance and tools for promoting dialogue, conflict resolution and cooperation. It supports both formal and non-formal education through interactive and inclusive learning approaches.<\/p><p data-start=\"2899\" data-end=\"3198\">The handbook targets educators, youth workers, adult educators, young people and community facilitators. It contributes to <strong data-start=\"3022\" data-end=\"3041\">peace education<\/strong>, <strong data-start=\"3043\" data-end=\"3067\">community resilience<\/strong>, <strong data-start=\"3069\" data-end=\"3090\">cultural dialogue<\/strong> and <strong data-start=\"3095\" data-end=\"3128\">intergenerational cooperation<\/strong> by providing a structured methodology for peer-based peace education.<\/p><\/div>\n        \t\n     \n                  \n           \t<div class=\"ue-map-learn-btn\">\n                      <a class=\"uc_more_btn\" href=\"https:\/\/ba.unfpa.org\/en\/publications\/abridged-youth-peer-peacebuilding-manual\"  target='_blank'>Read More<\/a>\n              \t<\/div>\n            \n    <\/div>\n<\/div>\n<div class=\"ue-google-map__info-window\">\n        \n        <div class=\"ue-google-map__info-window-title\">Centre for Peace Studies (CMS)<\/div>\n        \n    <div class=\"ue-google-map__info-window-content\">\n      \n         \n            <div class=\"ue-google-map__info-wrapper\"> \n            <span class=\"ue-google-map__info-icon\"><i class='fas fa-map-marker-alt'><\/i><\/span>   \n            <span class=\"ue-google-map__info\">Zagreb, Croatia<\/span> \n            <\/div>  \n        \t\n      \n                      \n       \n            <div class=\"ue-google-map__info-wrapper\"> \n              <span class=\"ue-google-map__info-icon\"><i class='fas fa-globe'><\/i><\/span>   \n              <span class=\"ue-google-map__info\" ><a href=\"https:\/\/www.cms.hr\/\"  target='_blank'>www.cms.hr\/<\/a><\/span> \n            <\/div>  \n              \n              \t\n\n      \n       \n            <div class=\"ue-google-map__info-window-description\"><p class=\"PDq2pG_selectionAnchorContainer\" data-start=\"228\" data-end=\"536\">The Centre for Peace Studies (CMS) is a civil society organisation that promotes peace education, non-violence, human rights and social inclusion through non-formal education, training, research and public campaigns. It places particular emphasis on supporting migrants, refugees and other vulnerable groups.<\/p><p data-start=\"538\" data-end=\"847\">The organisation targets adults, educators, civil society organisations, migrants, refugees and community members. It contributes to <strong data-start=\"671\" data-end=\"690\">peace education<\/strong>, <strong data-start=\"692\" data-end=\"713\">cultural dialogue<\/strong>, <strong data-start=\"715\" data-end=\"739\">community resilience<\/strong> and <strong data-start=\"744\" data-end=\"780\">integration of displaced persons<\/strong> by strengthening democratic values, dialogue and social inclusion.<\/p><\/div>\n        \t\n     \n                  \n           \t<div class=\"ue-map-learn-btn\">\n                      <a class=\"uc_more_btn\" href=\"https:\/\/www.cms.hr\/\"  target='_blank'>Read More<\/a>\n              \t<\/div>\n            \n    <\/div>\n<\/div>\n<div class=\"ue-google-map__info-window\">\n        \n        <div class=\"ue-google-map__info-window-title\">Jesuit Refugee Service Croatia (JRS Croatia)<\/div>\n        \n    <div class=\"ue-google-map__info-window-content\">\n      \n         \n            <div class=\"ue-google-map__info-wrapper\"> \n            <span class=\"ue-google-map__info-icon\"><i class='fas fa-map-marker-alt'><\/i><\/span>   \n            <span class=\"ue-google-map__info\">Zagreb, Croatia<\/span> \n            <\/div>  \n        \t\n      \n                      \n       \n            <div class=\"ue-google-map__info-wrapper\"> \n              <span class=\"ue-google-map__info-icon\"><i class='fas fa-globe'><\/i><\/span>   \n              <span class=\"ue-google-map__info\" ><a href=\"https:\/\/www.jrs.hr\/\"  target='_blank'>www.jrs.hr\/<\/a><\/span> \n            <\/div>  \n              \n              \t\n\n      \n       \n            <div class=\"ue-google-map__info-window-description\"><p class=\"PDq2pG_selectionAnchorContainer\" data-start=\"1018\" data-end=\"1339\">Jesuit Refugee Service Croatia provides comprehensive support to refugees, asylum seekers and displaced persons through education, psychosocial support and community integration programmes. Its activities promote dignity, autonomy and active participation, with particular support for people displaced by armed conflicts.<\/p><p data-start=\"1341\" data-end=\"1636\">The organisation targets refugees, asylum seekers, displaced persons, migrants, vulnerable families and volunteers. It contributes to <strong data-start=\"1475\" data-end=\"1494\">peace education<\/strong>, <strong data-start=\"1496\" data-end=\"1517\">cultural dialogue<\/strong>, <strong data-start=\"1519\" data-end=\"1543\">community resilience<\/strong> and <strong data-start=\"1548\" data-end=\"1584\">integration of displaced persons<\/strong> by fostering inclusion and community-based support.<\/p><\/div>\n        \t\n     \n                  \n           \t<div class=\"ue-map-learn-btn\">\n                      <a class=\"uc_more_btn\" href=\"https:\/\/www.jrs.hr\/\"  target='_blank'>Read More<\/a>\n              \t<\/div>\n            \n    <\/div>\n<\/div>\n<div class=\"ue-google-map__info-window\">\n        \n        <div class=\"ue-google-map__info-window-title\">Ukrainian Community in the Republic of Croatia<\/div>\n        \n    <div class=\"ue-google-map__info-window-content\">\n      \n         \n            <div class=\"ue-google-map__info-wrapper\"> \n            <span class=\"ue-google-map__info-icon\"><i class='fas fa-map-marker-alt'><\/i><\/span>   \n            <span class=\"ue-google-map__info\">Zagreb, Croatia<\/span> \n            <\/div>  \n        \t\n      \n                      \n       \n            <div class=\"ue-google-map__info-wrapper\"> \n              <span class=\"ue-google-map__info-icon\"><i class='fas fa-globe'><\/i><\/span>   \n              <span class=\"ue-google-map__info\" ><a href=\"https:\/\/www.ukrajinci.hr\/\"  target='_blank'>www.ukrajinci.hr\/<\/a><\/span> \n            <\/div>  \n              \n              \t\n\n      \n       \n            <div class=\"ue-google-map__info-window-description\"><p class=\"PDq2pG_selectionAnchorContainer\" data-start=\"1809\" data-end=\"2124\">The Ukrainian Community in the Republic of Croatia is a community organisation that supports the social, cultural and civic integration of Ukrainians living in Croatia. Through cultural activities, language promotion and community initiatives, it strengthens dialogue between displaced persons and host communities.<\/p><p data-start=\"2126\" data-end=\"2450\">The organisation targets displaced persons from Ukraine, migrants, families, cultural actors and local citizens. It contributes to <strong data-start=\"2257\" data-end=\"2278\">cultural dialogue<\/strong>, <strong data-start=\"2280\" data-end=\"2316\">integration of displaced persons<\/strong>, <strong data-start=\"2318\" data-end=\"2342\">community resilience<\/strong> and <strong data-start=\"2347\" data-end=\"2380\">intergenerational cooperation<\/strong> by promoting intercultural understanding and community participation.<\/p><\/div>\n        \t\n     \n                  \n           \t<div class=\"ue-map-learn-btn\">\n                      <a class=\"uc_more_btn\" href=\"https:\/\/www.ukrajinci.hr\/\"  target='_blank'>Read More<\/a>\n              \t<\/div>\n            \n    <\/div>\n<\/div>\n<div class=\"ue-google-map__info-window\">\n        \n        <div class=\"ue-google-map__info-window-title\">Youth Peace Group Danube (YPGD)<\/div>\n        \n    <div class=\"ue-google-map__info-window-content\">\n      \n         \n            <div class=\"ue-google-map__info-wrapper\"> \n            <span class=\"ue-google-map__info-icon\"><i class='fas fa-map-marker-alt'><\/i><\/span>   \n            <span class=\"ue-google-map__info\">Vukovar, Croatia<\/span> \n            <\/div>  \n        \t\n      \n                      \n       \n            <div class=\"ue-google-map__info-wrapper\"> \n              <span class=\"ue-google-map__info-icon\"><i class='fas fa-globe'><\/i><\/span>   \n              <span class=\"ue-google-map__info\" ><a href=\"https:\/\/www.ypgd.org\/\"  target='_blank'>www.ypgd.org\/<\/a><\/span> \n            <\/div>  \n              \n              \t\n\n      \n       \n            <div class=\"ue-google-map__info-window-description\"><p class=\"PDq2pG_selectionAnchorContainer\" data-start=\"2614\" data-end=\"2939\">Youth Peace Group Danube is a civil society organisation based in Vukovar that promotes peacebuilding, youth work and intercultural dialogue in a post-conflict environment. Through educational programmes, community initiatives and cross-border cooperation, it strengthens peaceful coexistence, trust and active participation.<\/p><p data-start=\"2941\" data-end=\"3286\">The organisation targets young people, educators, youth workers, ethnic minorities, community members and intergenerational groups. It contributes to <strong data-start=\"3091\" data-end=\"3110\">peace education<\/strong>, <strong data-start=\"3112\" data-end=\"3133\">cultural dialogue<\/strong>, <strong data-start=\"3135\" data-end=\"3159\">community resilience<\/strong>, <strong data-start=\"3161\" data-end=\"3194\">intergenerational cooperation<\/strong> and <strong data-start=\"3199\" data-end=\"3220\">historical memory<\/strong> by supporting reconciliation and inclusive community development.<\/p><\/div>\n        \t\n     \n                  \n           \t<div class=\"ue-map-learn-btn\">\n                      <a class=\"uc_more_btn\" href=\"https:\/\/www.ypgd.org\/\"  target='_blank'>Read More<\/a>\n              \t<\/div>\n            \n    <\/div>\n<\/div>\n\n    <\/div>\n    <div class=\"ue-google-map__error-overlay\">\n      <div class=\"ue-google-map__error-overlay-content\">\n        <span class=\"ue-google-map__error-overlay-close-btn\">\u00d7<\/span>\n        <div class=\"ue-google-map__error-overlay-title\">Geocoding Error Occured.<\/div>\n        <p>Tried to Geocode: <span class=\"ue-google-map__error-overlay-geocoded-value\"><\/span><\/p>\n        <p>Error Type: <span class=\"ue-google-map__error-overlay-status\"><\/span><\/p>\n        <p>Please be sure to follow the tutorial on how to setup the Google APIs required for the Advanced Google Map Widget.<\/p>\n        <a href=\"https:\/\/unlimited-elements.com\/docs\/google-map-api-key\/\">Google Map API Key Tutorial <\/a>\n      <\/div>\n    <\/div>\n  <\/div>\n\n<!-- end Unlimited Google Maps -->\t\t\t\t<\/div>\n\t\t\t\t<\/div>\n\t\t\t\t<\/div>\n\t\t<div class=\"elementor-element elementor-element-e7d87d3 e-flex e-con-boxed e-con e-parent\" data-id=\"e7d87d3\" data-element_type=\"container\" data-e-type=\"container\">\n\t\t\t\t\t<div class=\"e-con-inner\">\n\t\t<div class=\"elementor-element elementor-element-048478c e-con-full e-flex elementor-invisible e-con e-child\" data-id=\"048478c\" data-element_type=\"container\" data-e-type=\"container\" data-settings=\"{&quot;animation&quot;:&quot;slideInLeft&quot;}\">\n\t\t\t\t<div class=\"elementor-element elementor-element-945eb9e elementor-widget__width-initial elementor-widget-tablet__width-inherit elementor-widget elementor-widget-heading\" data-id=\"945eb9e\" data-element_type=\"widget\" data-e-type=\"widget\" data-widget_type=\"heading.default\">\n\t\t\t\t\t<h2 class=\"elementor-heading-title elementor-size-default\">Animated Explainer Videos<\/h2>\t\t\t\t<\/div>\n\t\t\t\t<\/div>\n\t\t<div class=\"elementor-element elementor-element-37571db e-con-full e-flex elementor-invisible e-con e-child\" data-id=\"37571db\" data-element_type=\"container\" data-e-type=\"container\" data-settings=\"{&quot;animation&quot;:&quot;slideInRight&quot;}\">\n\t\t\t\t<div class=\"elementor-element elementor-element-9ab69e8 elementor-align-right elementor-mobile-align-justify elementor-widget elementor-widget-button\" data-id=\"9ab69e8\" data-element_type=\"widget\" data-e-type=\"widget\" data-widget_type=\"button.default\">\n\t\t\t\t\t\t\t\t\t\t<a class=\"elementor-button elementor-button-link elementor-size-sm\" href=\"https:\/\/danube-peace.eu\/open-educational-resources\/?e-filter-bf282fa-category=videos\">\n\t\t\t\t\t\t<span class=\"elementor-button-content-wrapper\">\n\t\t\t\t\t\t\t\t\t<span class=\"elementor-button-text\">Open full video gallery<\/span>\n\t\t\t\t\t<\/span>\n\t\t\t\t\t<\/a>\n\t\t\t\t\t\t\t\t<\/div>\n\t\t\t\t<\/div>\n\t\t\t\t\t<\/div>\n\t\t\t\t<\/div>\n\t\t<div class=\"elementor-element elementor-element-8585076 e-flex e-con-boxed elementor-invisible e-con e-parent\" data-id=\"8585076\" data-element_type=\"container\" data-e-type=\"container\" data-settings=\"{&quot;animation&quot;:&quot;slideInUp&quot;}\">\n\t\t\t\t\t<div class=\"e-con-inner\">\n\t\t\t\t<div class=\"elementor-element elementor-element-09caafe bdt-show-arrows-always-yes elementor-widget__width-initial elementor-widget elementor-widget-bdt-video-gallery\" data-id=\"09caafe\" data-element_type=\"widget\" data-e-type=\"widget\" data-widget_type=\"bdt-video-gallery.default\">\n\t\t\t\t\t\t\t\t\t<div class=\"bdt-video-gallery rvs-container rvs-flat-circle-play rvs-continuous-play rvs-hide-credits\">\n\t\t\t\t\t<div class=\"rvs-item-container\">\n\t\t\t\t\t\t<div class=\"rvs-item-stage\">\n\t\t\t\t\t\t\t\t\t\t<!-- items go here -->\n\t\t\t<div class=\"rvs-item\" style=\"background-image: url(https:\/\/danube-peace.eu\/wp-content\/uploads\/2026\/07\/Danube-Region-as-Learning-Context-scaled.webp)\">\n\n\t\t\t\t\n\t\t\t\t<a href=\"https:\/\/www.youtube.com\/watch?v=A7yQ-e2i_G0\" class=\"rvs-play-video\"><\/a>\n\t\t\t<\/div>\n\n\t\t\n\n\t\t<\/div>\n\t\t<\/div>\n\n\t\t\t\t\t<div class=\"rvs-nav-container\">\n\t\t\t\t<a class=\"rvs-nav-prev\"><\/a>\n\t\t\t\t<div class=\"rvs-nav-stage\">\n\n\t\t\t\t\t\t\t\t\t\t\t<!-- nav items go here -->\n\t\t\t\t\t\t<a class=\"rvs-nav-item\">\n\n\t\t\t\t\t\t\t\t\t\t\t\t\t\t\t<span class=\"rvs-nav-item-thumb\"\n\t\t\t\t\t\t\t\t\tstyle=\"background-image: url(https:\/\/danube-peace.eu\/wp-content\/uploads\/2026\/07\/Danube-Region-as-Learning-Context-scaled.webp)\"><\/span>\n\t\t\t\t\t\t\t\n\t\t\t\t\t\t\t\n\t\t\t\t\t\t\t\t\t\t\t\t\t<\/a>\n\n\t\t\t\t\t\n\t\t\t\t\t\t\t\t\t\t<\/div>\n\t\t\t\t\t\t<a class=\"rvs-nav-next\"><\/a>\n\t\t\t\t\t<\/div>\n\t\t\t\t<\/div>\n\t\t\t\t\t\t\t\t<\/div>\n\t\t\t\t\t<\/div>\n\t\t\t\t<\/div>\n\t\t<div class=\"elementor-element elementor-element-c245795 e-flex e-con-boxed e-con e-parent\" data-id=\"c245795\" data-element_type=\"container\" data-e-type=\"container\" data-settings=\"{&quot;background_background&quot;:&quot;classic&quot;}\">\n\t\t\t\t\t<div class=\"e-con-inner\">\n\t\t\t\t<div class=\"elementor-element elementor-element-9fbf8ef elementor-invisible elementor-widget elementor-widget-image\" data-id=\"9fbf8ef\" data-element_type=\"widget\" data-e-type=\"widget\" data-settings=\"{&quot;_animation&quot;:&quot;slideInDown&quot;}\" data-widget_type=\"image.default\">\n\t\t\t\t\t\t\t\t\t\t\t\t\t\t\t<img fetchpriority=\"high\" decoding=\"async\" width=\"1005\" height=\"373\" src=\"https:\/\/danube-peace.eu\/wp-content\/uploads\/2026\/07\/Countrycodes.png\" class=\"attachment-full size-full wp-image-104\" alt=\"\" srcset=\"https:\/\/danube-peace.eu\/wp-content\/uploads\/2026\/07\/Countrycodes.png 1005w, https:\/\/danube-peace.eu\/wp-content\/uploads\/2026\/07\/Countrycodes-300x111.png 300w, https:\/\/danube-peace.eu\/wp-content\/uploads\/2026\/07\/Countrycodes-768x285.png 768w\" sizes=\"(max-width: 1005px) 100vw, 1005px\" \/>\t\t\t\t\t\t\t\t\t\t\t\t\t\t\t<\/div>\n\t\t\t\t<div class=\"elementor-element elementor-element-7243734 elementor-widget__width-initial elementor-invisible elementor-widget elementor-widget-heading\" data-id=\"7243734\" data-element_type=\"widget\" data-e-type=\"widget\" data-settings=\"{&quot;_animation&quot;:&quot;slideInUp&quot;}\" data-widget_type=\"heading.default\">\n\t\t\t\t\t<h2 class=\"elementor-heading-title elementor-size-default\">One Network. Five Countries. Shared Action for Peace.<\/h2>\t\t\t\t<\/div>\n\t\t\t\t<div class=\"elementor-element elementor-element-473aa9a elementor-widget__width-initial elementor-invisible elementor-widget elementor-widget-text-editor\" data-id=\"473aa9a\" data-element_type=\"widget\" data-e-type=\"widget\" data-settings=\"{&quot;_animation&quot;:&quot;slideInUp&quot;}\" data-widget_type=\"text-editor.default\">\n\t\t\t\t\t\t\t\t\t<p>The DANUBE PEACE Network connects adult educators, cultural actors, organisations and local communities across Germany, Czech Republic, Ukraine, Bosnia and Herzegovina, and Croatia.<\/p><p>\u2028<br \/>Through local networks, facilitators and shared action plans, members exchange knowledge, develop community-based initiatives and support the long-term sustainability of peace education across the Danube region.<\/p>\t\t\t\t\t\t\t\t<\/div>\n\t\t<div class=\"elementor-element elementor-element-c9cbfb7 e-con-full e-flex e-con e-child\" data-id=\"c9cbfb7\" data-element_type=\"container\" data-e-type=\"container\">\n\t\t\t\t<div class=\"elementor-element elementor-element-52417f7 elementor-mobile-align-justify elementor-widget elementor-widget-button\" data-id=\"52417f7\" data-element_type=\"widget\" data-e-type=\"widget\" data-widget_type=\"button.default\">\n\t\t\t\t\t\t\t\t\t\t<a class=\"elementor-button elementor-button-link elementor-size-sm\" href=\"https:\/\/danube-peace.eu\/danube-peace-network\/#join\">\n\t\t\t\t\t\t<span class=\"elementor-button-content-wrapper\">\n\t\t\t\t\t\t\t\t\t<span class=\"elementor-button-text\">Join the Network<\/span>\n\t\t\t\t\t<\/span>\n\t\t\t\t\t<\/a>\n\t\t\t\t\t\t\t\t<\/div>\n\t\t\t\t<div class=\"elementor-element elementor-element-ce6dd84 elementor-mobile-align-justify elementor-widget elementor-widget-button\" data-id=\"ce6dd84\" data-element_type=\"widget\" data-e-type=\"widget\" data-widget_type=\"button.default\">\n\t\t\t\t\t\t\t\t\t\t<a class=\"elementor-button elementor-button-link elementor-size-sm\" href=\"https:\/\/danube-peace.eu\/danube-peace-network\/\">\n\t\t\t\t\t\t<span class=\"elementor-button-content-wrapper\">\n\t\t\t\t\t\t\t\t\t<span class=\"elementor-button-text\">Explore the Network<\/span>\n\t\t\t\t\t<\/span>\n\t\t\t\t\t<\/a>\n\t\t\t\t\t\t\t\t<\/div>\n\t\t\t\t<\/div>\n\t\t\t\t\t<\/div>\n\t\t\t\t<\/div>\n\t\t<div class=\"elementor-element elementor-element-b09bc42 e-flex e-con-boxed e-con e-parent\" data-id=\"b09bc42\" data-element_type=\"container\" data-e-type=\"container\">\n\t\t\t\t\t<div class=\"e-con-inner\">\n\t\t<div class=\"elementor-element elementor-element-fb993a1 e-con-full e-flex e-con e-child\" data-id=\"fb993a1\" data-element_type=\"container\" data-e-type=\"container\">\n\t\t\t\t<div class=\"elementor-element elementor-element-401baf6 elementor-widget__width-initial elementor-invisible elementor-widget elementor-widget-heading\" data-id=\"401baf6\" data-element_type=\"widget\" data-e-type=\"widget\" data-settings=\"{&quot;_animation&quot;:&quot;slideInUp&quot;}\" data-widget_type=\"heading.default\">\n\t\t\t\t\t<h2 class=\"elementor-heading-title elementor-size-default\">Partners of the project<\/h2>\t\t\t\t<\/div>\n\t\t\t\t<div class=\"elementor-element elementor-element-1ca1ec2 bdt-navigation-type-arrows elementor-invisible elementor-widget elementor-widget-bdt-logo-carousel\" data-id=\"1ca1ec2\" data-element_type=\"widget\" data-e-type=\"widget\" data-settings=\"{&quot;_animation&quot;:&quot;slideInUp&quot;}\" data-widget_type=\"bdt-logo-carousel.default\">\n\t\t\t\t\t\t\t<div class=\"bdt-arrows-align-center\" data-bdt-slider=\"{&quot;autoplay&quot;:true,&quot;autoplay-interval&quot;:7000,&quot;pause-on-hover&quot;:true}\">\n\t\t\t<div id=\"bdt-logo-carousel-1ca1ec2\" class=\"bdt-logo-carousel-wrapper bdt-grid bdt-grid-small bdt-slider-items bdt-child-width-1-1 bdt-child-width-1-3@s bdt-child-width-1-4@m\" data-bdt-grid=\"\">\n\t\t\t\t\t\t\t<div class=\"bdt-logo-carousel-item\">\n\t\t\t\t<figure class=\"bdt-logo-carousel-figure\">\n\t\t\t\t\t<img decoding=\"async\" width=\"2322\" height=\"747\" src=\"https:\/\/danube-peace.eu\/wp-content\/uploads\/2026\/07\/logo-png-proziran.png\" class=\"bdt-logo-carousel-img elementor-animation-\" alt=\"Brand Name : Brand Short Description Type Here.\" srcset=\"https:\/\/danube-peace.eu\/wp-content\/uploads\/2026\/07\/logo-png-proziran.png 2322w, https:\/\/danube-peace.eu\/wp-content\/uploads\/2026\/07\/logo-png-proziran-300x97.png 300w, https:\/\/danube-peace.eu\/wp-content\/uploads\/2026\/07\/logo-png-proziran-1024x329.png 1024w, https:\/\/danube-peace.eu\/wp-content\/uploads\/2026\/07\/logo-png-proziran-768x247.png 768w, https:\/\/danube-peace.eu\/wp-content\/uploads\/2026\/07\/logo-png-proziran-1536x494.png 1536w, https:\/\/danube-peace.eu\/wp-content\/uploads\/2026\/07\/logo-png-proziran-2048x659.png 2048w, https:\/\/danube-peace.eu\/wp-content\/uploads\/2026\/07\/logo-png-proziran-1568x504.png 1568w\" sizes=\"(max-width: 2322px) 100vw, 2322px\" \/>\t\t\t\t<\/figure>\n\n\t\t\t\t\t\t\t\t\t<a class=\"bdt-logo-carousel-link\" href=\"https:\/\/pannonia-consulting.hr\/\" target=\"_blank\"><\/a>\n\t\t\t\t\t\t\t<\/div>\n\t\t\t\t\t<div class=\"bdt-logo-carousel-item\">\n\t\t\t\t<figure class=\"bdt-logo-carousel-figure bdt-logo-carousel-figure\">\n\t\t\t\t\t<img decoding=\"async\" width=\"485\" height=\"195\" src=\"https:\/\/danube-peace.eu\/wp-content\/uploads\/2026\/07\/2-e1784469515151.png\" class=\"bdt-logo-carousel-img elementor-animation-\" alt=\"Brand Name : Brand Short Description Type Here.\" srcset=\"https:\/\/danube-peace.eu\/wp-content\/uploads\/2026\/07\/2-e1784469515151.png 485w, https:\/\/danube-peace.eu\/wp-content\/uploads\/2026\/07\/2-e1784469515151-300x121.png 300w\" sizes=\"(max-width: 485px) 100vw, 485px\" \/>\t\t\t\t<\/figure>\n\n\t\t\t\t\t\t\t\t\t<a class=\"bdt-logo-carousel-link\" href=\"https:\/\/www.brusinkabrno.cz\/\" target=\"_blank\"><\/a>\n\t\t\t\t\t\t\t<\/div>\n\t\t\t\t\t<div class=\"bdt-logo-carousel-item\">\n\t\t\t\t<figure class=\"bdt-logo-carousel-figure bdt-logo-carousel-figure bdt-logo-carousel-figure\">\n\t\t\t\t\t<img loading=\"lazy\" decoding=\"async\" width=\"1014\" height=\"500\" src=\"https:\/\/danube-peace.eu\/wp-content\/uploads\/2026\/07\/Dizajn-bez-naslova.png\" class=\"bdt-logo-carousel-img elementor-animation-\" alt=\"Brand Name : Brand Short Description Type Here.\" srcset=\"https:\/\/danube-peace.eu\/wp-content\/uploads\/2026\/07\/Dizajn-bez-naslova.png 1014w, https:\/\/danube-peace.eu\/wp-content\/uploads\/2026\/07\/Dizajn-bez-naslova-300x148.png 300w, https:\/\/danube-peace.eu\/wp-content\/uploads\/2026\/07\/Dizajn-bez-naslova-768x379.png 768w\" sizes=\"(max-width: 1014px) 100vw, 1014px\" \/>\t\t\t\t<\/figure>\n\n\t\t\t\t\t\t\t\t\t<a class=\"bdt-logo-carousel-link\" href=\"https:\/\/outsidemedia.eu\/\" target=\"_blank\"><\/a>\n\t\t\t\t\t\t\t<\/div>\n\t\t\t\t\t<div class=\"bdt-logo-carousel-item\">\n\t\t\t\t<figure class=\"bdt-logo-carousel-figure bdt-logo-carousel-figure bdt-logo-carousel-figure bdt-logo-carousel-figure\">\n\t\t\t\t\t<img loading=\"lazy\" decoding=\"async\" width=\"860\" height=\"393\" src=\"https:\/\/danube-peace.eu\/wp-content\/uploads\/2026\/07\/logo-04-e1784469645279.png\" class=\"bdt-logo-carousel-img elementor-animation-\" alt=\"Brand Name : Brand Short Description Type Here.\" srcset=\"https:\/\/danube-peace.eu\/wp-content\/uploads\/2026\/07\/logo-04-e1784469645279.png 860w, https:\/\/danube-peace.eu\/wp-content\/uploads\/2026\/07\/logo-04-e1784469645279-300x137.png 300w, https:\/\/danube-peace.eu\/wp-content\/uploads\/2026\/07\/logo-04-e1784469645279-768x351.png 768w\" sizes=\"(max-width: 860px) 100vw, 860px\" \/>\t\t\t\t<\/figure>\n\n\t\t\t\t\t\t\t\t\t<a class=\"bdt-logo-carousel-link\" href=\"https:\/\/diiukraine.org\/\" target=\"_blank\"><\/a>\n\t\t\t\t\t\t\t<\/div>\n\t\t\t\t\t<div class=\"bdt-logo-carousel-item\">\n\t\t\t\t<figure class=\"bdt-logo-carousel-figure bdt-logo-carousel-figure bdt-logo-carousel-figure bdt-logo-carousel-figure bdt-logo-carousel-figure\">\n\t\t\t\t\t<img loading=\"lazy\" decoding=\"async\" width=\"975\" height=\"376\" src=\"https:\/\/danube-peace.eu\/wp-content\/uploads\/2026\/07\/Logo-horizontal.png\" class=\"bdt-logo-carousel-img elementor-animation-\" alt=\"Brand Name : Brand Short Description Type Here.\" srcset=\"https:\/\/danube-peace.eu\/wp-content\/uploads\/2026\/07\/Logo-horizontal.png 975w, https:\/\/danube-peace.eu\/wp-content\/uploads\/2026\/07\/Logo-horizontal-300x116.png 300w, https:\/\/danube-peace.eu\/wp-content\/uploads\/2026\/07\/Logo-horizontal-768x296.png 768w\" sizes=\"(max-width: 975px) 100vw, 975px\" \/>\t\t\t\t<\/figure>\n\n\t\t\t\t\t\t\t\t\t<a class=\"bdt-logo-carousel-link\" href=\"https:\/\/yp-de.org\/\" target=\"_blank\"><\/a>\n\t\t\t\t\t\t\t<\/div>\n\t\t\t\t\t<div class=\"bdt-logo-carousel-item\">\n\t\t\t\t<figure class=\"bdt-logo-carousel-figure bdt-logo-carousel-figure bdt-logo-carousel-figure bdt-logo-carousel-figure bdt-logo-carousel-figure bdt-logo-carousel-figure\">\n\t\t\t\t\t<img loading=\"lazy\" decoding=\"async\" width=\"2560\" height=\"2175\" src=\"https:\/\/danube-peace.eu\/wp-content\/uploads\/2026\/07\/Spin-logo-scaled.png\" class=\"bdt-logo-carousel-img elementor-animation-\" alt=\"Brand Name : Brand Short Description Type Here.\" srcset=\"https:\/\/danube-peace.eu\/wp-content\/uploads\/2026\/07\/Spin-logo-scaled.png 2560w, https:\/\/danube-peace.eu\/wp-content\/uploads\/2026\/07\/Spin-logo-300x255.png 300w, https:\/\/danube-peace.eu\/wp-content\/uploads\/2026\/07\/Spin-logo-1024x870.png 1024w, https:\/\/danube-peace.eu\/wp-content\/uploads\/2026\/07\/Spin-logo-768x652.png 768w, https:\/\/danube-peace.eu\/wp-content\/uploads\/2026\/07\/Spin-logo-1536x1305.png 1536w, https:\/\/danube-peace.eu\/wp-content\/uploads\/2026\/07\/Spin-logo-2048x1740.png 2048w, https:\/\/danube-peace.eu\/wp-content\/uploads\/2026\/07\/Spin-logo-1568x1332.png 1568w\" sizes=\"(max-width: 2560px) 100vw, 2560px\" \/>\t\t\t\t<\/figure>\n\n\t\t\t\t\t\t\t\t\t<a class=\"bdt-logo-carousel-link\" href=\"https:\/\/spin-okret.org\/\" target=\"_blank\"><\/a>\n\t\t\t\t\t\t\t<\/div>\n\t\t\t\t\t\t\t<\/div>\n\t\t\t\t\t\t\t\t\t<div class=\"bdt-position-z-index bdt-position-center \">\n\t\t\t<div class=\"bdt-arrows-container bdt-slidenav-container\">\n\t\t\t\t<a href=\"\" class=\"bdt-navigation-prev bdt-slidenav-previous bdt-icon bdt-slidenav\" data-bdt-slider-item=\"previous\">\n\t\t\t\t\t<i class=\"ep-icon-arrow-left-5\" aria-hidden=\"true\"><\/i>\n\t\t\t\t<\/a>\n\t\t\t\t<a href=\"\" class=\"bdt-navigation-next bdt-slidenav-next bdt-icon bdt-slidenav\" data-bdt-slider-item=\"next\">\n\t\t\t\t\t<i class=\"ep-icon-arrow-right-5\" aria-hidden=\"true\"><\/i>\n\t\t\t\t<\/a>\n\t\t\t<\/div>\n\t\t<\/div>\n\t\t\t\t\t\t\t<\/div>\n\t\t\t\t\t\t<\/div>\n\t\t\t\t<\/div>\n\t\t\t\t\t<\/div>\n\t\t\t\t<\/div>\n\t\t<div class=\"elementor-element elementor-element-bd0540b e-flex e-con-boxed e-con e-parent\" data-id=\"bd0540b\" data-element_type=\"container\" data-e-type=\"container\" id=\"contact\" data-settings=\"{&quot;background_background&quot;:&quot;video&quot;,&quot;background_video_link&quot;:&quot;https:\\\/\\\/danube-peace.eu\\\/wp-content\\\/uploads\\\/2026\\\/07\\\/0_Amsterdam_Aerial_View_1280x720.webm&quot;,&quot;background_play_on_mobile&quot;:&quot;yes&quot;}\">\n\t\t\t\t\t<div class=\"e-con-inner\">\n\t\t<div class=\"elementor-background-video-container\">\n\t\t\t\t\t\t\t<video class=\"elementor-background-video-hosted\" role=\"presentation\" autoplay muted playsinline loop><\/video>\n\t\t\t\t\t<\/div>\t\t<div class=\"elementor-element elementor-element-1158549 elementor-widget-mobile__width-initial elementor-invisible elementor-widget elementor-widget-heading\" data-id=\"1158549\" data-element_type=\"widget\" data-e-type=\"widget\" data-settings=\"{&quot;_animation&quot;:&quot;slideInDown&quot;}\" data-widget_type=\"heading.default\">\n\t\t\t\t\t<h2 class=\"elementor-heading-title elementor-size-default\">Do you have a question? Contact us<\/h2>\t\t\t\t<\/div>\n\t\t\t\t\t<\/div>\n\t\t\t\t<\/div>\n\t\t<div class=\"elementor-element elementor-element-ba1cd47 e-flex e-con-boxed e-con e-parent\" data-id=\"ba1cd47\" data-element_type=\"container\" data-e-type=\"container\">\n\t\t\t\t\t<div class=\"e-con-inner\">\n\t\t<div class=\"elementor-element elementor-element-57c32ef e-con-full e-flex e-con e-child\" data-id=\"57c32ef\" data-element_type=\"container\" data-e-type=\"container\" data-settings=\"{&quot;background_background&quot;:&quot;classic&quot;}\">\n\t\t\t\t<div class=\"elementor-element elementor-element-505ed41 elementor-button-align-center elementor-widget__width-initial elementor-invisible elementor-widget elementor-widget-form\" data-id=\"505ed41\" data-element_type=\"widget\" data-e-type=\"widget\" data-settings=\"{&quot;step_next_label&quot;:&quot;Next&quot;,&quot;step_previous_label&quot;:&quot;Previous&quot;,&quot;_animation&quot;:&quot;slideInUp&quot;,&quot;button_width&quot;:&quot;100&quot;,&quot;step_type&quot;:&quot;number_text&quot;,&quot;step_icon_shape&quot;:&quot;circle&quot;}\" data-widget_type=\"form.default\">\n\t\t\t\t\t\t\t<form class=\"elementor-form\" method=\"post\" name=\"Contact form Danube_peace\" aria-label=\"Contact form Danube_peace\">\n\t\t\t<input type=\"hidden\" name=\"post_id\" value=\"2\"\/>\n\t\t\t<input type=\"hidden\" name=\"form_id\" value=\"505ed41\"\/>\n\t\t\t<input type=\"hidden\" name=\"referer_title\" value=\"\" \/>\n\n\t\t\t\t\t\t\t<input type=\"hidden\" name=\"queried_id\" value=\"2\"\/>\n\t\t\t\n\t\t\t<div class=\"elementor-form-fields-wrapper elementor-labels-above\">\n\t\t\t\t\t\t\t\t<div class=\"elementor-field-type-text elementor-field-group elementor-column elementor-field-group-name elementor-col-50 elementor-field-required\">\n\t\t\t\t\t\t\t\t\t\t\t\t<label for=\"form-field-name\" class=\"elementor-field-label\">\n\t\t\t\t\t\t\t\tFirst Name\t\t\t\t\t\t\t<\/label>\n\t\t\t\t\t\t\t\t\t\t\t\t\t\t<input size=\"1\" type=\"text\" name=\"form_fields[name]\" id=\"form-field-name\" class=\"elementor-field elementor-size-sm  elementor-field-textual\" required=\"required\">\n\t\t\t\t\t\t\t\t\t\t\t<\/div>\n\t\t\t\t\t\t\t\t<div class=\"elementor-field-type-text elementor-field-group elementor-column elementor-field-group-field_73d9457 elementor-col-50 elementor-field-required\">\n\t\t\t\t\t\t\t\t\t\t\t\t<label for=\"form-field-field_73d9457\" class=\"elementor-field-label\">\n\t\t\t\t\t\t\t\tLast Name\t\t\t\t\t\t\t<\/label>\n\t\t\t\t\t\t\t\t\t\t\t\t\t\t<input size=\"1\" type=\"text\" name=\"form_fields[field_73d9457]\" id=\"form-field-field_73d9457\" class=\"elementor-field elementor-size-sm  elementor-field-textual\" required=\"required\">\n\t\t\t\t\t\t\t\t\t\t\t<\/div>\n\t\t\t\t\t\t\t\t<div class=\"elementor-field-type-email elementor-field-group elementor-column elementor-field-group-email elementor-col-100 elementor-field-required\">\n\t\t\t\t\t\t\t\t\t\t\t\t<label for=\"form-field-email\" class=\"elementor-field-label\">\n\t\t\t\t\t\t\t\tE-mail address\t\t\t\t\t\t\t<\/label>\n\t\t\t\t\t\t\t\t\t\t\t\t\t\t<input size=\"1\" type=\"email\" name=\"form_fields[email]\" id=\"form-field-email\" class=\"elementor-field elementor-size-sm  elementor-field-textual\" required=\"required\">\n\t\t\t\t\t\t\t\t\t\t\t<\/div>\n\t\t\t\t\t\t\t\t<div class=\"elementor-field-type-text elementor-field-group elementor-column elementor-field-group-field_902f051 elementor-col-100\">\n\t\t\t\t\t\t\t\t\t\t\t\t<label for=\"form-field-field_902f051\" class=\"elementor-field-label\">\n\t\t\t\t\t\t\t\tSubject\t\t\t\t\t\t\t<\/label>\n\t\t\t\t\t\t\t\t\t\t\t\t\t\t<input size=\"1\" type=\"text\" name=\"form_fields[field_902f051]\" id=\"form-field-field_902f051\" class=\"elementor-field elementor-size-sm  elementor-field-textual\">\n\t\t\t\t\t\t\t\t\t\t\t<\/div>\n\t\t\t\t\t\t\t\t<div class=\"elementor-field-type-textarea elementor-field-group elementor-column elementor-field-group-message elementor-col-100 elementor-field-required\">\n\t\t\t\t\t\t\t\t\t\t\t\t<label for=\"form-field-message\" class=\"elementor-field-label\">\n\t\t\t\t\t\t\t\tMessage\t\t\t\t\t\t\t<\/label>\n\t\t\t\t\t\t<textarea class=\"elementor-field-textual elementor-field  elementor-size-sm\" name=\"form_fields[message]\" id=\"form-field-message\" rows=\"4\" required=\"required\"><\/textarea>\t\t\t\t<\/div>\n\t\t\t\t\t\t\t\t<div class=\"elementor-field-group elementor-column elementor-field-type-submit elementor-col-100 e-form__buttons\">\n\t\t\t\t\t<button class=\"elementor-button elementor-size-sm\" type=\"submit\">\n\t\t\t\t\t\t<span class=\"elementor-button-content-wrapper\">\n\t\t\t\t\t\t\t\t\t\t\t\t\t\t\t\t\t\t\t\t\t\t<span class=\"elementor-button-text\">Send<\/span>\n\t\t\t\t\t\t\t\t\t\t\t\t\t<\/span>\n\t\t\t\t\t<\/button>\n\t\t\t\t<\/div>\n\t\t\t<\/div>\n\t\t<\/form>\n\t\t\t\t\t\t<\/div>\n\t\t\t\t<\/div>\n\t\t\t\t\t<\/div>\n\t\t\t\t<\/div>\n\t\t<div class=\"elementor-element elementor-element-e3a75ca e-flex e-con-boxed e-con e-parent\" data-id=\"e3a75ca\" data-element_type=\"container\" data-e-type=\"container\">\n\t\t\t\t\t<div class=\"e-con-inner\">\n\t\t\t\t<div class=\"elementor-element elementor-element-3d2e39f elementor-widget elementor-widget-image\" data-id=\"3d2e39f\" data-element_type=\"widget\" data-e-type=\"widget\" data-widget_type=\"image.default\">\n\t\t\t\t\t\t\t\t\t\t\t\t\t\t\t<img loading=\"lazy\" decoding=\"async\" width=\"498\" height=\"434\" src=\"https:\/\/danube-peace.eu\/wp-content\/uploads\/2026\/07\/circles.png\" class=\"attachment-full size-full wp-image-117\" alt=\"\" srcset=\"https:\/\/danube-peace.eu\/wp-content\/uploads\/2026\/07\/circles.png 498w, https:\/\/danube-peace.eu\/wp-content\/uploads\/2026\/07\/circles-300x261.png 300w\" sizes=\"(max-width: 498px) 100vw, 498px\" \/>\t\t\t\t\t\t\t\t\t\t\t\t\t\t\t<\/div>\n\t\t\t\t\t<\/div>\n\t\t\t\t<\/div>\n\t\t\t\t<\/div>\n\t\t","protected":false},"excerpt":{"rendered":"<p>Connecting people, cultures and generations across the Danube region. DANUBE PEACE strengthens adult educators, cultural actors and communities through inclusive and intergenerational peace education rooted in the shared heritage of the Danube region and common European values. About the Project Check out Events News &amp; Educational Articles Explore all articles skip render: ucaddon_ue_google_maps Animated Explainer<a class=\"more-link\" href=\"https:\/\/danube-peace.eu\/cz\/od-vyzkumu-k-akci-mir-na-dunaji-se-posouva-vpred\/\">Continue reading <span class=\"screen-reader-text\">&#8220;From research to action: DANUBE PEACE moves forward&#8221;<\/span><\/a><\/p>","protected":false},"author":1,"featured_media":0,"parent":0,"menu_order":0,"comment_status":"closed","ping_status":"closed","template":"elementor_header_footer","meta":{"_acf_changed":false,"footnotes":""},"class_list":["post-2","page","type-page","status-publish","hentry","entry"],"acf":[],"_links":{"self":[{"href":"https:\/\/danube-peace.eu\/cz\/wp-json\/wp\/v2\/pages\/2","targetHints":{"allow":["GET"]}}],"collection":[{"href":"https:\/\/danube-peace.eu\/cz\/wp-json\/wp\/v2\/pages"}],"about":[{"href":"https:\/\/danube-peace.eu\/cz\/wp-json\/wp\/v2\/types\/page"}],"author":[{"embeddable":true,"href":"https:\/\/danube-peace.eu\/cz\/wp-json\/wp\/v2\/users\/1"}],"replies":[{"embeddable":true,"href":"https:\/\/danube-peace.eu\/cz\/wp-json\/wp\/v2\/comments?post=2"}],"version-history":[{"count":293,"href":"https:\/\/danube-peace.eu\/cz\/wp-json\/wp\/v2\/pages\/2\/revisions"}],"predecessor-version":[{"id":936,"href":"https:\/\/danube-peace.eu\/cz\/wp-json\/wp\/v2\/pages\/2\/revisions\/936"}],"wp:attachment":[{"href":"https:\/\/danube-peace.eu\/cz\/wp-json\/wp\/v2\/media?parent=2"}],"curies":[{"name":"wp","href":"https:\/\/api.w.org\/{rel}","templated":true}]}}